{"id":6687,"date":"2025-12-05T13:32:28","date_gmt":"2025-12-05T13:32:28","guid":{"rendered":"https:\/\/gioppoeconti.com.br\/blog\/?page_id=6687"},"modified":"2026-03-16T15:13:46","modified_gmt":"2026-03-16T15:13:46","slug":"imprensa","status":"publish","type":"page","link":"https:\/\/gioppoeconti.com.br\/blog\/imprensa\/","title":{"rendered":"Institucional | GC na M\u00eddia | Gioppo &#038; Conti"},"content":{"rendered":"\t\t<div data-elementor-type=\"wp-page\" data-elementor-id=\"6687\" class=\"elementor elementor-6687\" data-elementor-post-type=\"page\">\n\t\t\t\t<div class=\"elementor-element elementor-element-167fdcb e-flex e-con-boxed e-con e-parent\" data-id=\"167fdcb\" data-element_type=\"container\" data-e-type=\"container\">\n\t\t\t\t\t<div class=\"e-con-inner\">\n\t\t\t\t<div class=\"elementor-element elementor-element-f96fd24 elementor-widget elementor-widget-heading\" data-id=\"f96fd24\" data-element_type=\"widget\" data-e-type=\"widget\" data-widget_type=\"heading.default\">\n\t\t\t\t\t<h2 class=\"elementor-heading-title elementor-size-default\">Imprensa<\/h2>\t\t\t\t<\/div>\n\t\t\t\t\t<\/div>\n\t\t\t\t<\/div>\n\t\t<div class=\"elementor-element elementor-element-a12af3d e-flex e-con-boxed e-con e-parent\" data-id=\"a12af3d\" data-element_type=\"container\" data-e-type=\"container\">\n\t\t\t\t\t<div class=\"e-con-inner\">\n\t\t\t\t<div class=\"elementor-element elementor-element-2c0d0e7 elementor-grid-3 elementor-grid-tablet-2 elementor-grid-mobile-1 elementor-posts--thumbnail-top elementor-card-shadow-yes elementor-posts__hover-gradient elementor-widget elementor-widget-posts\" data-id=\"2c0d0e7\" data-element_type=\"widget\" data-e-type=\"widget\" data-settings=\"{&quot;cards_columns&quot;:&quot;3&quot;,&quot;cards_columns_tablet&quot;:&quot;2&quot;,&quot;cards_columns_mobile&quot;:&quot;1&quot;,&quot;cards_row_gap&quot;:{&quot;unit&quot;:&quot;px&quot;,&quot;size&quot;:35,&quot;sizes&quot;:[]},&quot;cards_row_gap_tablet&quot;:{&quot;unit&quot;:&quot;px&quot;,&quot;size&quot;:&quot;&quot;,&quot;sizes&quot;:[]},&quot;cards_row_gap_mobile&quot;:{&quot;unit&quot;:&quot;px&quot;,&quot;size&quot;:&quot;&quot;,&quot;sizes&quot;:[]}}\" data-widget_type=\"posts.cards\">\n\t\t\t\t<div class=\"elementor-widget-container\">\n\t\t\t\t\t\t\t<div class=\"elementor-posts-container elementor-posts elementor-posts--skin-cards elementor-grid\" role=\"list\">\n\t\t\t\t<article class=\"elementor-post elementor-grid-item post-6885 post type-post status-publish format-standard has-post-thumbnail hentry category-cidadania-italiana category-imprensa tag-cidadania-italiana tag-debate tag-suprema-corte\" role=\"listitem\">\n\t\t\t<div class=\"elementor-post__card\">\n\t\t\t\t<a class=\"elementor-post__thumbnail__link\" href=\"https:\/\/gioppoeconti.com.br\/blog\/cidadania-italiana-debate-suprema-corte\/\" tabindex=\"-1\" ><div class=\"elementor-post__thumbnail\"><img fetchpriority=\"high\" decoding=\"async\" width=\"300\" height=\"200\" src=\"https:\/\/gioppoeconti.com.br\/blog\/wp-content\/uploads\/2026\/04\/tumisu-job-4131482-300x200.jpg\" class=\"attachment-medium size-medium wp-image-6886\" alt=\"\" srcset=\"https:\/\/gioppoeconti.com.br\/blog\/wp-content\/uploads\/2026\/04\/tumisu-job-4131482-300x200.jpg 300w, https:\/\/gioppoeconti.com.br\/blog\/wp-content\/uploads\/2026\/04\/tumisu-job-4131482-1024x683.jpg 1024w, https:\/\/gioppoeconti.com.br\/blog\/wp-content\/uploads\/2026\/04\/tumisu-job-4131482-768x512.jpg 768w, https:\/\/gioppoeconti.com.br\/blog\/wp-content\/uploads\/2026\/04\/tumisu-job-4131482-1536x1024.jpg 1536w, https:\/\/gioppoeconti.com.br\/blog\/wp-content\/uploads\/2026\/04\/tumisu-job-4131482-2048x1365.jpg 2048w, https:\/\/gioppoeconti.com.br\/blog\/wp-content\/uploads\/2026\/04\/tumisu-job-4131482-930x620.jpg 930w\" sizes=\"(max-width: 300px) 100vw, 300px\" \/><\/div><\/a>\n\t\t\t\t<div class=\"elementor-post__badge\">Cidadania Italiana<\/div>\n\t\t\t\t<div class=\"elementor-post__text\">\n\t\t\t\t<h3 class=\"elementor-post__title\">\n\t\t\t<a href=\"https:\/\/gioppoeconti.com.br\/blog\/cidadania-italiana-debate-suprema-corte\/\" >\n\t\t\t\tCidadania italiana em debate na Suprema Corte da It\u00e1lia\t\t\t<\/a>\n\t\t<\/h3>\n\t\t\t\t<div class=\"elementor-post__excerpt\">\n\t\t\t<p>Band News &#8211; 14\/04\/2026 Dr. F\u00e1bio Gioppo concede entrevista \u00e0 Band sobre o novo julgamento realizado pela Suprema Corte da It\u00e1lia, que volta a colocar<\/p>\n\t\t<\/div>\n\t\t\n\t\t<a class=\"elementor-post__read-more\" href=\"https:\/\/gioppoeconti.com.br\/blog\/cidadania-italiana-debate-suprema-corte\/\" aria-label=\"Read more about Cidadania italiana em debate na Suprema Corte da It\u00e1lia\" tabindex=\"-1\" >\n\t\t\tSaiba mais\t\t<\/a>\n\n\t\t\t\t<\/div>\n\t\t\t\t\t<\/div>\n\t\t<\/article>\n\t\t\t\t<article class=\"elementor-post elementor-grid-item post-6869 post type-post status-publish format-standard has-post-thumbnail hentry category-cidadania-italiana category-imprensa tag-baixada-em-pauta tag-cidadania-europeia tag-cidadania-italiana tag-fabio-gioppo tag-podcast\" role=\"listitem\">\n\t\t\t<div class=\"elementor-post__card\">\n\t\t\t\t<a class=\"elementor-post__thumbnail__link\" href=\"https:\/\/gioppoeconti.com.br\/blog\/cidadania-italiana-podcast-baixada\/\" tabindex=\"-1\" ><div class=\"elementor-post__thumbnail\"><img decoding=\"async\" width=\"300\" height=\"256\" src=\"https:\/\/gioppoeconti.com.br\/blog\/wp-content\/uploads\/2026\/03\/sarahpassos-passport-2510290-1-300x256.jpg\" class=\"attachment-medium size-medium wp-image-6870\" alt=\"\" srcset=\"https:\/\/gioppoeconti.com.br\/blog\/wp-content\/uploads\/2026\/03\/sarahpassos-passport-2510290-1-300x256.jpg 300w, https:\/\/gioppoeconti.com.br\/blog\/wp-content\/uploads\/2026\/03\/sarahpassos-passport-2510290-1-1024x874.jpg 1024w, https:\/\/gioppoeconti.com.br\/blog\/wp-content\/uploads\/2026\/03\/sarahpassos-passport-2510290-1-768x655.jpg 768w, https:\/\/gioppoeconti.com.br\/blog\/wp-content\/uploads\/2026\/03\/sarahpassos-passport-2510290-1-1536x1310.jpg 1536w, https:\/\/gioppoeconti.com.br\/blog\/wp-content\/uploads\/2026\/03\/sarahpassos-passport-2510290-1-2048x1747.jpg 2048w\" sizes=\"(max-width: 300px) 100vw, 300px\" \/><\/div><\/a>\n\t\t\t\t<div class=\"elementor-post__badge\">Cidadania Italiana<\/div>\n\t\t\t\t<div class=\"elementor-post__text\">\n\t\t\t\t<h3 class=\"elementor-post__title\">\n\t\t\t<a href=\"https:\/\/gioppoeconti.com.br\/blog\/cidadania-italiana-podcast-baixada\/\" >\n\t\t\t\tBaixada em Pauta: F\u00e1bio Gioppo \u00e9 o convidado da semana\t\t\t<\/a>\n\t\t<\/h3>\n\t\t\t\t<div class=\"elementor-post__excerpt\">\n\t\t\t<p>G1 &#8211; 27\/03\/2026 No epis\u00f3dio, o advogado especialista em direito internacional e imigra\u00e7\u00e3o fala sobre o aumento da procura pela cidadania europeia, esclarece as regras<\/p>\n\t\t<\/div>\n\t\t\n\t\t<a class=\"elementor-post__read-more\" href=\"https:\/\/gioppoeconti.com.br\/blog\/cidadania-italiana-podcast-baixada\/\" aria-label=\"Read more about Baixada em Pauta: F\u00e1bio Gioppo \u00e9 o convidado da semana\" tabindex=\"-1\" >\n\t\t\tSaiba mais\t\t<\/a>\n\n\t\t\t\t<\/div>\n\t\t\t\t\t<\/div>\n\t\t<\/article>\n\t\t\t\t<article class=\"elementor-post elementor-grid-item post-6837 post type-post status-publish format-standard has-post-thumbnail hentry category-cidadania-italiana category-imprensa\" role=\"listitem\">\n\t\t\t<div class=\"elementor-post__card\">\n\t\t\t\t<a class=\"elementor-post__thumbnail__link\" href=\"https:\/\/gioppoeconti.com.br\/blog\/cnn-corte-restricao-cidadania-italiana\/\" tabindex=\"-1\" ><div class=\"elementor-post__thumbnail\"><img decoding=\"async\" width=\"300\" height=\"300\" src=\"https:\/\/gioppoeconti.com.br\/blog\/wp-content\/uploads\/2025\/12\/signature-8803705_1280-300x300.png\" class=\"attachment-medium size-medium wp-image-6586\" alt=\"\" srcset=\"https:\/\/gioppoeconti.com.br\/blog\/wp-content\/uploads\/2025\/12\/signature-8803705_1280-300x300.png 300w, https:\/\/gioppoeconti.com.br\/blog\/wp-content\/uploads\/2025\/12\/signature-8803705_1280-1024x1024.png 1024w, https:\/\/gioppoeconti.com.br\/blog\/wp-content\/uploads\/2025\/12\/signature-8803705_1280-150x150.png 150w, https:\/\/gioppoeconti.com.br\/blog\/wp-content\/uploads\/2025\/12\/signature-8803705_1280-768x768.png 768w, https:\/\/gioppoeconti.com.br\/blog\/wp-content\/uploads\/2025\/12\/signature-8803705_1280.png 1280w\" sizes=\"(max-width: 300px) 100vw, 300px\" \/><\/div><\/a>\n\t\t\t\t<div class=\"elementor-post__badge\">Cidadania Italiana<\/div>\n\t\t\t\t<div class=\"elementor-post__text\">\n\t\t\t\t<h3 class=\"elementor-post__title\">\n\t\t\t<a href=\"https:\/\/gioppoeconti.com.br\/blog\/cnn-corte-restricao-cidadania-italiana\/\" >\n\t\t\t\tCorte da It\u00e1lia rejeita recurso e mant\u00e9m restri\u00e7\u00f5es \u00e0 cidadania italiana\t\t\t<\/a>\n\t\t<\/h3>\n\t\t\t\t<div class=\"elementor-post__excerpt\">\n\t\t\t<p>CNN12\/03\/2026 O advogado\u00a0F\u00e1bio Gioppo\u00a0ressaltou que outros casos sobre a lei que\u00a0restringiu a cidadania italiana ainda ser\u00e3o julgados,\u00a0inclusive pela pr\u00f3pria Corte Constitucional. Segundo o especialista, a<\/p>\n\t\t<\/div>\n\t\t\n\t\t<a class=\"elementor-post__read-more\" href=\"https:\/\/gioppoeconti.com.br\/blog\/cnn-corte-restricao-cidadania-italiana\/\" aria-label=\"Read more about Corte da It\u00e1lia rejeita recurso e mant\u00e9m restri\u00e7\u00f5es \u00e0 cidadania italiana\" tabindex=\"-1\" >\n\t\t\tSaiba mais\t\t<\/a>\n\n\t\t\t\t<\/div>\n\t\t\t\t\t<\/div>\n\t\t<\/article>\n\t\t\t\t<article class=\"elementor-post elementor-grid-item post-6821 post type-post status-publish format-standard has-post-thumbnail hentry category-cidadania-italiana category-imprensa tag-cidadania-europeia tag-cidadania-italiana tag-corte-constitucional tag-lei\" role=\"listitem\">\n\t\t\t<div class=\"elementor-post__card\">\n\t\t\t\t<a class=\"elementor-post__thumbnail__link\" href=\"https:\/\/gioppoeconti.com.br\/blog\/entrevista-cbn-cidadania-italaliana-corte-processo\/\" tabindex=\"-1\" ><div class=\"elementor-post__thumbnail\"><img loading=\"lazy\" decoding=\"async\" width=\"300\" height=\"200\" src=\"https:\/\/gioppoeconti.com.br\/blog\/wp-content\/uploads\/2026\/03\/advogadoaguilar-man-5806012_1280-1-300x200.jpg\" class=\"attachment-medium size-medium wp-image-6823\" alt=\"\" srcset=\"https:\/\/gioppoeconti.com.br\/blog\/wp-content\/uploads\/2026\/03\/advogadoaguilar-man-5806012_1280-1-300x200.jpg 300w, https:\/\/gioppoeconti.com.br\/blog\/wp-content\/uploads\/2026\/03\/advogadoaguilar-man-5806012_1280-1-1024x682.jpg 1024w, https:\/\/gioppoeconti.com.br\/blog\/wp-content\/uploads\/2026\/03\/advogadoaguilar-man-5806012_1280-1-768x512.jpg 768w, https:\/\/gioppoeconti.com.br\/blog\/wp-content\/uploads\/2026\/03\/advogadoaguilar-man-5806012_1280-1-930x620.jpg 930w, https:\/\/gioppoeconti.com.br\/blog\/wp-content\/uploads\/2026\/03\/advogadoaguilar-man-5806012_1280-1.jpg 1280w\" sizes=\"(max-width: 300px) 100vw, 300px\" \/><\/div><\/a>\n\t\t\t\t<div class=\"elementor-post__badge\">Cidadania Italiana<\/div>\n\t\t\t\t<div class=\"elementor-post__text\">\n\t\t\t\t<h3 class=\"elementor-post__title\">\n\t\t\t<a href=\"https:\/\/gioppoeconti.com.br\/blog\/entrevista-cbn-cidadania-italaliana-corte-processo\/\" >\n\t\t\t\tCidadania italiana: \u00e9 preciso aguardar novas etapas do julgamento da Corte ap\u00f3s rejei\u00e7\u00e3o de recurso, diz especialista\t\t\t<\/a>\n\t\t<\/h3>\n\t\t\t\t<div class=\"elementor-post__excerpt\">\n\t\t\t<p>Jornal da CBN &#8211; 13\/03\/2026 Em entrevista ao Jornal da CBN, Fabio Gioppo, advogado especialista em Direito Internacional e Cidadania Italiana, explica que os interessados<\/p>\n\t\t<\/div>\n\t\t\n\t\t<a class=\"elementor-post__read-more\" href=\"https:\/\/gioppoeconti.com.br\/blog\/entrevista-cbn-cidadania-italaliana-corte-processo\/\" aria-label=\"Read more about Cidadania italiana: \u00e9 preciso aguardar novas etapas do julgamento da Corte ap\u00f3s rejei\u00e7\u00e3o de recurso, diz especialista\" tabindex=\"-1\" >\n\t\t\tSaiba mais\t\t<\/a>\n\n\t\t\t\t<\/div>\n\t\t\t\t\t<\/div>\n\t\t<\/article>\n\t\t\t\t<article class=\"elementor-post elementor-grid-item post-6113 post type-post status-publish format-standard has-post-thumbnail hentry category-cidadania-portuguesa category-direito-aereo category-imprensa tag-cidadania-europeia tag-direito-aereo tag-passaporte tag-viagem\" role=\"listitem\">\n\t\t\t<div class=\"elementor-post__card\">\n\t\t\t\t<a class=\"elementor-post__thumbnail__link\" href=\"https:\/\/gioppoeconti.com.br\/blog\/cidadania-europeia-direto-aereo\/\" tabindex=\"-1\" ><div class=\"elementor-post__thumbnail\"><img loading=\"lazy\" decoding=\"async\" width=\"300\" height=\"225\" src=\"https:\/\/gioppoeconti.com.br\/blog\/wp-content\/uploads\/2025\/10\/airport-1105980_1280-300x225.avif\" class=\"attachment-medium size-medium wp-image-6114\" alt=\"\" srcset=\"https:\/\/gioppoeconti.com.br\/blog\/wp-content\/uploads\/2025\/10\/airport-1105980_1280-300x225.avif 300w, https:\/\/gioppoeconti.com.br\/blog\/wp-content\/uploads\/2025\/10\/airport-1105980_1280-1024x768.avif 1024w, https:\/\/gioppoeconti.com.br\/blog\/wp-content\/uploads\/2025\/10\/airport-1105980_1280-768x576.avif 768w, https:\/\/gioppoeconti.com.br\/blog\/wp-content\/uploads\/2025\/10\/airport-1105980_1280.avif 1280w\" sizes=\"(max-width: 300px) 100vw, 300px\" \/><\/div><\/a>\n\t\t\t\t<div class=\"elementor-post__badge\">Cidadania Portuguesa<\/div>\n\t\t\t\t<div class=\"elementor-post__text\">\n\t\t\t\t<h3 class=\"elementor-post__title\">\n\t\t\t<a href=\"https:\/\/gioppoeconti.com.br\/blog\/cidadania-europeia-direto-aereo\/\" >\n\t\t\t\tO programa &#8220;Uma puxa a outra&#8221; recebe Dra.Luiza Costa Russo especialista em cidadania europeia e direito a\u00e9reo\t\t\t<\/a>\n\t\t<\/h3>\n\t\t\t\t<div class=\"elementor-post__excerpt\">\n\t\t\t<p>Uma puxa a outra 10\/08\/2025 [\u2026]Perrengues que viram hist\u00f3rias, direitos que todo viajante precisa conhecer e as verdades sobre ter (ou n\u00e3o) um passaporte europeu.<\/p>\n\t\t<\/div>\n\t\t\n\t\t<a class=\"elementor-post__read-more\" href=\"https:\/\/gioppoeconti.com.br\/blog\/cidadania-europeia-direto-aereo\/\" aria-label=\"Read more about O programa &#8220;Uma puxa a outra&#8221; recebe Dra.Luiza Costa Russo especialista em cidadania europeia e direito a\u00e9reo\" tabindex=\"-1\" >\n\t\t\tSaiba mais\t\t<\/a>\n\n\t\t\t\t<\/div>\n\t\t\t\t\t<\/div>\n\t\t<\/article>\n\t\t\t\t<article class=\"elementor-post elementor-grid-item post-6108 post type-post status-publish format-standard has-post-thumbnail hentry category-cidadania-italiana category-imprensa tag-brasileiros tag-cidadania-italiana tag-corte-constitucional tag-direto tag-geracoes tag-sangue\" role=\"listitem\">\n\t\t\t<div class=\"elementor-post__card\">\n\t\t\t\t<a class=\"elementor-post__thumbnail__link\" href=\"https:\/\/gioppoeconti.com.br\/blog\/cidadania-italiana-corte-constitucional-reconhece-direto-sangue\/\" tabindex=\"-1\" ><div class=\"elementor-post__thumbnail\"><img loading=\"lazy\" decoding=\"async\" width=\"300\" height=\"200\" src=\"https:\/\/gioppoeconti.com.br\/blog\/wp-content\/uploads\/2025\/10\/italy-9505450_1280-300x200.avif\" class=\"attachment-medium size-medium wp-image-6109\" alt=\"\" srcset=\"https:\/\/gioppoeconti.com.br\/blog\/wp-content\/uploads\/2025\/10\/italy-9505450_1280-300x200.avif 300w, https:\/\/gioppoeconti.com.br\/blog\/wp-content\/uploads\/2025\/10\/italy-9505450_1280-1024x682.avif 1024w, https:\/\/gioppoeconti.com.br\/blog\/wp-content\/uploads\/2025\/10\/italy-9505450_1280-768x511.avif 768w, https:\/\/gioppoeconti.com.br\/blog\/wp-content\/uploads\/2025\/10\/italy-9505450_1280.avif 1280w\" sizes=\"(max-width: 300px) 100vw, 300px\" \/><\/div><\/a>\n\t\t\t\t<div class=\"elementor-post__badge\">Cidadania Italiana<\/div>\n\t\t\t\t<div class=\"elementor-post__text\">\n\t\t\t\t<h3 class=\"elementor-post__title\">\n\t\t\t<a href=\"https:\/\/gioppoeconti.com.br\/blog\/cidadania-italiana-corte-constitucional-reconhece-direto-sangue\/\" >\n\t\t\t\tCidadania italiana: Corte Constitucional reconhece direito sem limite de gera\u00e7\u00f5es; entenda\t\t\t<\/a>\n\t\t<\/h3>\n\t\t\t\t<div class=\"elementor-post__excerpt\">\n\t\t\t<p>Portal Exame 01\/08\/2025 [\u2026]A Corte Constitucional, tribunal mais alto da It\u00e1lia, decidiu que o direito de cidadania por sangue, sem limite de gera\u00e7\u00f5es, n\u00e3o pode<\/p>\n\t\t<\/div>\n\t\t\n\t\t<a class=\"elementor-post__read-more\" href=\"https:\/\/gioppoeconti.com.br\/blog\/cidadania-italiana-corte-constitucional-reconhece-direto-sangue\/\" aria-label=\"Read more about Cidadania italiana: Corte Constitucional reconhece direito sem limite de gera\u00e7\u00f5es; entenda\" tabindex=\"-1\" >\n\t\t\tSaiba mais\t\t<\/a>\n\n\t\t\t\t<\/div>\n\t\t\t\t\t<\/div>\n\t\t<\/article>\n\t\t\t\t<article class=\"elementor-post elementor-grid-item post-5908 post type-post status-publish format-standard has-post-thumbnail hentry category-cidadania-europeia category-imprensa tag-cidadania-europeia tag-mercado-internacional tag-startups\" role=\"listitem\">\n\t\t\t<div class=\"elementor-post__card\">\n\t\t\t\t<a class=\"elementor-post__thumbnail__link\" href=\"https:\/\/gioppoeconti.com.br\/blog\/cidadania-europeia-startups-brasileiras\/\" tabindex=\"-1\" ><div class=\"elementor-post__thumbnail\"><img loading=\"lazy\" decoding=\"async\" width=\"300\" height=\"200\" src=\"https:\/\/gioppoeconti.com.br\/blog\/wp-content\/uploads\/2025\/09\/laptop-2557571_1280-300x200.avif\" class=\"attachment-medium size-medium wp-image-5909\" alt=\"\" srcset=\"https:\/\/gioppoeconti.com.br\/blog\/wp-content\/uploads\/2025\/09\/laptop-2557571_1280-300x200.avif 300w, https:\/\/gioppoeconti.com.br\/blog\/wp-content\/uploads\/2025\/09\/laptop-2557571_1280-1024x682.avif 1024w, https:\/\/gioppoeconti.com.br\/blog\/wp-content\/uploads\/2025\/09\/laptop-2557571_1280-768x512.avif 768w, https:\/\/gioppoeconti.com.br\/blog\/wp-content\/uploads\/2025\/09\/laptop-2557571_1280.avif 1280w\" sizes=\"(max-width: 300px) 100vw, 300px\" \/><\/div><\/a>\n\t\t\t\t<div class=\"elementor-post__badge\">Cidadania Europeia<\/div>\n\t\t\t\t<div class=\"elementor-post__text\">\n\t\t\t\t<h3 class=\"elementor-post__title\">\n\t\t\t<a href=\"https:\/\/gioppoeconti.com.br\/blog\/cidadania-europeia-startups-brasileiras\/\" >\n\t\t\t\tCidadania europeia abre portas para startups brasileiras conquistarem o mercado internacional\t\t\t<\/a>\n\t\t<\/h3>\n\t\t\t\t<div class=\"elementor-post__excerpt\">\n\t\t\t<p>VTV News 14\/09\/2025 [\u2026]Para o\u00a0advogado F\u00e1bio Gioppo \u2013 especialista em Direito Internacional e de Imigra\u00e7\u00e3o e\u00a0cidadania\u00a0europeias, a dupla cidadania pode ser entendida como um facilitador<\/p>\n\t\t<\/div>\n\t\t\n\t\t<a class=\"elementor-post__read-more\" href=\"https:\/\/gioppoeconti.com.br\/blog\/cidadania-europeia-startups-brasileiras\/\" aria-label=\"Read more about Cidadania europeia abre portas para startups brasileiras conquistarem o mercado internacional\" tabindex=\"-1\" >\n\t\t\tSaiba mais\t\t<\/a>\n\n\t\t\t\t<\/div>\n\t\t\t\t\t<\/div>\n\t\t<\/article>\n\t\t\t\t<article class=\"elementor-post elementor-grid-item post-5035 post type-post status-publish format-standard has-post-thumbnail hentry category-cidadania-italiana category-imprensa tag-brasileiros tag-cidadania-italiana tag-decisao tag-decreto tag-senado\" role=\"listitem\">\n\t\t\t<div class=\"elementor-post__card\">\n\t\t\t\t<a class=\"elementor-post__thumbnail__link\" href=\"https:\/\/gioppoeconti.com.br\/blog\/decisao-senado-italiano\/\" tabindex=\"-1\" ><div class=\"elementor-post__thumbnail\"><img loading=\"lazy\" decoding=\"async\" width=\"300\" height=\"225\" src=\"https:\/\/gioppoeconti.com.br\/blog\/wp-content\/uploads\/2025\/09\/colosseum-4544105_1280-1-300x225.avif\" class=\"attachment-medium size-medium wp-image-5038\" alt=\"\" srcset=\"https:\/\/gioppoeconti.com.br\/blog\/wp-content\/uploads\/2025\/09\/colosseum-4544105_1280-1-300x225.avif 300w, https:\/\/gioppoeconti.com.br\/blog\/wp-content\/uploads\/2025\/09\/colosseum-4544105_1280-1-1024x768.avif 1024w, https:\/\/gioppoeconti.com.br\/blog\/wp-content\/uploads\/2025\/09\/colosseum-4544105_1280-1-768x576.avif 768w, https:\/\/gioppoeconti.com.br\/blog\/wp-content\/uploads\/2025\/09\/colosseum-4544105_1280-1.avif 1280w\" sizes=\"(max-width: 300px) 100vw, 300px\" \/><\/div><\/a>\n\t\t\t\t<div class=\"elementor-post__badge\">Cidadania Italiana<\/div>\n\t\t\t\t<div class=\"elementor-post__text\">\n\t\t\t\t<h3 class=\"elementor-post__title\">\n\t\t\t<a href=\"https:\/\/gioppoeconti.com.br\/blog\/decisao-senado-italiano\/\" >\n\t\t\t\tComo decis\u00e3o do Senado italiano pode dificultar cidadania do pa\u00eds para brasileiros; entenda\t\t\t<\/a>\n\t\t<\/h3>\n\t\t\t\t<div class=\"elementor-post__excerpt\">\n\t\t\t<p>Estad\u00e3o09\/05\/2025&#8220; [&#8230;] Essas altera\u00e7\u00f5es s\u00e3o uma \u201cfalsa flexibilidade\u201d porque se por um lado retiram uma restri\u00e7\u00e3o do decreto de que o ascendente precisa ter nascido<\/p>\n\t\t<\/div>\n\t\t\n\t\t<a class=\"elementor-post__read-more\" href=\"https:\/\/gioppoeconti.com.br\/blog\/decisao-senado-italiano\/\" aria-label=\"Read more about Como decis\u00e3o do Senado italiano pode dificultar cidadania do pa\u00eds para brasileiros; entenda\" tabindex=\"-1\" >\n\t\t\tSaiba mais\t\t<\/a>\n\n\t\t\t\t<\/div>\n\t\t\t\t\t<\/div>\n\t\t<\/article>\n\t\t\t\t<article class=\"elementor-post elementor-grid-item post-4801 post type-post status-publish format-standard has-post-thumbnail hentry category-cidadania-italiana category-imprensa tag-cidadania-italiana tag-direito tag-novas-regras tag-restrincoes\" role=\"listitem\">\n\t\t\t<div class=\"elementor-post__card\">\n\t\t\t\t<a class=\"elementor-post__thumbnail__link\" href=\"https:\/\/gioppoeconti.com.br\/blog\/mudancas-processo-cidadania-italiana-restricoes-impostas-governo\/\" tabindex=\"-1\" ><div class=\"elementor-post__thumbnail\"><img loading=\"lazy\" decoding=\"async\" width=\"300\" height=\"200\" src=\"https:\/\/gioppoeconti.com.br\/blog\/wp-content\/uploads\/2025\/09\/office-594132_1280-300x200.avif\" class=\"attachment-medium size-medium wp-image-4803\" alt=\"\" srcset=\"https:\/\/gioppoeconti.com.br\/blog\/wp-content\/uploads\/2025\/09\/office-594132_1280-300x200.avif 300w, https:\/\/gioppoeconti.com.br\/blog\/wp-content\/uploads\/2025\/09\/office-594132_1280-1024x682.avif 1024w, https:\/\/gioppoeconti.com.br\/blog\/wp-content\/uploads\/2025\/09\/office-594132_1280-768x512.avif 768w, https:\/\/gioppoeconti.com.br\/blog\/wp-content\/uploads\/2025\/09\/office-594132_1280.avif 1280w\" sizes=\"(max-width: 300px) 100vw, 300px\" \/><\/div><\/a>\n\t\t\t\t<div class=\"elementor-post__badge\">Cidadania Italiana<\/div>\n\t\t\t\t<div class=\"elementor-post__text\">\n\t\t\t\t<h3 class=\"elementor-post__title\">\n\t\t\t<a href=\"https:\/\/gioppoeconti.com.br\/blog\/mudancas-processo-cidadania-italiana-restricoes-impostas-governo\/\" >\n\t\t\t\tOlho no Olho: Dr. F\u00e1bio Alex Analisa Mudan\u00e7as no Processo de Cidadania Italiana e as Novas Restri\u00e7\u00f5es Impostas pelo Governo\t\t\t<\/a>\n\t\t<\/h3>\n\t\t\t\t<div class=\"elementor-post__excerpt\">\n\t\t\t<p>Jornal Not\u00edcia FM 23\/04\/2025 O quadro \u201cOlho no olho\u201d tem o prazer de receber o Dr F\u00e1bio Alex, para conversar a respeito das mundanas da<\/p>\n\t\t<\/div>\n\t\t\n\t\t<a class=\"elementor-post__read-more\" href=\"https:\/\/gioppoeconti.com.br\/blog\/mudancas-processo-cidadania-italiana-restricoes-impostas-governo\/\" aria-label=\"Read more about Olho no Olho: Dr. F\u00e1bio Alex Analisa Mudan\u00e7as no Processo de Cidadania Italiana e as Novas Restri\u00e7\u00f5es Impostas pelo Governo\" tabindex=\"-1\" >\n\t\t\tSaiba mais\t\t<\/a>\n\n\t\t\t\t<\/div>\n\t\t\t\t\t<\/div>\n\t\t<\/article>\n\t\t\t\t<article class=\"elementor-post elementor-grid-item post-4658 post type-post status-publish format-standard has-post-thumbnail hentry category-imprensa tag-brasileiros tag-cidadania-italiana tag-mudanca tag-novas-regras\" role=\"listitem\">\n\t\t\t<div class=\"elementor-post__card\">\n\t\t\t\t<a class=\"elementor-post__thumbnail__link\" href=\"https:\/\/gioppoeconti.com.br\/blog\/cidadania-italia-mundaca-regras-afeta-brasileiros\/\" tabindex=\"-1\" ><div class=\"elementor-post__thumbnail\"><img loading=\"lazy\" decoding=\"async\" width=\"300\" height=\"199\" src=\"https:\/\/gioppoeconti.com.br\/blog\/wp-content\/uploads\/2025\/08\/document-428331_1280-300x199.jpg\" class=\"attachment-medium size-medium wp-image-4659\" alt=\"\" srcset=\"https:\/\/gioppoeconti.com.br\/blog\/wp-content\/uploads\/2025\/08\/document-428331_1280-300x199.jpg 300w, https:\/\/gioppoeconti.com.br\/blog\/wp-content\/uploads\/2025\/08\/document-428331_1280-1024x681.jpg 1024w, https:\/\/gioppoeconti.com.br\/blog\/wp-content\/uploads\/2025\/08\/document-428331_1280-768x511.jpg 768w, https:\/\/gioppoeconti.com.br\/blog\/wp-content\/uploads\/2025\/08\/document-428331_1280.jpg 1280w\" sizes=\"(max-width: 300px) 100vw, 300px\" \/><\/div><\/a>\n\t\t\t\t<div class=\"elementor-post__badge\">Imprensa<\/div>\n\t\t\t\t<div class=\"elementor-post__text\">\n\t\t\t\t<h3 class=\"elementor-post__title\">\n\t\t\t<a href=\"https:\/\/gioppoeconti.com.br\/blog\/cidadania-italia-mundaca-regras-afeta-brasileiros\/\" >\n\t\t\t\tCidadania italiana: o que pode mudar nas regras e como isso afeta os brasileiros?\t\t\t<\/a>\n\t\t<\/h3>\n\t\t\t\t<div class=\"elementor-post__excerpt\">\n\t\t\t<p>Portal G1 Nacional 14\/05\/2025 \u201c[\u2026]O Senado da It\u00e1lia discute um projeto de lei que pode alterar as regras para concess\u00e3o a cidadania italiana. Em resumo,<\/p>\n\t\t<\/div>\n\t\t\n\t\t<a class=\"elementor-post__read-more\" href=\"https:\/\/gioppoeconti.com.br\/blog\/cidadania-italia-mundaca-regras-afeta-brasileiros\/\" aria-label=\"Read more about Cidadania italiana: o que pode mudar nas regras e como isso afeta os brasileiros?\" tabindex=\"-1\" >\n\t\t\tSaiba mais\t\t<\/a>\n\n\t\t\t\t<\/div>\n\t\t\t\t\t<\/div>\n\t\t<\/article>\n\t\t\t\t<article class=\"elementor-post elementor-grid-item post-4516 post type-post status-publish format-standard has-post-thumbnail hentry category-imprensa tag-cidadania-italiana tag-decreto tag-jovens tag-novas-regras\" role=\"listitem\">\n\t\t\t<div class=\"elementor-post__card\">\n\t\t\t\t<a class=\"elementor-post__thumbnail__link\" href=\"https:\/\/gioppoeconti.com.br\/blog\/jovens-cidadania-italiana-restricao\/\" tabindex=\"-1\" ><div class=\"elementor-post__thumbnail\"><img loading=\"lazy\" decoding=\"async\" width=\"300\" height=\"183\" src=\"https:\/\/gioppoeconti.com.br\/blog\/wp-content\/uploads\/2025\/08\/desk-5020800_1280-300x183.jpg\" class=\"attachment-medium size-medium wp-image-4517\" alt=\"\" srcset=\"https:\/\/gioppoeconti.com.br\/blog\/wp-content\/uploads\/2025\/08\/desk-5020800_1280-300x183.jpg 300w, https:\/\/gioppoeconti.com.br\/blog\/wp-content\/uploads\/2025\/08\/desk-5020800_1280-1024x624.jpg 1024w, https:\/\/gioppoeconti.com.br\/blog\/wp-content\/uploads\/2025\/08\/desk-5020800_1280-768x468.jpg 768w, https:\/\/gioppoeconti.com.br\/blog\/wp-content\/uploads\/2025\/08\/desk-5020800_1280.jpg 1280w\" sizes=\"(max-width: 300px) 100vw, 300px\" \/><\/div><\/a>\n\t\t\t\t<div class=\"elementor-post__badge\">Imprensa<\/div>\n\t\t\t\t<div class=\"elementor-post__text\">\n\t\t\t\t<h3 class=\"elementor-post__title\">\n\t\t\t<a href=\"https:\/\/gioppoeconti.com.br\/blog\/jovens-cidadania-italiana-restricao\/\" >\n\t\t\t\tJovens lideram corrida por cidadania italiana em meio \u00e0 poss\u00edvel restri\u00e7\u00e3o no acesso\t\t\t<\/a>\n\t\t<\/h3>\n\t\t\t\t<div class=\"elementor-post__excerpt\">\n\t\t\t<p>Infomoney 13\/05\/2025&nbsp; \u201c[\u2026]Enquanto o Parlamento da It\u00e1lia se prepara para decidir at\u00e9 o pr\u00f3ximo dia 27 de maio sobre a convers\u00e3o do \u201cDecreto Tajani\u201d em<\/p>\n\t\t<\/div>\n\t\t\n\t\t<a class=\"elementor-post__read-more\" href=\"https:\/\/gioppoeconti.com.br\/blog\/jovens-cidadania-italiana-restricao\/\" aria-label=\"Read more about Jovens lideram corrida por cidadania italiana em meio \u00e0 poss\u00edvel restri\u00e7\u00e3o no acesso\" tabindex=\"-1\" >\n\t\t\tSaiba mais\t\t<\/a>\n\n\t\t\t\t<\/div>\n\t\t\t\t\t<\/div>\n\t\t<\/article>\n\t\t\t\t<article class=\"elementor-post elementor-grid-item post-4498 post type-post status-publish format-standard has-post-thumbnail hentry category-imprensa tag-brasileiros tag-cidadania-europeia tag-cidadania-italiana tag-oglobo\" role=\"listitem\">\n\t\t\t<div class=\"elementor-post__card\">\n\t\t\t\t<a class=\"elementor-post__thumbnail__link\" href=\"https:\/\/gioppoeconti.com.br\/blog\/brasileiros-mundanca-leis-cidadania-italiana\/\" tabindex=\"-1\" ><div class=\"elementor-post__thumbnail\"><img loading=\"lazy\" decoding=\"async\" width=\"300\" height=\"200\" src=\"https:\/\/gioppoeconti.com.br\/blog\/wp-content\/uploads\/2025\/08\/law-4617873_1280-300x200.jpg\" class=\"attachment-medium size-medium wp-image-4501\" alt=\"\" srcset=\"https:\/\/gioppoeconti.com.br\/blog\/wp-content\/uploads\/2025\/08\/law-4617873_1280-300x200.jpg 300w, https:\/\/gioppoeconti.com.br\/blog\/wp-content\/uploads\/2025\/08\/law-4617873_1280-1024x682.jpg 1024w, https:\/\/gioppoeconti.com.br\/blog\/wp-content\/uploads\/2025\/08\/law-4617873_1280-768x511.jpg 768w, https:\/\/gioppoeconti.com.br\/blog\/wp-content\/uploads\/2025\/08\/law-4617873_1280.jpg 1280w\" sizes=\"(max-width: 300px) 100vw, 300px\" \/><\/div><\/a>\n\t\t\t\t<div class=\"elementor-post__badge\">Imprensa<\/div>\n\t\t\t\t<div class=\"elementor-post__text\">\n\t\t\t\t<h3 class=\"elementor-post__title\">\n\t\t\t<a href=\"https:\/\/gioppoeconti.com.br\/blog\/brasileiros-mundanca-leis-cidadania-italiana\/\" >\n\t\t\t\tMais de 30 milh\u00f5es de brasileiros podem ser afetados por mudan\u00e7as na lei da cidadania italiana; entenda\t\t\t<\/a>\n\t\t<\/h3>\n\t\t\t\t<div class=\"elementor-post__excerpt\">\n\t\t\t<p>Jornal O Globo 22\/05\/2025 \u201c[\u2026]O novo decreto-lei traz uma restri\u00e7\u00e3o &#8220;severa&#8221;, na avalia\u00e7\u00e3o do advogado Fabio Gioppo. Em resumo, apenas filhos e netos de italianos<\/p>\n\t\t<\/div>\n\t\t\n\t\t<a class=\"elementor-post__read-more\" href=\"https:\/\/gioppoeconti.com.br\/blog\/brasileiros-mundanca-leis-cidadania-italiana\/\" aria-label=\"Read more about Mais de 30 milh\u00f5es de brasileiros podem ser afetados por mudan\u00e7as na lei da cidadania italiana; entenda\" tabindex=\"-1\" >\n\t\t\tSaiba mais\t\t<\/a>\n\n\t\t\t\t<\/div>\n\t\t\t\t\t<\/div>\n\t\t<\/article>\n\t\t\t\t<article class=\"elementor-post elementor-grid-item post-4494 post type-post status-publish format-standard has-post-thumbnail hentry category-imprensa tag-cidadania-europeia tag-cidadania-italiana tag-decreto tag-duvidas tag-novas-regras\" role=\"listitem\">\n\t\t\t<div class=\"elementor-post__card\">\n\t\t\t\t<a class=\"elementor-post__thumbnail__link\" href=\"https:\/\/gioppoeconti.com.br\/blog\/novo-decreto-limita-cidadania-italiana\/\" tabindex=\"-1\" ><div class=\"elementor-post__thumbnail\"><img loading=\"lazy\" decoding=\"async\" width=\"300\" height=\"200\" src=\"https:\/\/gioppoeconti.com.br\/blog\/wp-content\/uploads\/2025\/08\/italy-5283352_1280-300x200.jpg\" class=\"attachment-medium size-medium wp-image-4495\" alt=\"\" srcset=\"https:\/\/gioppoeconti.com.br\/blog\/wp-content\/uploads\/2025\/08\/italy-5283352_1280-300x200.jpg 300w, https:\/\/gioppoeconti.com.br\/blog\/wp-content\/uploads\/2025\/08\/italy-5283352_1280-1024x682.jpg 1024w, https:\/\/gioppoeconti.com.br\/blog\/wp-content\/uploads\/2025\/08\/italy-5283352_1280-768x512.jpg 768w, https:\/\/gioppoeconti.com.br\/blog\/wp-content\/uploads\/2025\/08\/italy-5283352_1280.jpg 1280w\" sizes=\"(max-width: 300px) 100vw, 300px\" \/><\/div><\/a>\n\t\t\t\t<div class=\"elementor-post__badge\">Imprensa<\/div>\n\t\t\t\t<div class=\"elementor-post__text\">\n\t\t\t\t<h3 class=\"elementor-post__title\">\n\t\t\t<a href=\"https:\/\/gioppoeconti.com.br\/blog\/novo-decreto-limita-cidadania-italiana\/\" >\n\t\t\t\tTire as suas d\u00favidas sobre o novo decreto que limita a cidadania italiana\t\t\t<\/a>\n\t\t<\/h3>\n\t\t\t\t<div class=\"elementor-post__excerpt\">\n\t\t\t<p>CBN &nbsp;21\/05\/2025 \u201c[\u2026]A C\u00e2mara dos Deputados da It\u00e1lia aprovou o decreto-lei para limitar a transmiss\u00e3o da cidadania italiana a descendentes. Em entrevista ao Jornal da<\/p>\n\t\t<\/div>\n\t\t\n\t\t<a class=\"elementor-post__read-more\" href=\"https:\/\/gioppoeconti.com.br\/blog\/novo-decreto-limita-cidadania-italiana\/\" aria-label=\"Read more about Tire as suas d\u00favidas sobre o novo decreto que limita a cidadania italiana\" tabindex=\"-1\" >\n\t\t\tSaiba mais\t\t<\/a>\n\n\t\t\t\t<\/div>\n\t\t\t\t\t<\/div>\n\t\t<\/article>\n\t\t\t\t<article class=\"elementor-post elementor-grid-item post-4476 post type-post status-publish format-standard has-post-thumbnail hentry category-imprensa tag-cidadania-europeia tag-cidadania-italiana tag-imprensa tag-novas-regras\" role=\"listitem\">\n\t\t\t<div class=\"elementor-post__card\">\n\t\t\t\t<a class=\"elementor-post__thumbnail__link\" href=\"https:\/\/gioppoeconti.com.br\/blog\/cidadania-italiana-novas-regras\/\" tabindex=\"-1\" ><div class=\"elementor-post__thumbnail\"><img loading=\"lazy\" decoding=\"async\" width=\"300\" height=\"193\" src=\"https:\/\/gioppoeconti.com.br\/blog\/wp-content\/uploads\/2025\/08\/passport-3127934_1280-300x193.jpg\" class=\"attachment-medium size-medium wp-image-4477\" alt=\"\" srcset=\"https:\/\/gioppoeconti.com.br\/blog\/wp-content\/uploads\/2025\/08\/passport-3127934_1280-300x193.jpg 300w, https:\/\/gioppoeconti.com.br\/blog\/wp-content\/uploads\/2025\/08\/passport-3127934_1280-1024x658.jpg 1024w, https:\/\/gioppoeconti.com.br\/blog\/wp-content\/uploads\/2025\/08\/passport-3127934_1280-768x494.jpg 768w, https:\/\/gioppoeconti.com.br\/blog\/wp-content\/uploads\/2025\/08\/passport-3127934_1280.jpg 1280w\" sizes=\"(max-width: 300px) 100vw, 300px\" \/><\/div><\/a>\n\t\t\t\t<div class=\"elementor-post__badge\">Imprensa<\/div>\n\t\t\t\t<div class=\"elementor-post__text\">\n\t\t\t\t<h3 class=\"elementor-post__title\">\n\t\t\t<a href=\"https:\/\/gioppoeconti.com.br\/blog\/cidadania-italiana-novas-regras\/\" >\n\t\t\t\tCidadania Italiana: tudo que voc\u00ea precisa saber as novas regras\t\t\t<\/a>\n\t\t<\/h3>\n\t\t\t\t<div class=\"elementor-post__excerpt\">\n\t\t\t<p>Programa Fala Minas &#8211; Rede Mais 30\/04\/2025 Divulgada no dia 28 de mar\u00e7o de 2025, a nova lei limita o reconhecimento da cidadania italiana a<\/p>\n\t\t<\/div>\n\t\t\n\t\t<a class=\"elementor-post__read-more\" href=\"https:\/\/gioppoeconti.com.br\/blog\/cidadania-italiana-novas-regras\/\" aria-label=\"Read more about Cidadania Italiana: tudo que voc\u00ea precisa saber as novas regras\" tabindex=\"-1\" >\n\t\t\tSaiba mais\t\t<\/a>\n\n\t\t\t\t<\/div>\n\t\t\t\t\t<\/div>\n\t\t<\/article>\n\t\t\t\t<article class=\"elementor-post elementor-grid-item post-4260 post type-post status-publish format-standard has-post-thumbnail hentry category-imprensa\" role=\"listitem\">\n\t\t\t<div class=\"elementor-post__card\">\n\t\t\t\t<a class=\"elementor-post__thumbnail__link\" href=\"https:\/\/gioppoeconti.com.br\/blog\/pedidos-de-cidadania-italiana-agendados-em-consulados-travam-apos-restricoes\/\" tabindex=\"-1\" ><div class=\"elementor-post__thumbnail\"><img loading=\"lazy\" decoding=\"async\" width=\"273\" height=\"300\" src=\"https:\/\/gioppoeconti.com.br\/blog\/wp-content\/uploads\/2025\/07\/decreto-273x300.webp\" class=\"attachment-medium size-medium wp-image-3867\" alt=\"\" srcset=\"https:\/\/gioppoeconti.com.br\/blog\/wp-content\/uploads\/2025\/07\/decreto-273x300.webp 273w, https:\/\/gioppoeconti.com.br\/blog\/wp-content\/uploads\/2025\/07\/decreto-931x1024.webp 931w, https:\/\/gioppoeconti.com.br\/blog\/wp-content\/uploads\/2025\/07\/decreto-768x845.webp 768w, https:\/\/gioppoeconti.com.br\/blog\/wp-content\/uploads\/2025\/07\/decreto.webp 1024w\" sizes=\"(max-width: 273px) 100vw, 273px\" \/><\/div><\/a>\n\t\t\t\t<div class=\"elementor-post__badge\">Imprensa<\/div>\n\t\t\t\t<div class=\"elementor-post__text\">\n\t\t\t\t<h3 class=\"elementor-post__title\">\n\t\t\t<a href=\"https:\/\/gioppoeconti.com.br\/blog\/pedidos-de-cidadania-italiana-agendados-em-consulados-travam-apos-restricoes\/\" >\n\t\t\t\tPedidos de cidadania italiana agendados em consulados travam ap\u00f3s restri\u00e7\u00f5es\t\t\t<\/a>\n\t\t<\/h3>\n\t\t\t\t<div class=\"elementor-post__excerpt\">\n\t\t\t<p>InfoMoney 08\/04\/2025 \u201c[\u2026]De acordo com especialistas ouvidos pelo InfoMoney, os cancelamentos ocorreram em fun\u00e7\u00e3o de altera\u00e7\u00f5es b\u00e1sicas implementadas pela medida, n\u00e3o apenas geracional. Isso porque<\/p>\n\t\t<\/div>\n\t\t\n\t\t<a class=\"elementor-post__read-more\" href=\"https:\/\/gioppoeconti.com.br\/blog\/pedidos-de-cidadania-italiana-agendados-em-consulados-travam-apos-restricoes\/\" aria-label=\"Read more about Pedidos de cidadania italiana agendados em consulados travam ap\u00f3s restri\u00e7\u00f5es\" tabindex=\"-1\" >\n\t\t\tSaiba mais\t\t<\/a>\n\n\t\t\t\t<\/div>\n\t\t\t\t\t<\/div>\n\t\t<\/article>\n\t\t\t\t<article class=\"elementor-post elementor-grid-item post-4256 post type-post status-publish format-standard has-post-thumbnail hentry category-imprensa tag-cidadania-italiana tag-globo-news tag-imprensa tag-novas-regras\" role=\"listitem\">\n\t\t\t<div class=\"elementor-post__card\">\n\t\t\t\t<a class=\"elementor-post__thumbnail__link\" href=\"https:\/\/gioppoeconti.com.br\/blog\/midia-o-que-muda-com-nova-regra\/\" tabindex=\"-1\" ><div class=\"elementor-post__thumbnail\"><img loading=\"lazy\" decoding=\"async\" width=\"300\" height=\"182\" src=\"https:\/\/gioppoeconti.com.br\/blog\/wp-content\/uploads\/2025\/08\/Captura-de-Tela-2025-08-12-as-09.31.11-300x182.png\" class=\"attachment-medium size-medium wp-image-4257\" alt=\"\" srcset=\"https:\/\/gioppoeconti.com.br\/blog\/wp-content\/uploads\/2025\/08\/Captura-de-Tela-2025-08-12-as-09.31.11-300x182.png 300w, https:\/\/gioppoeconti.com.br\/blog\/wp-content\/uploads\/2025\/08\/Captura-de-Tela-2025-08-12-as-09.31.11-1024x623.png 1024w, https:\/\/gioppoeconti.com.br\/blog\/wp-content\/uploads\/2025\/08\/Captura-de-Tela-2025-08-12-as-09.31.11-768x467.png 768w, https:\/\/gioppoeconti.com.br\/blog\/wp-content\/uploads\/2025\/08\/Captura-de-Tela-2025-08-12-as-09.31.11.png 1274w\" sizes=\"(max-width: 300px) 100vw, 300px\" \/><\/div><\/a>\n\t\t\t\t<div class=\"elementor-post__badge\">Imprensa<\/div>\n\t\t\t\t<div class=\"elementor-post__text\">\n\t\t\t\t<h3 class=\"elementor-post__title\">\n\t\t\t<a href=\"https:\/\/gioppoeconti.com.br\/blog\/midia-o-que-muda-com-nova-regra\/\" >\n\t\t\t\tO que muda com a nova regra de cidadania italiana\t\t\t<\/a>\n\t\t<\/h3>\n\t\t\t\t<div class=\"elementor-post__excerpt\">\n\t\t\t<p>Globo News&nbsp; 22\/05\/2025 \u201c[\u2026]Brasil tem maior comunidade italiana fora do pa\u00eds, cerca de 30 milh\u00f5es de brasileiros t\u00eam descend\u00eancia e enxergam cidadania mais distante.&nbsp; O<\/p>\n\t\t<\/div>\n\t\t\n\t\t<a class=\"elementor-post__read-more\" href=\"https:\/\/gioppoeconti.com.br\/blog\/midia-o-que-muda-com-nova-regra\/\" aria-label=\"Read more about O que muda com a nova regra de cidadania italiana\" tabindex=\"-1\" >\n\t\t\tSaiba mais\t\t<\/a>\n\n\t\t\t\t<\/div>\n\t\t\t\t\t<\/div>\n\t\t<\/article>\n\t\t\t\t<\/div>\n\t\t\n\t\t\t\t\t\t<\/div>\n\t\t\t\t<\/div>\n\t\t\t\t\t<\/div>\n\t\t\t\t<\/div>\n\t\t\t\t<\/div>\n\t\t","protected":false},"excerpt":{"rendered":"<p>Imprensa<\/p>\n","protected":false},"author":1,"featured_media":0,"parent":0,"menu_order":0,"comment_status":"closed","ping_status":"closed","template":"page-templates\/template-pagebuilder-full-width.php","meta":{"neve_meta_sidebar":"","neve_meta_container":"","neve_meta_enable_content_width":"","neve_meta_content_width":0,"neve_meta_title_alignment":"","neve_meta_author_avatar":"","neve_post_elements_order":"","neve_meta_disable_header":"","neve_meta_disable_footer":"","neve_meta_disable_title":"","footnotes":""},"class_list":["post-6687","page","type-page","status-publish","hentry"],"yoast_head":"<!-- This site is optimized with the Yoast SEO plugin v27.4 - https:\/\/yoast.com\/product\/yoast-seo-wordpress\/ -->\n<title>Institucional | GC na M\u00eddia | Gioppo &amp; Conti - Blog<\/title>\n<meta name=\"robots\" content=\"index, follow, max-snippet:-1, max-image-preview:large, max-video-preview:-1\" \/>\n<link rel=\"canonical\" href=\"https:\/\/gioppoeconti.com.br\/blog\/imprensa\/\" \/>\n<meta property=\"og:locale\" content=\"pt_BR\" \/>\n<meta property=\"og:type\" content=\"article\" \/>\n<meta property=\"og:title\" content=\"Institucional | GC na M\u00eddia | Gioppo &amp; Conti - Blog\" \/>\n<meta property=\"og:description\" content=\"Imprensa\" \/>\n<meta property=\"og:url\" content=\"https:\/\/gioppoeconti.com.br\/blog\/imprensa\/\" \/>\n<meta property=\"og:site_name\" content=\"Blog\" \/>\n<meta property=\"article:modified_time\" content=\"2026-03-16T15:13:46+00:00\" \/>\n<meta name=\"twitter:card\" content=\"summary_large_image\" \/>\n<meta name=\"twitter:label1\" content=\"Est. tempo de leitura\" \/>\n\t<meta name=\"twitter:data1\" content=\"13 minutos\" \/>\n<script type=\"application\/ld+json\" class=\"yoast-schema-graph\">{\"@context\":\"https:\\\/\\\/schema.org\",\"@graph\":[{\"@type\":\"WebPage\",\"@id\":\"https:\\\/\\\/gioppoeconti.com.br\\\/blog\\\/imprensa\\\/\",\"url\":\"https:\\\/\\\/gioppoeconti.com.br\\\/blog\\\/imprensa\\\/\",\"name\":\"Institucional | GC na M\u00eddia | Gioppo & Conti - Blog\",\"isPartOf\":{\"@id\":\"https:\\\/\\\/gioppoeconti.com.br\\\/blog\\\/#website\"},\"datePublished\":\"2025-12-05T13:32:28+00:00\",\"dateModified\":\"2026-03-16T15:13:46+00:00\",\"breadcrumb\":{\"@id\":\"https:\\\/\\\/gioppoeconti.com.br\\\/blog\\\/imprensa\\\/#breadcrumb\"},\"inLanguage\":\"pt-BR\",\"potentialAction\":[{\"@type\":\"ReadAction\",\"target\":[\"https:\\\/\\\/gioppoeconti.com.br\\\/blog\\\/imprensa\\\/\"]}]},{\"@type\":\"BreadcrumbList\",\"@id\":\"https:\\\/\\\/gioppoeconti.com.br\\\/blog\\\/imprensa\\\/#breadcrumb\",\"itemListElement\":[{\"@type\":\"ListItem\",\"position\":1,\"name\":\"In\u00edcio\",\"item\":\"https:\\\/\\\/gioppoeconti.com.br\\\/blog\\\/\"},{\"@type\":\"ListItem\",\"position\":2,\"name\":\"Institucional | GC na M\u00eddia | Gioppo &#038; Conti\"}]},{\"@type\":\"WebSite\",\"@id\":\"https:\\\/\\\/gioppoeconti.com.br\\\/blog\\\/#website\",\"url\":\"https:\\\/\\\/gioppoeconti.com.br\\\/blog\\\/\",\"name\":\"Blog\",\"description\":\"\",\"potentialAction\":[{\"@type\":\"SearchAction\",\"target\":{\"@type\":\"EntryPoint\",\"urlTemplate\":\"https:\\\/\\\/gioppoeconti.com.br\\\/blog\\\/?s={search_term_string}\"},\"query-input\":{\"@type\":\"PropertyValueSpecification\",\"valueRequired\":true,\"valueName\":\"search_term_string\"}}],\"inLanguage\":\"pt-BR\"}]}<\/script>\n<!-- \/ Yoast SEO plugin. -->","yoast_head_json":{"title":"Institucional | GC na M\u00eddia | Gioppo & Conti - Blog","robots":{"index":"index","follow":"follow","max-snippet":"max-snippet:-1","max-image-preview":"max-image-preview:large","max-video-preview":"max-video-preview:-1"},"canonical":"https:\/\/gioppoeconti.com.br\/blog\/imprensa\/","og_locale":"pt_BR","og_type":"article","og_title":"Institucional | GC na M\u00eddia | Gioppo & Conti - Blog","og_description":"Imprensa","og_url":"https:\/\/gioppoeconti.com.br\/blog\/imprensa\/","og_site_name":"Blog","article_modified_time":"2026-03-16T15:13:46+00:00","twitter_card":"summary_large_image","twitter_misc":{"Est. tempo de leitura":"13 minutos"},"schema":{"@context":"https:\/\/schema.org","@graph":[{"@type":"WebPage","@id":"https:\/\/gioppoeconti.com.br\/blog\/imprensa\/","url":"https:\/\/gioppoeconti.com.br\/blog\/imprensa\/","name":"Institucional | GC na M\u00eddia | Gioppo & Conti - Blog","isPartOf":{"@id":"https:\/\/gioppoeconti.com.br\/blog\/#website"},"datePublished":"2025-12-05T13:32:28+00:00","dateModified":"2026-03-16T15:13:46+00:00","breadcrumb":{"@id":"https:\/\/gioppoeconti.com.br\/blog\/imprensa\/#breadcrumb"},"inLanguage":"pt-BR","potentialAction":[{"@type":"ReadAction","target":["https:\/\/gioppoeconti.com.br\/blog\/imprensa\/"]}]},{"@type":"BreadcrumbList","@id":"https:\/\/gioppoeconti.com.br\/blog\/imprensa\/#breadcrumb","itemListElement":[{"@type":"ListItem","position":1,"name":"In\u00edcio","item":"https:\/\/gioppoeconti.com.br\/blog\/"},{"@type":"ListItem","position":2,"name":"Institucional | GC na M\u00eddia | Gioppo &#038; Conti"}]},{"@type":"WebSite","@id":"https:\/\/gioppoeconti.com.br\/blog\/#website","url":"https:\/\/gioppoeconti.com.br\/blog\/","name":"Blog","description":"","potentialAction":[{"@type":"SearchAction","target":{"@type":"EntryPoint","urlTemplate":"https:\/\/gioppoeconti.com.br\/blog\/?s={search_term_string}"},"query-input":{"@type":"PropertyValueSpecification","valueRequired":true,"valueName":"search_term_string"}}],"inLanguage":"pt-BR"}]}},"_hostinger_reach_plugin_has_subscription_block":false,"_hostinger_reach_plugin_is_elementor":false,"_links":{"self":[{"href":"https:\/\/gioppoeconti.com.br\/blog\/wp-json\/wp\/v2\/pages\/6687","targetHints":{"allow":["GET"]}}],"collection":[{"href":"https:\/\/gioppoeconti.com.br\/blog\/wp-json\/wp\/v2\/pages"}],"about":[{"href":"https:\/\/gioppoeconti.com.br\/blog\/wp-json\/wp\/v2\/types\/page"}],"author":[{"embeddable":true,"href":"https:\/\/gioppoeconti.com.br\/blog\/wp-json\/wp\/v2\/users\/1"}],"replies":[{"embeddable":true,"href":"https:\/\/gioppoeconti.com.br\/blog\/wp-json\/wp\/v2\/comments?post=6687"}],"version-history":[{"count":25,"href":"https:\/\/gioppoeconti.com.br\/blog\/wp-json\/wp\/v2\/pages\/6687\/revisions"}],"predecessor-version":[{"id":6850,"href":"https:\/\/gioppoeconti.com.br\/blog\/wp-json\/wp\/v2\/pages\/6687\/revisions\/6850"}],"wp:attachment":[{"href":"https:\/\/gioppoeconti.com.br\/blog\/wp-json\/wp\/v2\/media?parent=6687"}],"curies":[{"name":"wp","href":"https:\/\/api.w.org\/{rel}","templated":true}]}}