{"id":6665,"date":"2025-12-05T13:27:42","date_gmt":"2025-12-05T13:27:42","guid":{"rendered":"https:\/\/gioppoeconti.com.br\/blog\/?page_id=6665"},"modified":"2026-03-16T15:11:13","modified_gmt":"2026-03-16T15:11:13","slug":"elementor-6665","status":"publish","type":"page","link":"https:\/\/gioppoeconti.com.br\/blog\/","title":{"rendered":"Institucional | Blog | Gioppo &#038; Conti"},"content":{"rendered":"\t\t<div data-elementor-type=\"wp-page\" data-elementor-id=\"6665\" class=\"elementor elementor-6665\" data-elementor-post-type=\"page\">\n\t\t\t\t<div class=\"elementor-element elementor-element-4846f25 e-flex e-con-boxed e-con e-parent\" data-id=\"4846f25\" data-element_type=\"container\" data-e-type=\"container\">\n\t\t\t\t\t<div class=\"e-con-inner\">\n\t\t\t\t<div class=\"elementor-element elementor-element-9638bcb elementor-grid-3 elementor-grid-tablet-2 elementor-grid-mobile-1 elementor-posts--thumbnail-top elementor-card-shadow-yes elementor-posts__hover-gradient elementor-widget elementor-widget-posts\" data-id=\"9638bcb\" data-element_type=\"widget\" data-e-type=\"widget\" data-settings=\"{&quot;cards_columns&quot;:&quot;3&quot;,&quot;cards_columns_tablet&quot;:&quot;2&quot;,&quot;cards_columns_mobile&quot;:&quot;1&quot;,&quot;cards_row_gap&quot;:{&quot;unit&quot;:&quot;px&quot;,&quot;size&quot;:35,&quot;sizes&quot;:[]},&quot;cards_row_gap_tablet&quot;:{&quot;unit&quot;:&quot;px&quot;,&quot;size&quot;:&quot;&quot;,&quot;sizes&quot;:[]},&quot;cards_row_gap_mobile&quot;:{&quot;unit&quot;:&quot;px&quot;,&quot;size&quot;:&quot;&quot;,&quot;sizes&quot;:[]}}\" data-widget_type=\"posts.cards\">\n\t\t\t\t<div class=\"elementor-widget-container\">\n\t\t\t\t\t\t\t<div class=\"elementor-posts-container elementor-posts elementor-posts--skin-cards elementor-grid\" role=\"list\">\n\t\t\t\t<article class=\"elementor-post elementor-grid-item post-6894 post type-post status-publish format-standard has-post-thumbnail hentry category-cidadania-portuguesa category-noticias tag-acessivel tag-caminho tag-cidadania-portuguesa-2 tag-europa tag-portugal\" role=\"listitem\">\n\t\t\t<div class=\"elementor-post__card\">\n\t\t\t\t<a class=\"elementor-post__thumbnail__link\" href=\"https:\/\/gioppoeconti.com.br\/blog\/portugal-caminho-acessivel-viver-europa-legalmente\/\" tabindex=\"-1\" ><div class=\"elementor-post__thumbnail\"><img fetchpriority=\"high\" decoding=\"async\" width=\"768\" height=\"514\" src=\"https:\/\/gioppoeconti.com.br\/blog\/wp-content\/uploads\/2026\/04\/pedroamaro-flag-4274376-768x514.jpg\" class=\"attachment-medium_large size-medium_large wp-image-6895\" alt=\"\" srcset=\"https:\/\/gioppoeconti.com.br\/blog\/wp-content\/uploads\/2026\/04\/pedroamaro-flag-4274376-768x514.jpg 768w, https:\/\/gioppoeconti.com.br\/blog\/wp-content\/uploads\/2026\/04\/pedroamaro-flag-4274376-300x201.jpg 300w, https:\/\/gioppoeconti.com.br\/blog\/wp-content\/uploads\/2026\/04\/pedroamaro-flag-4274376-1024x685.jpg 1024w, https:\/\/gioppoeconti.com.br\/blog\/wp-content\/uploads\/2026\/04\/pedroamaro-flag-4274376-1536x1028.jpg 1536w, https:\/\/gioppoeconti.com.br\/blog\/wp-content\/uploads\/2026\/04\/pedroamaro-flag-4274376-2048x1371.jpg 2048w\" sizes=\"(max-width: 768px) 100vw, 768px\" \/><\/div><\/a>\n\t\t\t\t<div class=\"elementor-post__badge\">Cidadania Portuguesa<\/div>\n\t\t\t\t<div class=\"elementor-post__text\">\n\t\t\t\t<h1 class=\"elementor-post__title\">\n\t\t\t<a href=\"https:\/\/gioppoeconti.com.br\/blog\/portugal-caminho-acessivel-viver-europa-legalmente\/\" >\n\t\t\t\tPortugal: o caminho mais acess\u00edvel para viver a Europa legalmente\t\t\t<\/a>\n\t\t<\/h1>\n\t\t\t\t<div class=\"elementor-post__excerpt\">\n\t\t\t<p>Nos \u00faltimos anos, Portugal deixou de ser apenas um destino tur\u00edstico para se tornar uma das principais portas de entrada para quem deseja viver na<\/p>\n\t\t<\/div>\n\t\t\n\t\t<a class=\"elementor-post__read-more\" href=\"https:\/\/gioppoeconti.com.br\/blog\/portugal-caminho-acessivel-viver-europa-legalmente\/\" aria-label=\"Read more about Portugal: o caminho mais acess\u00edvel para viver a Europa legalmente\" tabindex=\"-1\" >\n\t\t\tSaiba mais\t\t<\/a>\n\n\t\t\t\t<\/div>\n\t\t\t\t\t<\/div>\n\t\t<\/article>\n\t\t\t\t<article class=\"elementor-post elementor-grid-item post-6890 post type-post status-publish format-standard has-post-thumbnail hentry category-cidadania-italiana category-noticias tag-94 tag-cidadania-italiana tag-mudanca tag-novas-regras\" role=\"listitem\">\n\t\t\t<div class=\"elementor-post__card\">\n\t\t\t\t<a class=\"elementor-post__thumbnail__link\" href=\"https:\/\/gioppoeconti.com.br\/blog\/quem-realmente-tem-direito-cidadania-italiana-2026\/\" tabindex=\"-1\" ><div class=\"elementor-post__thumbnail\"><img decoding=\"async\" width=\"768\" height=\"512\" src=\"https:\/\/gioppoeconti.com.br\/blog\/wp-content\/uploads\/2026\/04\/midicloriano-colosseum-5773684-768x512.jpg\" class=\"attachment-medium_large size-medium_large wp-image-6891\" alt=\"\" srcset=\"https:\/\/gioppoeconti.com.br\/blog\/wp-content\/uploads\/2026\/04\/midicloriano-colosseum-5773684-768x512.jpg 768w, https:\/\/gioppoeconti.com.br\/blog\/wp-content\/uploads\/2026\/04\/midicloriano-colosseum-5773684-300x200.jpg 300w, https:\/\/gioppoeconti.com.br\/blog\/wp-content\/uploads\/2026\/04\/midicloriano-colosseum-5773684-1024x683.jpg 1024w, https:\/\/gioppoeconti.com.br\/blog\/wp-content\/uploads\/2026\/04\/midicloriano-colosseum-5773684-1536x1024.jpg 1536w, https:\/\/gioppoeconti.com.br\/blog\/wp-content\/uploads\/2026\/04\/midicloriano-colosseum-5773684-2048x1365.jpg 2048w, https:\/\/gioppoeconti.com.br\/blog\/wp-content\/uploads\/2026\/04\/midicloriano-colosseum-5773684-930x620.jpg 930w\" sizes=\"(max-width: 768px) 100vw, 768px\" \/><\/div><\/a>\n\t\t\t\t<div class=\"elementor-post__badge\">Cidadania Italiana<\/div>\n\t\t\t\t<div class=\"elementor-post__text\">\n\t\t\t\t<h1 class=\"elementor-post__title\">\n\t\t\t<a href=\"https:\/\/gioppoeconti.com.br\/blog\/quem-realmente-tem-direito-cidadania-italiana-2026\/\" >\n\t\t\t\tQuem realmente tem direito \u00e0 cidadania italiana em 2026 e por que tanta gente est\u00e1 sendo mal informada\t\t\t<\/a>\n\t\t<\/h1>\n\t\t\t\t<div class=\"elementor-post__excerpt\">\n\t\t\t<p>A cidadania italiana se tornou, nos \u00faltimos anos, um dos temas mais distorcidos dentro do direito internacional. E isso acontece por um motivo simples: muita<\/p>\n\t\t<\/div>\n\t\t\n\t\t<a class=\"elementor-post__read-more\" href=\"https:\/\/gioppoeconti.com.br\/blog\/quem-realmente-tem-direito-cidadania-italiana-2026\/\" aria-label=\"Read more about Quem realmente tem direito \u00e0 cidadania italiana em 2026 e por que tanta gente est\u00e1 sendo mal informada\" tabindex=\"-1\" >\n\t\t\tSaiba mais\t\t<\/a>\n\n\t\t\t\t<\/div>\n\t\t\t\t\t<\/div>\n\t\t<\/article>\n\t\t\t\t<article class=\"elementor-post elementor-grid-item post-6882 post type-post status-publish format-standard has-post-thumbnail hentry category-cidadania-italiana tag-cidadania-italiana tag-decisao-estrategica tag-decreto\" role=\"listitem\">\n\t\t\t<div class=\"elementor-post__card\">\n\t\t\t\t<a class=\"elementor-post__thumbnail__link\" href=\"https:\/\/gioppoeconti.com.br\/blog\/cidadania-italiana-porque-exige-decisao-estrategica\/\" tabindex=\"-1\" ><div class=\"elementor-post__thumbnail\"><img decoding=\"async\" width=\"768\" height=\"512\" src=\"https:\/\/gioppoeconti.com.br\/blog\/wp-content\/uploads\/2026\/04\/pexels-archive-1850170-768x512.jpg\" class=\"attachment-medium_large size-medium_large wp-image-6883\" alt=\"\" srcset=\"https:\/\/gioppoeconti.com.br\/blog\/wp-content\/uploads\/2026\/04\/pexels-archive-1850170-768x512.jpg 768w, https:\/\/gioppoeconti.com.br\/blog\/wp-content\/uploads\/2026\/04\/pexels-archive-1850170-300x200.jpg 300w, https:\/\/gioppoeconti.com.br\/blog\/wp-content\/uploads\/2026\/04\/pexels-archive-1850170-1024x683.jpg 1024w, https:\/\/gioppoeconti.com.br\/blog\/wp-content\/uploads\/2026\/04\/pexels-archive-1850170-1536x1024.jpg 1536w, https:\/\/gioppoeconti.com.br\/blog\/wp-content\/uploads\/2026\/04\/pexels-archive-1850170-2048x1365.jpg 2048w, https:\/\/gioppoeconti.com.br\/blog\/wp-content\/uploads\/2026\/04\/pexels-archive-1850170-930x620.jpg 930w\" sizes=\"(max-width: 768px) 100vw, 768px\" \/><\/div><\/a>\n\t\t\t\t<div class=\"elementor-post__badge\">Cidadania Italiana<\/div>\n\t\t\t\t<div class=\"elementor-post__text\">\n\t\t\t\t<h1 class=\"elementor-post__title\">\n\t\t\t<a href=\"https:\/\/gioppoeconti.com.br\/blog\/cidadania-italiana-porque-exige-decisao-estrategica\/\" >\n\t\t\t\tO que est\u00e1 acontecendo agora com a cidadania italiana e por que isso exige decis\u00e3o estrat\u00e9gica\t\t\t<\/a>\n\t\t<\/h1>\n\t\t\t\t<div class=\"elementor-post__excerpt\">\n\t\t\t<p>O cen\u00e1rio da cidadania italiana em 2026 n\u00e3o \u00e9 est\u00e1tico. Ele est\u00e1 em constru\u00e7\u00e3o e isso exige uma mudan\u00e7a de postura: sair da espera e<\/p>\n\t\t<\/div>\n\t\t\n\t\t<a class=\"elementor-post__read-more\" href=\"https:\/\/gioppoeconti.com.br\/blog\/cidadania-italiana-porque-exige-decisao-estrategica\/\" aria-label=\"Read more about O que est\u00e1 acontecendo agora com a cidadania italiana e por que isso exige decis\u00e3o estrat\u00e9gica\" tabindex=\"-1\" >\n\t\t\tSaiba mais\t\t<\/a>\n\n\t\t\t\t<\/div>\n\t\t\t\t\t<\/div>\n\t\t<\/article>\n\t\t\t\t<article class=\"elementor-post elementor-grid-item post-6879 post type-post status-publish format-standard has-post-thumbnail hentry category-cidadania-italiana category-noticias tag-advogada tag-cidadania-europeia tag-cidadania-italiana tag-corte tag-julgamento tag-unificacao\" role=\"listitem\">\n\t\t\t<div class=\"elementor-post__card\">\n\t\t\t\t<a class=\"elementor-post__thumbnail__link\" href=\"https:\/\/gioppoeconti.com.br\/blog\/cidadania-italiana-unificacao-julgamento-corte\/\" tabindex=\"-1\" ><div class=\"elementor-post__thumbnail\"><img loading=\"lazy\" decoding=\"async\" width=\"768\" height=\"526\" src=\"https:\/\/gioppoeconti.com.br\/blog\/wp-content\/uploads\/2025\/10\/ai-generated-8818857_1280-768x526.avif\" class=\"attachment-medium_large size-medium_large wp-image-6189\" alt=\"\" srcset=\"https:\/\/gioppoeconti.com.br\/blog\/wp-content\/uploads\/2025\/10\/ai-generated-8818857_1280-768x526.avif 768w, https:\/\/gioppoeconti.com.br\/blog\/wp-content\/uploads\/2025\/10\/ai-generated-8818857_1280-300x205.avif 300w, https:\/\/gioppoeconti.com.br\/blog\/wp-content\/uploads\/2025\/10\/ai-generated-8818857_1280-1024x701.avif 1024w, https:\/\/gioppoeconti.com.br\/blog\/wp-content\/uploads\/2025\/10\/ai-generated-8818857_1280.avif 1280w\" sizes=\"(max-width: 768px) 100vw, 768px\" \/><\/div><\/a>\n\t\t\t\t<div class=\"elementor-post__badge\">Cidadania Italiana<\/div>\n\t\t\t\t<div class=\"elementor-post__text\">\n\t\t\t\t<h1 class=\"elementor-post__title\">\n\t\t\t<a href=\"https:\/\/gioppoeconti.com.br\/blog\/cidadania-italiana-unificacao-julgamento-corte\/\" >\n\t\t\t\tCidadania italiana: unifica\u00e7\u00e3o de casos fortalece julgamento na Corte, diz advogada\t\t\t<\/a>\n\t\t<\/h1>\n\t\t\t\t<div class=\"elementor-post__excerpt\">\n\t\t\t<p>A cidadania italiana voltou ao centro da discuss\u00e3o constitucional.A unifica\u00e7\u00e3o dos casos de Campobasso e Mantova amplia o peso jur\u00eddico do julgamento na Corte Constitucional<\/p>\n\t\t<\/div>\n\t\t\n\t\t<a class=\"elementor-post__read-more\" href=\"https:\/\/gioppoeconti.com.br\/blog\/cidadania-italiana-unificacao-julgamento-corte\/\" aria-label=\"Read more about Cidadania italiana: unifica\u00e7\u00e3o de casos fortalece julgamento na Corte, diz advogada\" tabindex=\"-1\" >\n\t\t\tSaiba mais\t\t<\/a>\n\n\t\t\t\t<\/div>\n\t\t\t\t\t<\/div>\n\t\t<\/article>\n\t\t\t\t<article class=\"elementor-post elementor-grid-item post-6876 post type-post status-publish format-standard has-post-thumbnail hentry category-cidadania-italiana category-noticias tag-94 tag-abril tag-cidadania-italiana tag-junho tag-novas-regras\" role=\"listitem\">\n\t\t\t<div class=\"elementor-post__card\">\n\t\t\t\t<a class=\"elementor-post__thumbnail__link\" href=\"https:\/\/gioppoeconti.com.br\/blog\/cidadania-italiana-2026-abril-junho\/\" tabindex=\"-1\" ><div class=\"elementor-post__thumbnail\"><img loading=\"lazy\" decoding=\"async\" width=\"768\" height=\"512\" src=\"https:\/\/gioppoeconti.com.br\/blog\/wp-content\/uploads\/2026\/04\/fill-microphone-704255-768x512.jpg\" class=\"attachment-medium_large size-medium_large wp-image-6877\" alt=\"\" srcset=\"https:\/\/gioppoeconti.com.br\/blog\/wp-content\/uploads\/2026\/04\/fill-microphone-704255-768x512.jpg 768w, https:\/\/gioppoeconti.com.br\/blog\/wp-content\/uploads\/2026\/04\/fill-microphone-704255-300x200.jpg 300w, https:\/\/gioppoeconti.com.br\/blog\/wp-content\/uploads\/2026\/04\/fill-microphone-704255-1024x683.jpg 1024w, https:\/\/gioppoeconti.com.br\/blog\/wp-content\/uploads\/2026\/04\/fill-microphone-704255-1536x1024.jpg 1536w, https:\/\/gioppoeconti.com.br\/blog\/wp-content\/uploads\/2026\/04\/fill-microphone-704255-2048x1365.jpg 2048w, https:\/\/gioppoeconti.com.br\/blog\/wp-content\/uploads\/2026\/04\/fill-microphone-704255-930x620.jpg 930w\" sizes=\"(max-width: 768px) 100vw, 768px\" \/><\/div><\/a>\n\t\t\t\t<div class=\"elementor-post__badge\">Cidadania Italiana<\/div>\n\t\t\t\t<div class=\"elementor-post__text\">\n\t\t\t\t<h1 class=\"elementor-post__title\">\n\t\t\t<a href=\"https:\/\/gioppoeconti.com.br\/blog\/cidadania-italiana-2026-abril-junho\/\" >\n\t\t\t\tCidadania italiana em 2026: o que ser\u00e1 decidido em abril e junho\t\t\t<\/a>\n\t\t<\/h1>\n\t\t\t\t<div class=\"elementor-post__excerpt\">\n\t\t\t<p>A recente decis\u00e3o da Corte Constitucional italiana, em mar\u00e7o de 2026, gerou a impress\u00e3o de que o debate sobre a cidadania italiana por descend\u00eancia estaria<\/p>\n\t\t<\/div>\n\t\t\n\t\t<a class=\"elementor-post__read-more\" href=\"https:\/\/gioppoeconti.com.br\/blog\/cidadania-italiana-2026-abril-junho\/\" aria-label=\"Read more about Cidadania italiana em 2026: o que ser\u00e1 decidido em abril e junho\" tabindex=\"-1\" >\n\t\t\tSaiba mais\t\t<\/a>\n\n\t\t\t\t<\/div>\n\t\t\t\t\t<\/div>\n\t\t<\/article>\n\t\t\t\t<article class=\"elementor-post elementor-grid-item post-6872 post type-post status-publish format-standard has-post-thumbnail hentry category-cidadania-europeia category-noticias tag-cidadania tag-estudar tag-italia-2 tag-portugal tag-trabalhar\" role=\"listitem\">\n\t\t\t<div class=\"elementor-post__card\">\n\t\t\t\t<a class=\"elementor-post__thumbnail__link\" href=\"https:\/\/gioppoeconti.com.br\/blog\/estudar-trabalhar-muda-cidadania-italia-portugal\/\" tabindex=\"-1\" ><div class=\"elementor-post__thumbnail\"><img loading=\"lazy\" decoding=\"async\" width=\"768\" height=\"511\" src=\"https:\/\/gioppoeconti.com.br\/blog\/wp-content\/uploads\/2026\/04\/twg_theworldgrad-man-7795548-768x511.jpg\" class=\"attachment-medium_large size-medium_large wp-image-6873\" alt=\"\" srcset=\"https:\/\/gioppoeconti.com.br\/blog\/wp-content\/uploads\/2026\/04\/twg_theworldgrad-man-7795548-768x511.jpg 768w, https:\/\/gioppoeconti.com.br\/blog\/wp-content\/uploads\/2026\/04\/twg_theworldgrad-man-7795548-300x200.jpg 300w, https:\/\/gioppoeconti.com.br\/blog\/wp-content\/uploads\/2026\/04\/twg_theworldgrad-man-7795548-1024x681.jpg 1024w, https:\/\/gioppoeconti.com.br\/blog\/wp-content\/uploads\/2026\/04\/twg_theworldgrad-man-7795548-1536x1022.jpg 1536w, https:\/\/gioppoeconti.com.br\/blog\/wp-content\/uploads\/2026\/04\/twg_theworldgrad-man-7795548-2048x1363.jpg 2048w, https:\/\/gioppoeconti.com.br\/blog\/wp-content\/uploads\/2026\/04\/twg_theworldgrad-man-7795548-930x620.jpg 930w\" sizes=\"(max-width: 768px) 100vw, 768px\" \/><\/div><\/a>\n\t\t\t\t<div class=\"elementor-post__badge\">Cidadania Europeia<\/div>\n\t\t\t\t<div class=\"elementor-post__text\">\n\t\t\t\t<h1 class=\"elementor-post__title\">\n\t\t\t<a href=\"https:\/\/gioppoeconti.com.br\/blog\/estudar-trabalhar-muda-cidadania-italia-portugal\/\" >\n\t\t\t\tEstudar e trabalhar na Europa: o que realmente muda quando voc\u00ea tem cidadania\t\t\t<\/a>\n\t\t<\/h1>\n\t\t\t\t<div class=\"elementor-post__excerpt\">\n\t\t\t<p>Existe uma diferen\u00e7a muito clara entre duas pessoas que chegam \u00e0 Europa. A primeira chega como estrangeira, a segunda chega como cidad\u00e3. E essa diferen\u00e7a,<\/p>\n\t\t<\/div>\n\t\t\n\t\t<a class=\"elementor-post__read-more\" href=\"https:\/\/gioppoeconti.com.br\/blog\/estudar-trabalhar-muda-cidadania-italia-portugal\/\" aria-label=\"Read more about Estudar e trabalhar na Europa: o que realmente muda quando voc\u00ea tem cidadania\" tabindex=\"-1\" >\n\t\t\tSaiba mais\t\t<\/a>\n\n\t\t\t\t<\/div>\n\t\t\t\t\t<\/div>\n\t\t<\/article>\n\t\t\t\t<article class=\"elementor-post elementor-grid-item post-6866 post type-post status-publish format-standard has-post-thumbnail hentry category-cidadania-italiana category-noticias tag-cidadania-europeia tag-cidadania-italiana tag-lei tag-tribunal-de-brescia\" role=\"listitem\">\n\t\t\t<div class=\"elementor-post__card\">\n\t\t\t\t<a class=\"elementor-post__thumbnail__link\" href=\"https:\/\/gioppoeconti.com.br\/blog\/tribunal-brescia-reconhece-direito-cidadania-italiana-2025\/\" tabindex=\"-1\" ><div class=\"elementor-post__thumbnail\"><img loading=\"lazy\" decoding=\"async\" width=\"768\" height=\"482\" src=\"https:\/\/gioppoeconti.com.br\/blog\/wp-content\/uploads\/2026\/03\/sergeitokmakov-gavel-7538565-768x482.jpg\" class=\"attachment-medium_large size-medium_large wp-image-6867\" alt=\"\" srcset=\"https:\/\/gioppoeconti.com.br\/blog\/wp-content\/uploads\/2026\/03\/sergeitokmakov-gavel-7538565-768x482.jpg 768w, https:\/\/gioppoeconti.com.br\/blog\/wp-content\/uploads\/2026\/03\/sergeitokmakov-gavel-7538565-300x188.jpg 300w, https:\/\/gioppoeconti.com.br\/blog\/wp-content\/uploads\/2026\/03\/sergeitokmakov-gavel-7538565-1024x643.jpg 1024w, https:\/\/gioppoeconti.com.br\/blog\/wp-content\/uploads\/2026\/03\/sergeitokmakov-gavel-7538565-1536x964.jpg 1536w, https:\/\/gioppoeconti.com.br\/blog\/wp-content\/uploads\/2026\/03\/sergeitokmakov-gavel-7538565-2048x1285.jpg 2048w\" sizes=\"(max-width: 768px) 100vw, 768px\" \/><\/div><\/a>\n\t\t\t\t<div class=\"elementor-post__badge\">Cidadania Italiana<\/div>\n\t\t\t\t<div class=\"elementor-post__text\">\n\t\t\t\t<h1 class=\"elementor-post__title\">\n\t\t\t<a href=\"https:\/\/gioppoeconti.com.br\/blog\/tribunal-brescia-reconhece-direito-cidadania-italiana-2025\/\" >\n\t\t\t\tTribunal de Brescia reconhece o direito \u00e0 cidadania italiana mesmo ap\u00f3s a nova lei de 2025\t\t\t<\/a>\n\t\t<\/h1>\n\t\t\t\t<div class=\"elementor-post__excerpt\">\n\t\t\t<p>Uma recente decis\u00e3o do Tribunal de Brescia voltou a colocar em evid\u00eancia um dos temas mais debatidos atualmente: o direito \u00e0 cidadania italiana para descendentes<\/p>\n\t\t<\/div>\n\t\t\n\t\t<a class=\"elementor-post__read-more\" href=\"https:\/\/gioppoeconti.com.br\/blog\/tribunal-brescia-reconhece-direito-cidadania-italiana-2025\/\" aria-label=\"Read more about Tribunal de Brescia reconhece o direito \u00e0 cidadania italiana mesmo ap\u00f3s a nova lei de 2025\" tabindex=\"-1\" >\n\t\t\tSaiba mais\t\t<\/a>\n\n\t\t\t\t<\/div>\n\t\t\t\t\t<\/div>\n\t\t<\/article>\n\t\t\t\t<article class=\"elementor-post elementor-grid-item post-6864 post type-post status-publish format-standard has-post-thumbnail hentry category-cidadania-portuguesa\" role=\"listitem\">\n\t\t\t<div class=\"elementor-post__card\">\n\t\t\t\t<a class=\"elementor-post__thumbnail__link\" href=\"https:\/\/gioppoeconti.com.br\/blog\/por-que-brasileiros-tem-direito-cidadania-portuguesa\/\" tabindex=\"-1\" ><div class=\"elementor-post__thumbnail\"><img loading=\"lazy\" decoding=\"async\" width=\"768\" height=\"539\" src=\"https:\/\/gioppoeconti.com.br\/blog\/wp-content\/uploads\/2025\/12\/portugal-1561936_1280-768x539.jpg\" class=\"attachment-medium_large size-medium_large wp-image-6749\" alt=\"\" srcset=\"https:\/\/gioppoeconti.com.br\/blog\/wp-content\/uploads\/2025\/12\/portugal-1561936_1280-768x539.jpg 768w, https:\/\/gioppoeconti.com.br\/blog\/wp-content\/uploads\/2025\/12\/portugal-1561936_1280-300x210.jpg 300w, https:\/\/gioppoeconti.com.br\/blog\/wp-content\/uploads\/2025\/12\/portugal-1561936_1280-1024x718.jpg 1024w, https:\/\/gioppoeconti.com.br\/blog\/wp-content\/uploads\/2025\/12\/portugal-1561936_1280.jpg 1280w\" sizes=\"(max-width: 768px) 100vw, 768px\" \/><\/div><\/a>\n\t\t\t\t<div class=\"elementor-post__badge\">Cidadania Portuguesa<\/div>\n\t\t\t\t<div class=\"elementor-post__text\">\n\t\t\t\t<h1 class=\"elementor-post__title\">\n\t\t\t<a href=\"https:\/\/gioppoeconti.com.br\/blog\/por-que-brasileiros-tem-direito-cidadania-portuguesa\/\" >\n\t\t\t\tPor que tantos brasileiros t\u00eam direito \u00e0 cidadania portuguesa?\t\t\t<\/a>\n\t\t<\/h1>\n\t\t\t\t<div class=\"elementor-post__excerpt\">\n\t\t\t<p>Se voc\u00ea j\u00e1 pesquisou sobre cidadania europeia, provavelmente percebeu um fen\u00f4meno curioso: milh\u00f5es de brasileiros podem ter direito \u00e0 cidadania portuguesa e muitos nem sabem<\/p>\n\t\t<\/div>\n\t\t\n\t\t<a class=\"elementor-post__read-more\" href=\"https:\/\/gioppoeconti.com.br\/blog\/por-que-brasileiros-tem-direito-cidadania-portuguesa\/\" aria-label=\"Read more about Por que tantos brasileiros t\u00eam direito \u00e0 cidadania portuguesa?\" tabindex=\"-1\" >\n\t\t\tSaiba mais\t\t<\/a>\n\n\t\t\t\t<\/div>\n\t\t\t\t\t<\/div>\n\t\t<\/article>\n\t\t\t\t<article class=\"elementor-post elementor-grid-item post-6858 post type-post status-publish format-standard has-post-thumbnail hentry category-cidadania-italiana category-noticias tag-cidadania tag-cidadania-europeia tag-decreto-tajani tag-lei tag-novas-regras tag-vitoria\" role=\"listitem\">\n\t\t\t<div class=\"elementor-post__card\">\n\t\t\t\t<a class=\"elementor-post__thumbnail__link\" href=\"https:\/\/gioppoeconti.com.br\/blog\/cidadania-italiana-decreto-tajani-decisao-justica\/\" tabindex=\"-1\" ><div class=\"elementor-post__thumbnail\"><img loading=\"lazy\" decoding=\"async\" width=\"768\" height=\"655\" src=\"https:\/\/gioppoeconti.com.br\/blog\/wp-content\/uploads\/2026\/03\/sarahpassos-passport-2510290-768x655.jpg\" class=\"attachment-medium_large size-medium_large wp-image-6860\" alt=\"\" srcset=\"https:\/\/gioppoeconti.com.br\/blog\/wp-content\/uploads\/2026\/03\/sarahpassos-passport-2510290-768x655.jpg 768w, https:\/\/gioppoeconti.com.br\/blog\/wp-content\/uploads\/2026\/03\/sarahpassos-passport-2510290-300x256.jpg 300w, https:\/\/gioppoeconti.com.br\/blog\/wp-content\/uploads\/2026\/03\/sarahpassos-passport-2510290-1024x874.jpg 1024w, https:\/\/gioppoeconti.com.br\/blog\/wp-content\/uploads\/2026\/03\/sarahpassos-passport-2510290-1536x1310.jpg 1536w, https:\/\/gioppoeconti.com.br\/blog\/wp-content\/uploads\/2026\/03\/sarahpassos-passport-2510290-2048x1747.jpg 2048w\" sizes=\"(max-width: 768px) 100vw, 768px\" \/><\/div><\/a>\n\t\t\t\t<div class=\"elementor-post__badge\">Cidadania Italiana<\/div>\n\t\t\t\t<div class=\"elementor-post__text\">\n\t\t\t\t<h1 class=\"elementor-post__title\">\n\t\t\t<a href=\"https:\/\/gioppoeconti.com.br\/blog\/cidadania-italiana-decreto-tajani-decisao-justica\/\" >\n\t\t\t\tPrimeira vit\u00f3ria na Justi\u00e7a ap\u00f3s o Decreto Tajani reacende esperan\u00e7a para cidadania italiana\t\t\t<\/a>\n\t\t<\/h1>\n\t\t\t\t<div class=\"elementor-post__excerpt\">\n\t\t\t<p>A cidadania italiana por descend\u00eancia voltou ao centro do debate jur\u00eddico internacional ap\u00f3s uma decis\u00e3o recente da Justi\u00e7a italiana que reconheceu o direito de um<\/p>\n\t\t<\/div>\n\t\t\n\t\t<a class=\"elementor-post__read-more\" href=\"https:\/\/gioppoeconti.com.br\/blog\/cidadania-italiana-decreto-tajani-decisao-justica\/\" aria-label=\"Read more about Primeira vit\u00f3ria na Justi\u00e7a ap\u00f3s o Decreto Tajani reacende esperan\u00e7a para cidadania italiana\" tabindex=\"-1\" >\n\t\t\tSaiba mais\t\t<\/a>\n\n\t\t\t\t<\/div>\n\t\t\t\t\t<\/div>\n\t\t<\/article>\n\t\t\t\t<article class=\"elementor-post elementor-grid-item post-6852 post type-post status-publish format-standard has-post-thumbnail hentry category-cidadania-italiana category-cidadania-portuguesa tag-brasileiros tag-cidadania-europeia tag-cidadania-italiana tag-cidadania-portuguesa tag-plano-b\" role=\"listitem\">\n\t\t\t<div class=\"elementor-post__card\">\n\t\t\t\t<a class=\"elementor-post__thumbnail__link\" href=\"https:\/\/gioppoeconti.com.br\/blog\/plano-b-internacional-brasileiros-portugal-italia\/\" tabindex=\"-1\" ><div class=\"elementor-post__thumbnail\"><img loading=\"lazy\" decoding=\"async\" width=\"768\" height=\"512\" src=\"https:\/\/gioppoeconti.com.br\/blog\/wp-content\/uploads\/2026\/03\/user1505195587-women-5802098-768x512.jpg\" class=\"attachment-medium_large size-medium_large wp-image-6853\" alt=\"\" srcset=\"https:\/\/gioppoeconti.com.br\/blog\/wp-content\/uploads\/2026\/03\/user1505195587-women-5802098-768x512.jpg 768w, https:\/\/gioppoeconti.com.br\/blog\/wp-content\/uploads\/2026\/03\/user1505195587-women-5802098-300x200.jpg 300w, https:\/\/gioppoeconti.com.br\/blog\/wp-content\/uploads\/2026\/03\/user1505195587-women-5802098-1024x683.jpg 1024w, https:\/\/gioppoeconti.com.br\/blog\/wp-content\/uploads\/2026\/03\/user1505195587-women-5802098-1536x1024.jpg 1536w, https:\/\/gioppoeconti.com.br\/blog\/wp-content\/uploads\/2026\/03\/user1505195587-women-5802098-2048x1365.jpg 2048w, https:\/\/gioppoeconti.com.br\/blog\/wp-content\/uploads\/2026\/03\/user1505195587-women-5802098-930x620.jpg 930w\" sizes=\"(max-width: 768px) 100vw, 768px\" \/><\/div><\/a>\n\t\t\t\t<div class=\"elementor-post__badge\">Cidadania Italiana<\/div>\n\t\t\t\t<div class=\"elementor-post__text\">\n\t\t\t\t<h1 class=\"elementor-post__title\">\n\t\t\t<a href=\"https:\/\/gioppoeconti.com.br\/blog\/plano-b-internacional-brasileiros-portugal-italia\/\" >\n\t\t\t\tPlano B internacional: por que mais brasileiros est\u00e3o olhando para Portugal e It\u00e1lia\t\t\t<\/a>\n\t\t<\/h1>\n\t\t\t\t<div class=\"elementor-post__excerpt\">\n\t\t\t<p>Em um cen\u00e1rio de instabilidade econ\u00f4mica, inseguran\u00e7a e preocupa\u00e7\u00e3o com o futuro, cresce entre brasileiros a busca por alternativas concretas de mobilidade, prote\u00e7\u00e3o e qualidade<\/p>\n\t\t<\/div>\n\t\t\n\t\t<a class=\"elementor-post__read-more\" href=\"https:\/\/gioppoeconti.com.br\/blog\/plano-b-internacional-brasileiros-portugal-italia\/\" aria-label=\"Read more about Plano B internacional: por que mais brasileiros est\u00e3o olhando para Portugal e It\u00e1lia\" tabindex=\"-1\" >\n\t\t\tSaiba mais\t\t<\/a>\n\n\t\t\t\t<\/div>\n\t\t\t\t\t<\/div>\n\t\t<\/article>\n\t\t\t\t<article class=\"elementor-post elementor-grid-item post-6827 post type-post status-publish format-standard has-post-thumbnail hentry category-cidadania-italiana tag-cidadania-europeia tag-cidadania-italiana tag-corte-constitucional tag-lei tag-novas-regras\" role=\"listitem\">\n\t\t\t<div class=\"elementor-post__card\">\n\t\t\t\t<a class=\"elementor-post__thumbnail__link\" href=\"https:\/\/gioppoeconti.com.br\/blog\/entrevista-cbn-especialista-advogado-cidadania-italiana\/\" tabindex=\"-1\" ><div class=\"elementor-post__thumbnail\"><img loading=\"lazy\" decoding=\"async\" width=\"768\" height=\"410\" src=\"https:\/\/gioppoeconti.com.br\/blog\/wp-content\/uploads\/2026\/03\/pcdazero-flag-1624842_1280-768x410.jpg\" class=\"attachment-medium_large size-medium_large wp-image-6828\" alt=\"\" srcset=\"https:\/\/gioppoeconti.com.br\/blog\/wp-content\/uploads\/2026\/03\/pcdazero-flag-1624842_1280-768x410.jpg 768w, https:\/\/gioppoeconti.com.br\/blog\/wp-content\/uploads\/2026\/03\/pcdazero-flag-1624842_1280-300x160.jpg 300w, https:\/\/gioppoeconti.com.br\/blog\/wp-content\/uploads\/2026\/03\/pcdazero-flag-1624842_1280-1024x546.jpg 1024w, https:\/\/gioppoeconti.com.br\/blog\/wp-content\/uploads\/2026\/03\/pcdazero-flag-1624842_1280.jpg 1280w\" sizes=\"(max-width: 768px) 100vw, 768px\" \/><\/div><\/a>\n\t\t\t\t<div class=\"elementor-post__badge\">Cidadania Italiana<\/div>\n\t\t\t\t<div class=\"elementor-post__text\">\n\t\t\t\t<h1 class=\"elementor-post__title\">\n\t\t\t<a href=\"https:\/\/gioppoeconti.com.br\/blog\/entrevista-cbn-especialista-advogado-cidadania-italiana\/\" >\n\t\t\t\tCidadania italiana: \u00e9 preciso aguardar novas etapas do julgamento da Corte ap\u00f3s rejei\u00e7\u00e3o de recurso, diz especialista\t\t\t<\/a>\n\t\t<\/h1>\n\t\t\t\t<div class=\"elementor-post__excerpt\">\n\t\t\t<p>A Corte Constitucional da It\u00e1lia rejeitou o recurso que alegava inconstitucionalidade da nova lei que restringiu a concess\u00e3o de cidadania italiana. Com a senten\u00e7a, a<\/p>\n\t\t<\/div>\n\t\t\n\t\t<a class=\"elementor-post__read-more\" href=\"https:\/\/gioppoeconti.com.br\/blog\/entrevista-cbn-especialista-advogado-cidadania-italiana\/\" aria-label=\"Read more about Cidadania italiana: \u00e9 preciso aguardar novas etapas do julgamento da Corte ap\u00f3s rejei\u00e7\u00e3o de recurso, diz especialista\" tabindex=\"-1\" >\n\t\t\tSaiba mais\t\t<\/a>\n\n\t\t\t\t<\/div>\n\t\t\t\t\t<\/div>\n\t\t<\/article>\n\t\t\t\t<article class=\"elementor-post elementor-grid-item post-6817 post type-post status-publish format-standard has-post-thumbnail hentry category-cidadania-italiana category-noticias tag-cidadania-europeia tag-cidadania-italiana tag-criancas tag-lei\" role=\"listitem\">\n\t\t\t<div class=\"elementor-post__card\">\n\t\t\t\t<a class=\"elementor-post__thumbnail__link\" href=\"https:\/\/gioppoeconti.com.br\/blog\/prazo-ampliado-para-cidadania-italiana-de-menores-ate-2029-vira-lei\/\" tabindex=\"-1\" ><div class=\"elementor-post__thumbnail\"><img loading=\"lazy\" decoding=\"async\" width=\"768\" height=\"523\" src=\"https:\/\/gioppoeconti.com.br\/blog\/wp-content\/uploads\/2026\/03\/pexels-children-2178857_1920-768x523.jpg\" class=\"attachment-medium_large size-medium_large wp-image-6818\" alt=\"\" srcset=\"https:\/\/gioppoeconti.com.br\/blog\/wp-content\/uploads\/2026\/03\/pexels-children-2178857_1920-768x523.jpg 768w, https:\/\/gioppoeconti.com.br\/blog\/wp-content\/uploads\/2026\/03\/pexels-children-2178857_1920-300x204.jpg 300w, https:\/\/gioppoeconti.com.br\/blog\/wp-content\/uploads\/2026\/03\/pexels-children-2178857_1920-1024x698.jpg 1024w, https:\/\/gioppoeconti.com.br\/blog\/wp-content\/uploads\/2026\/03\/pexels-children-2178857_1920-1536x1046.jpg 1536w, https:\/\/gioppoeconti.com.br\/blog\/wp-content\/uploads\/2026\/03\/pexels-children-2178857_1920.jpg 1920w\" sizes=\"(max-width: 768px) 100vw, 768px\" \/><\/div><\/a>\n\t\t\t\t<div class=\"elementor-post__badge\">Cidadania Italiana<\/div>\n\t\t\t\t<div class=\"elementor-post__text\">\n\t\t\t\t<h1 class=\"elementor-post__title\">\n\t\t\t<a href=\"https:\/\/gioppoeconti.com.br\/blog\/prazo-ampliado-para-cidadania-italiana-de-menores-ate-2029-vira-lei\/\" >\n\t\t\t\tPrazo ampliado para cidadania italiana de menores at\u00e9 2029 vira lei\t\t\t<\/a>\n\t\t<\/h1>\n\t\t\t\t<div class=\"elementor-post__excerpt\">\n\t\t\t<p>Italianismo &#8211; 03\/ 03\/2026 \u00c9 oficial: o prazo para a declara\u00e7\u00e3o de vontade da cidadania italiana por menores foi prorrogado at\u00e9 31 de maio de<\/p>\n\t\t<\/div>\n\t\t\n\t\t<a class=\"elementor-post__read-more\" href=\"https:\/\/gioppoeconti.com.br\/blog\/prazo-ampliado-para-cidadania-italiana-de-menores-ate-2029-vira-lei\/\" aria-label=\"Read more about Prazo ampliado para cidadania italiana de menores at\u00e9 2029 vira lei\" tabindex=\"-1\" >\n\t\t\tSaiba mais\t\t<\/a>\n\n\t\t\t\t<\/div>\n\t\t\t\t\t<\/div>\n\t\t<\/article>\n\t\t\t\t<article class=\"elementor-post elementor-grid-item post-6810 post type-post status-publish format-standard has-post-thumbnail hentry category-cidadania-italiana tag-cidadania-europeia tag-cidadania-italiana tag-corte-constitucional tag-decreto tag-processos\" role=\"listitem\">\n\t\t\t<div class=\"elementor-post__card\">\n\t\t\t\t<a class=\"elementor-post__thumbnail__link\" href=\"https:\/\/gioppoeconti.com.br\/blog\/cidadania-italiana-processos-tema-corte-constitucional\/\" tabindex=\"-1\" ><div class=\"elementor-post__thumbnail\"><img loading=\"lazy\" decoding=\"async\" width=\"768\" height=\"512\" src=\"https:\/\/gioppoeconti.com.br\/blog\/wp-content\/uploads\/2026\/03\/pcdazero-torre-3690966_1920-768x512.jpg\" class=\"attachment-medium_large size-medium_large wp-image-6811\" alt=\"\" srcset=\"https:\/\/gioppoeconti.com.br\/blog\/wp-content\/uploads\/2026\/03\/pcdazero-torre-3690966_1920-768x512.jpg 768w, https:\/\/gioppoeconti.com.br\/blog\/wp-content\/uploads\/2026\/03\/pcdazero-torre-3690966_1920-300x200.jpg 300w, https:\/\/gioppoeconti.com.br\/blog\/wp-content\/uploads\/2026\/03\/pcdazero-torre-3690966_1920-1024x683.jpg 1024w, https:\/\/gioppoeconti.com.br\/blog\/wp-content\/uploads\/2026\/03\/pcdazero-torre-3690966_1920-1536x1024.jpg 1536w, https:\/\/gioppoeconti.com.br\/blog\/wp-content\/uploads\/2026\/03\/pcdazero-torre-3690966_1920-930x620.jpg 930w, https:\/\/gioppoeconti.com.br\/blog\/wp-content\/uploads\/2026\/03\/pcdazero-torre-3690966_1920.jpg 1920w\" sizes=\"(max-width: 768px) 100vw, 768px\" \/><\/div><\/a>\n\t\t\t\t<div class=\"elementor-post__badge\">Cidadania Italiana<\/div>\n\t\t\t\t<div class=\"elementor-post__text\">\n\t\t\t\t<h1 class=\"elementor-post__title\">\n\t\t\t<a href=\"https:\/\/gioppoeconti.com.br\/blog\/cidadania-italiana-processos-tema-corte-constitucional\/\" >\n\t\t\t\tCidadania italiana: entenda os processos que levaram o tema \u00e0 Corte Constitucional\t\t\t<\/a>\n\t\t<\/h1>\n\t\t\t\t<div class=\"elementor-post__excerpt\">\n\t\t\t<p>Casos de Campobasso chegam \u00e0 Corte Constitucional: o que est\u00e1 em jogo no julgamento da cidadania italiana em 11 de mar\u00e7o Dois processos originados no<\/p>\n\t\t<\/div>\n\t\t\n\t\t<a class=\"elementor-post__read-more\" href=\"https:\/\/gioppoeconti.com.br\/blog\/cidadania-italiana-processos-tema-corte-constitucional\/\" aria-label=\"Read more about Cidadania italiana: entenda os processos que levaram o tema \u00e0 Corte Constitucional\" tabindex=\"-1\" >\n\t\t\tSaiba mais\t\t<\/a>\n\n\t\t\t\t<\/div>\n\t\t\t\t\t<\/div>\n\t\t<\/article>\n\t\t\t\t<article class=\"elementor-post elementor-grid-item post-6807 post type-post status-publish format-standard has-post-thumbnail hentry category-cidadania-italiana category-noticias tag-cidadania-europeia tag-cidadania-italiana tag-decreto tag-lei tag-novas-regras tag-tribunal-de-palermo\" role=\"listitem\">\n\t\t\t<div class=\"elementor-post__card\">\n\t\t\t\t<a class=\"elementor-post__thumbnail__link\" href=\"https:\/\/gioppoeconti.com.br\/blog\/nova-lei-tribunal-palermo-reconhece-cidadania-italiana\/\" tabindex=\"-1\" ><div class=\"elementor-post__thumbnail\"><img loading=\"lazy\" decoding=\"async\" width=\"768\" height=\"384\" src=\"https:\/\/gioppoeconti.com.br\/blog\/wp-content\/uploads\/2026\/02\/mrwashingt0n-ai-generated-8866846_1280-768x384.jpg\" class=\"attachment-medium_large size-medium_large wp-image-6808\" alt=\"\" srcset=\"https:\/\/gioppoeconti.com.br\/blog\/wp-content\/uploads\/2026\/02\/mrwashingt0n-ai-generated-8866846_1280-768x384.jpg 768w, https:\/\/gioppoeconti.com.br\/blog\/wp-content\/uploads\/2026\/02\/mrwashingt0n-ai-generated-8866846_1280-300x150.jpg 300w, https:\/\/gioppoeconti.com.br\/blog\/wp-content\/uploads\/2026\/02\/mrwashingt0n-ai-generated-8866846_1280-1024x512.jpg 1024w, https:\/\/gioppoeconti.com.br\/blog\/wp-content\/uploads\/2026\/02\/mrwashingt0n-ai-generated-8866846_1280.jpg 1280w\" sizes=\"(max-width: 768px) 100vw, 768px\" \/><\/div><\/a>\n\t\t\t\t<div class=\"elementor-post__badge\">Cidadania Italiana<\/div>\n\t\t\t\t<div class=\"elementor-post__text\">\n\t\t\t\t<h1 class=\"elementor-post__title\">\n\t\t\t<a href=\"https:\/\/gioppoeconti.com.br\/blog\/nova-lei-tribunal-palermo-reconhece-cidadania-italiana\/\" >\n\t\t\t\tApesar de aplicar nova lei, Tribunal de Palermo reconhece cidadania italiana e enfrenta Decreto 36\/2025\t\t\t<\/a>\n\t\t<\/h1>\n\t\t\t\t<div class=\"elementor-post__excerpt\">\n\t\t\t<p>Tribunal de Palermo reconhece cidadania italiana de cinco descendentes mesmo sob a nova lei restritiva decis\u00e3o refor\u00e7a que as exce\u00e7\u00f5es do \u201cDecreto da Vergonha\u201d podem<\/p>\n\t\t<\/div>\n\t\t\n\t\t<a class=\"elementor-post__read-more\" href=\"https:\/\/gioppoeconti.com.br\/blog\/nova-lei-tribunal-palermo-reconhece-cidadania-italiana\/\" aria-label=\"Read more about Apesar de aplicar nova lei, Tribunal de Palermo reconhece cidadania italiana e enfrenta Decreto 36\/2025\" tabindex=\"-1\" >\n\t\t\tSaiba mais\t\t<\/a>\n\n\t\t\t\t<\/div>\n\t\t\t\t\t<\/div>\n\t\t<\/article>\n\t\t\t\t<article class=\"elementor-post elementor-grid-item post-6803 post type-post status-publish format-standard has-post-thumbnail hentry category-cidadania-europeia category-cidadania-italiana category-noticias tag-camara tag-cidadania tag-cidadania-europeia tag-cidadania-italiana\" role=\"listitem\">\n\t\t\t<div class=\"elementor-post__card\">\n\t\t\t\t<a class=\"elementor-post__thumbnail__link\" href=\"https:\/\/gioppoeconti.com.br\/blog\/camara-aprova-prazo-cidadania-italiana-menores\/\" tabindex=\"-1\" ><div class=\"elementor-post__thumbnail\"><img loading=\"lazy\" decoding=\"async\" width=\"768\" height=\"512\" src=\"https:\/\/gioppoeconti.com.br\/blog\/wp-content\/uploads\/2026\/02\/2147792-mama-5098862_1280-768x512.jpg\" class=\"attachment-medium_large size-medium_large wp-image-6804\" alt=\"\" srcset=\"https:\/\/gioppoeconti.com.br\/blog\/wp-content\/uploads\/2026\/02\/2147792-mama-5098862_1280-768x512.jpg 768w, https:\/\/gioppoeconti.com.br\/blog\/wp-content\/uploads\/2026\/02\/2147792-mama-5098862_1280-300x200.jpg 300w, https:\/\/gioppoeconti.com.br\/blog\/wp-content\/uploads\/2026\/02\/2147792-mama-5098862_1280-1024x682.jpg 1024w, https:\/\/gioppoeconti.com.br\/blog\/wp-content\/uploads\/2026\/02\/2147792-mama-5098862_1280-930x620.jpg 930w, https:\/\/gioppoeconti.com.br\/blog\/wp-content\/uploads\/2026\/02\/2147792-mama-5098862_1280.jpg 1280w\" sizes=\"(max-width: 768px) 100vw, 768px\" \/><\/div><\/a>\n\t\t\t\t<div class=\"elementor-post__badge\">Cidadania Europeia<\/div>\n\t\t\t\t<div class=\"elementor-post__text\">\n\t\t\t\t<h1 class=\"elementor-post__title\">\n\t\t\t<a href=\"https:\/\/gioppoeconti.com.br\/blog\/camara-aprova-prazo-cidadania-italiana-menores\/\" >\n\t\t\t\tC\u00e2mara aprova texto que prorroga prazo da cidadania italiana para menores at\u00e9 2029\t\t\t<\/a>\n\t\t<\/h1>\n\t\t\t\t<div class=\"elementor-post__excerpt\">\n\t\t\t<p>Italianismo17\/02\/2026 A C\u00e2mara dos Deputados da It\u00e1lia aprovou em comiss\u00e3o o texto que prorroga at\u00e9 31 de maio de 2029 o prazo para pais declararem<\/p>\n\t\t<\/div>\n\t\t\n\t\t<a class=\"elementor-post__read-more\" href=\"https:\/\/gioppoeconti.com.br\/blog\/camara-aprova-prazo-cidadania-italiana-menores\/\" aria-label=\"Read more about C\u00e2mara aprova texto que prorroga prazo da cidadania italiana para menores at\u00e9 2029\" tabindex=\"-1\" >\n\t\t\tSaiba mais\t\t<\/a>\n\n\t\t\t\t<\/div>\n\t\t\t\t\t<\/div>\n\t\t<\/article>\n\t\t\t\t<article class=\"elementor-post elementor-grid-item post-6800 post type-post status-publish format-standard has-post-thumbnail hentry category-cidadania-europeia category-noticias tag-assessoria-juridica tag-cidadania-europeia tag-cidadania-italiana tag-cidadania-portuguesa\" role=\"listitem\">\n\t\t\t<div class=\"elementor-post__card\">\n\t\t\t\t<a class=\"elementor-post__thumbnail__link\" href=\"https:\/\/gioppoeconti.com.br\/blog\/riscos-iniciar-cidadania-europeia-sem-assessoria-juridica-especializada\/\" tabindex=\"-1\" ><div class=\"elementor-post__thumbnail\"><img loading=\"lazy\" decoding=\"async\" width=\"768\" height=\"512\" src=\"https:\/\/gioppoeconti.com.br\/blog\/wp-content\/uploads\/2026\/02\/advogadoaguilar-man-5806015_1280-768x512.jpg\" class=\"attachment-medium_large size-medium_large wp-image-6826\" alt=\"\" srcset=\"https:\/\/gioppoeconti.com.br\/blog\/wp-content\/uploads\/2026\/02\/advogadoaguilar-man-5806015_1280-768x512.jpg 768w, https:\/\/gioppoeconti.com.br\/blog\/wp-content\/uploads\/2026\/02\/advogadoaguilar-man-5806015_1280-300x200.jpg 300w, https:\/\/gioppoeconti.com.br\/blog\/wp-content\/uploads\/2026\/02\/advogadoaguilar-man-5806015_1280-1024x682.jpg 1024w, https:\/\/gioppoeconti.com.br\/blog\/wp-content\/uploads\/2026\/02\/advogadoaguilar-man-5806015_1280-930x620.jpg 930w, https:\/\/gioppoeconti.com.br\/blog\/wp-content\/uploads\/2026\/02\/advogadoaguilar-man-5806015_1280.jpg 1280w\" sizes=\"(max-width: 768px) 100vw, 768px\" \/><\/div><\/a>\n\t\t\t\t<div class=\"elementor-post__badge\">Cidadania Europeia<\/div>\n\t\t\t\t<div class=\"elementor-post__text\">\n\t\t\t\t<h1 class=\"elementor-post__title\">\n\t\t\t<a href=\"https:\/\/gioppoeconti.com.br\/blog\/riscos-iniciar-cidadania-europeia-sem-assessoria-juridica-especializada\/\" >\n\t\t\t\tOs riscos de iniciar a cidadania europeia sem assessoria jur\u00eddica especializada\t\t\t<\/a>\n\t\t<\/h1>\n\t\t\t\t<div class=\"elementor-post__excerpt\">\n\t\t\t<p>O interesse pela cidadania europeia cresceu e com ele, a quantidade de pessoas que tentam iniciar o processo por conta pr\u00f3pria ou com base em<\/p>\n\t\t<\/div>\n\t\t\n\t\t<a class=\"elementor-post__read-more\" href=\"https:\/\/gioppoeconti.com.br\/blog\/riscos-iniciar-cidadania-europeia-sem-assessoria-juridica-especializada\/\" aria-label=\"Read more about Os riscos de iniciar a cidadania europeia sem assessoria jur\u00eddica especializada\" tabindex=\"-1\" >\n\t\t\tSaiba mais\t\t<\/a>\n\n\t\t\t\t<\/div>\n\t\t\t\t\t<\/div>\n\t\t<\/article>\n\t\t\t\t<article class=\"elementor-post elementor-grid-item post-6795 post type-post status-publish format-standard has-post-thumbnail hentry category-cidadania-italiana category-noticias tag-cidadania-italiana tag-corte-constitucional tag-lei\" role=\"listitem\">\n\t\t\t<div class=\"elementor-post__card\">\n\t\t\t\t<a class=\"elementor-post__thumbnail__link\" href=\"https:\/\/gioppoeconti.com.br\/blog\/corte-constitucional-questionamento-lei-restringe-cidadania-italaina\/\" tabindex=\"-1\" ><div class=\"elementor-post__thumbnail\"><img loading=\"lazy\" decoding=\"async\" width=\"768\" height=\"576\" src=\"https:\/\/gioppoeconti.com.br\/blog\/wp-content\/uploads\/2026\/02\/moritz320-italy-flag-2641128_1280-768x576.jpg\" class=\"attachment-medium_large size-medium_large wp-image-6796\" alt=\"\" srcset=\"https:\/\/gioppoeconti.com.br\/blog\/wp-content\/uploads\/2026\/02\/moritz320-italy-flag-2641128_1280-768x576.jpg 768w, https:\/\/gioppoeconti.com.br\/blog\/wp-content\/uploads\/2026\/02\/moritz320-italy-flag-2641128_1280-300x225.jpg 300w, https:\/\/gioppoeconti.com.br\/blog\/wp-content\/uploads\/2026\/02\/moritz320-italy-flag-2641128_1280-1024x768.jpg 1024w, https:\/\/gioppoeconti.com.br\/blog\/wp-content\/uploads\/2026\/02\/moritz320-italy-flag-2641128_1280.jpg 1280w\" sizes=\"(max-width: 768px) 100vw, 768px\" \/><\/div><\/a>\n\t\t\t\t<div class=\"elementor-post__badge\">Cidadania Italiana<\/div>\n\t\t\t\t<div class=\"elementor-post__text\">\n\t\t\t\t<h1 class=\"elementor-post__title\">\n\t\t\t<a href=\"https:\/\/gioppoeconti.com.br\/blog\/corte-constitucional-questionamento-lei-restringe-cidadania-italaina\/\" >\n\t\t\t\tCorte Constitucional recebe quarto questionamento contra lei que restringe cidadania italiana\t\t\t<\/a>\n\t\t<\/h1>\n\t\t\t\t<div class=\"elementor-post__excerpt\">\n\t\t\t<p>Italianismo 11\/02\/2026 A ofensiva jur\u00eddica contra o artigo 3-bis da Lei 91\/1992 ganha for\u00e7a.O Tribunal de Campobasso suspendeu mais um processo e enviou \u00e0 Corte<\/p>\n\t\t<\/div>\n\t\t\n\t\t<a class=\"elementor-post__read-more\" href=\"https:\/\/gioppoeconti.com.br\/blog\/corte-constitucional-questionamento-lei-restringe-cidadania-italaina\/\" aria-label=\"Read more about Corte Constitucional recebe quarto questionamento contra lei que restringe cidadania italiana\" tabindex=\"-1\" >\n\t\t\tSaiba mais\t\t<\/a>\n\n\t\t\t\t<\/div>\n\t\t\t\t\t<\/div>\n\t\t<\/article>\n\t\t\t\t<article class=\"elementor-post elementor-grid-item post-6791 post type-post status-publish format-standard has-post-thumbnail hentry category-cidadania-europeia category-noticias tag-cidadania-europeia tag-cidadania-italiana tag-cidadania-portuguesa tag-estrategia\" role=\"listitem\">\n\t\t\t<div class=\"elementor-post__card\">\n\t\t\t\t<a class=\"elementor-post__thumbnail__link\" href=\"https:\/\/gioppoeconti.com.br\/blog\/cidadania-europeia-estrategia-familias-brasileiras\/\" tabindex=\"-1\" ><div class=\"elementor-post__thumbnail\"><img loading=\"lazy\" decoding=\"async\" width=\"768\" height=\"512\" src=\"https:\/\/gioppoeconti.com.br\/blog\/wp-content\/uploads\/2026\/02\/smiling_vivian-family-4477874_1280-1-768x512.jpg\" class=\"attachment-medium_large size-medium_large wp-image-6794\" alt=\"\" srcset=\"https:\/\/gioppoeconti.com.br\/blog\/wp-content\/uploads\/2026\/02\/smiling_vivian-family-4477874_1280-1-768x512.jpg 768w, https:\/\/gioppoeconti.com.br\/blog\/wp-content\/uploads\/2026\/02\/smiling_vivian-family-4477874_1280-1-300x200.jpg 300w, https:\/\/gioppoeconti.com.br\/blog\/wp-content\/uploads\/2026\/02\/smiling_vivian-family-4477874_1280-1-1024x682.jpg 1024w, https:\/\/gioppoeconti.com.br\/blog\/wp-content\/uploads\/2026\/02\/smiling_vivian-family-4477874_1280-1-930x620.jpg 930w, https:\/\/gioppoeconti.com.br\/blog\/wp-content\/uploads\/2026\/02\/smiling_vivian-family-4477874_1280-1.jpg 1280w\" sizes=\"(max-width: 768px) 100vw, 768px\" \/><\/div><\/a>\n\t\t\t\t<div class=\"elementor-post__badge\">Cidadania Europeia<\/div>\n\t\t\t\t<div class=\"elementor-post__text\">\n\t\t\t\t<h1 class=\"elementor-post__title\">\n\t\t\t<a href=\"https:\/\/gioppoeconti.com.br\/blog\/cidadania-europeia-estrategia-familias-brasileiras\/\" >\n\t\t\t\tCidadania europeia como estrat\u00e9gia de longo prazo para fam\u00edlias brasileiras\t\t\t<\/a>\n\t\t<\/h1>\n\t\t\t\t<div class=\"elementor-post__excerpt\">\n\t\t\t<p>Por muito tempo, a cidadania europeia foi tratada como um documento.Um passaporte.Um benef\u00edcio individual, muitas vezes associado apenas \u00e0 ideia de morar fora. Hoje, cada<\/p>\n\t\t<\/div>\n\t\t\n\t\t<a class=\"elementor-post__read-more\" href=\"https:\/\/gioppoeconti.com.br\/blog\/cidadania-europeia-estrategia-familias-brasileiras\/\" aria-label=\"Read more about Cidadania europeia como estrat\u00e9gia de longo prazo para fam\u00edlias brasileiras\" tabindex=\"-1\" >\n\t\t\tSaiba mais\t\t<\/a>\n\n\t\t\t\t<\/div>\n\t\t\t\t\t<\/div>\n\t\t<\/article>\n\t\t\t\t<article class=\"elementor-post elementor-grid-item post-6788 post type-post status-publish format-standard has-post-thumbnail hentry category-cidadania-europeia category-noticias tag-cidadania tag-cidadania-europeia tag-direitos tag-italia tag-portugal\" role=\"listitem\">\n\t\t\t<div class=\"elementor-post__card\">\n\t\t\t\t<a class=\"elementor-post__thumbnail__link\" href=\"https:\/\/gioppoeconti.com.br\/blog\/cidadania-italiana-portuguesa-caminhos-diferentes-direitos\/\" tabindex=\"-1\" ><div class=\"elementor-post__thumbnail\"><img loading=\"lazy\" decoding=\"async\" width=\"768\" height=\"512\" src=\"https:\/\/gioppoeconti.com.br\/blog\/wp-content\/uploads\/2026\/01\/consulting-3031678_1280-768x512.jpg\" class=\"attachment-medium_large size-medium_large wp-image-6789\" alt=\"\" srcset=\"https:\/\/gioppoeconti.com.br\/blog\/wp-content\/uploads\/2026\/01\/consulting-3031678_1280-768x512.jpg 768w, https:\/\/gioppoeconti.com.br\/blog\/wp-content\/uploads\/2026\/01\/consulting-3031678_1280-300x200.jpg 300w, https:\/\/gioppoeconti.com.br\/blog\/wp-content\/uploads\/2026\/01\/consulting-3031678_1280-1024x682.jpg 1024w, https:\/\/gioppoeconti.com.br\/blog\/wp-content\/uploads\/2026\/01\/consulting-3031678_1280-930x620.jpg 930w, https:\/\/gioppoeconti.com.br\/blog\/wp-content\/uploads\/2026\/01\/consulting-3031678_1280.jpg 1280w\" sizes=\"(max-width: 768px) 100vw, 768px\" \/><\/div><\/a>\n\t\t\t\t<div class=\"elementor-post__badge\">Cidadania Europeia<\/div>\n\t\t\t\t<div class=\"elementor-post__text\">\n\t\t\t\t<h1 class=\"elementor-post__title\">\n\t\t\t<a href=\"https:\/\/gioppoeconti.com.br\/blog\/cidadania-italiana-portuguesa-caminhos-diferentes-direitos\/\" >\n\t\t\t\tCidadania italiana e portuguesa: caminhos diferentes, direitos preservados\t\t\t<\/a>\n\t\t<\/h1>\n\t\t\t\t<div class=\"elementor-post__excerpt\">\n\t\t\t<p>Com o aumento das discuss\u00f5es sobre cidadania europeia, tornou-se comum comparar It\u00e1lia e Portugal como se fossem caminhos equivalentes quase intercambi\u00e1veis.Essa leitura simplificada gera um<\/p>\n\t\t<\/div>\n\t\t\n\t\t<a class=\"elementor-post__read-more\" href=\"https:\/\/gioppoeconti.com.br\/blog\/cidadania-italiana-portuguesa-caminhos-diferentes-direitos\/\" aria-label=\"Read more about Cidadania italiana e portuguesa: caminhos diferentes, direitos preservados\" tabindex=\"-1\" >\n\t\t\tSaiba mais\t\t<\/a>\n\n\t\t\t\t<\/div>\n\t\t\t\t\t<\/div>\n\t\t<\/article>\n\t\t\t\t<article class=\"elementor-post elementor-grid-item post-6785 post type-post status-publish format-standard has-post-thumbnail hentry category-cidadania-italiana category-noticias tag-cidadania-europeia tag-cidadania-italiana tag-descendencia tag-via-judicial\" role=\"listitem\">\n\t\t\t<div class=\"elementor-post__card\">\n\t\t\t\t<a class=\"elementor-post__thumbnail__link\" href=\"https:\/\/gioppoeconti.com.br\/blog\/via-judicial-principal-caminho-cidadania-dependencia\/\" tabindex=\"-1\" ><div class=\"elementor-post__thumbnail\"><img loading=\"lazy\" decoding=\"async\" width=\"768\" height=\"430\" src=\"https:\/\/gioppoeconti.com.br\/blog\/wp-content\/uploads\/2026\/01\/law-law-8429916_1280-768x430.jpg\" class=\"attachment-medium_large size-medium_large wp-image-6786\" alt=\"\" srcset=\"https:\/\/gioppoeconti.com.br\/blog\/wp-content\/uploads\/2026\/01\/law-law-8429916_1280-768x430.jpg 768w, https:\/\/gioppoeconti.com.br\/blog\/wp-content\/uploads\/2026\/01\/law-law-8429916_1280-300x168.jpg 300w, https:\/\/gioppoeconti.com.br\/blog\/wp-content\/uploads\/2026\/01\/law-law-8429916_1280-1024x574.jpg 1024w, https:\/\/gioppoeconti.com.br\/blog\/wp-content\/uploads\/2026\/01\/law-law-8429916_1280.jpg 1280w\" sizes=\"(max-width: 768px) 100vw, 768px\" \/><\/div><\/a>\n\t\t\t\t<div class=\"elementor-post__badge\">Cidadania Italiana<\/div>\n\t\t\t\t<div class=\"elementor-post__text\">\n\t\t\t\t<h1 class=\"elementor-post__title\">\n\t\t\t<a href=\"https:\/\/gioppoeconti.com.br\/blog\/via-judicial-principal-caminho-cidadania-dependencia\/\" >\n\t\t\t\tPor que a via judicial continua sendo o principal caminho para a cidadania por descend\u00eancia\t\t\t<\/a>\n\t\t<\/h1>\n\t\t\t\t<div class=\"elementor-post__excerpt\">\n\t\t\t<p>Em momentos de instabilidade normativa e debates intensos sobre cidadania por descend\u00eancia, uma pergunta se torna recorrente:qual \u00e9 o caminho que realmente protege o direito?<\/p>\n\t\t<\/div>\n\t\t\n\t\t<a class=\"elementor-post__read-more\" href=\"https:\/\/gioppoeconti.com.br\/blog\/via-judicial-principal-caminho-cidadania-dependencia\/\" aria-label=\"Read more about Por que a via judicial continua sendo o principal caminho para a cidadania por descend\u00eancia\" tabindex=\"-1\" >\n\t\t\tSaiba mais\t\t<\/a>\n\n\t\t\t\t<\/div>\n\t\t\t\t\t<\/div>\n\t\t<\/article>\n\t\t\t\t<article class=\"elementor-post elementor-grid-item post-6767 post type-post status-publish format-standard has-post-thumbnail hentry category-cidadania-europeia tag-cidadania-europeia tag-cidadania-italiana tag-cidadania-portuguesa\" role=\"listitem\">\n\t\t\t<div class=\"elementor-post__card\">\n\t\t\t\t<a class=\"elementor-post__thumbnail__link\" href=\"https:\/\/gioppoeconti.com.br\/blog\/cidadania-europeia-o-que-realmente-mudou-e-o-que-e-boato\/\" tabindex=\"-1\" ><div class=\"elementor-post__thumbnail\"><img loading=\"lazy\" decoding=\"async\" width=\"768\" height=\"510\" src=\"https:\/\/gioppoeconti.com.br\/blog\/wp-content\/uploads\/2026\/01\/europe-3483539_1280-768x510.jpg\" class=\"attachment-medium_large size-medium_large wp-image-6768\" alt=\"\" srcset=\"https:\/\/gioppoeconti.com.br\/blog\/wp-content\/uploads\/2026\/01\/europe-3483539_1280-768x510.jpg 768w, https:\/\/gioppoeconti.com.br\/blog\/wp-content\/uploads\/2026\/01\/europe-3483539_1280-300x199.jpg 300w, https:\/\/gioppoeconti.com.br\/blog\/wp-content\/uploads\/2026\/01\/europe-3483539_1280-1024x680.jpg 1024w, https:\/\/gioppoeconti.com.br\/blog\/wp-content\/uploads\/2026\/01\/europe-3483539_1280.jpg 1280w\" sizes=\"(max-width: 768px) 100vw, 768px\" \/><\/div><\/a>\n\t\t\t\t<div class=\"elementor-post__badge\">Cidadania Europeia<\/div>\n\t\t\t\t<div class=\"elementor-post__text\">\n\t\t\t\t<h1 class=\"elementor-post__title\">\n\t\t\t<a href=\"https:\/\/gioppoeconti.com.br\/blog\/cidadania-europeia-o-que-realmente-mudou-e-o-que-e-boato\/\" >\n\t\t\t\tCidadania europeia: o que realmente mudou e o que \u00e9 boato\t\t\t<\/a>\n\t\t<\/h1>\n\t\t\t\t<div class=\"elementor-post__excerpt\">\n\t\t\t<p>Nos \u00faltimos tempos, a cidadania europeia passou a ocupar espa\u00e7o constante em manchetes, redes sociais e grupos de mensagens. O problema \u00e9 que, junto com<\/p>\n\t\t<\/div>\n\t\t\n\t\t<a class=\"elementor-post__read-more\" href=\"https:\/\/gioppoeconti.com.br\/blog\/cidadania-europeia-o-que-realmente-mudou-e-o-que-e-boato\/\" aria-label=\"Read more about Cidadania europeia: o que realmente mudou e o que \u00e9 boato\" tabindex=\"-1\" >\n\t\t\tSaiba mais\t\t<\/a>\n\n\t\t\t\t<\/div>\n\t\t\t\t\t<\/div>\n\t\t<\/article>\n\t\t\t\t<article class=\"elementor-post elementor-grid-item post-6763 post type-post status-publish format-standard has-post-thumbnail hentry category-cidadania-italiana tag-cidadania-europeia tag-cidadania-italiana\" role=\"listitem\">\n\t\t\t<div class=\"elementor-post__card\">\n\t\t\t\t<a class=\"elementor-post__thumbnail__link\" href=\"https:\/\/gioppoeconti.com.br\/blog\/esperar-maior-erro-cidadania-italiana-2026\/\" tabindex=\"-1\" ><div class=\"elementor-post__thumbnail\"><img loading=\"lazy\" decoding=\"async\" width=\"768\" height=\"512\" src=\"https:\/\/gioppoeconti.com.br\/blog\/wp-content\/uploads\/2026\/01\/italy-5283352_1280-1-768x512.jpg\" class=\"attachment-medium_large size-medium_large wp-image-6766\" alt=\"\" srcset=\"https:\/\/gioppoeconti.com.br\/blog\/wp-content\/uploads\/2026\/01\/italy-5283352_1280-1-768x512.jpg 768w, https:\/\/gioppoeconti.com.br\/blog\/wp-content\/uploads\/2026\/01\/italy-5283352_1280-1-300x200.jpg 300w, https:\/\/gioppoeconti.com.br\/blog\/wp-content\/uploads\/2026\/01\/italy-5283352_1280-1-1024x682.jpg 1024w, https:\/\/gioppoeconti.com.br\/blog\/wp-content\/uploads\/2026\/01\/italy-5283352_1280-1-930x620.jpg 930w, https:\/\/gioppoeconti.com.br\/blog\/wp-content\/uploads\/2026\/01\/italy-5283352_1280-1.jpg 1280w\" sizes=\"(max-width: 768px) 100vw, 768px\" \/><\/div><\/a>\n\t\t\t\t<div class=\"elementor-post__badge\">Cidadania Italiana<\/div>\n\t\t\t\t<div class=\"elementor-post__text\">\n\t\t\t\t<h1 class=\"elementor-post__title\">\n\t\t\t<a href=\"https:\/\/gioppoeconti.com.br\/blog\/esperar-maior-erro-cidadania-italiana-2026\/\" >\n\t\t\t\tPor que esperar pode ser o maior erro de quem quer a cidadania italiana em 2026\t\t\t<\/a>\n\t\t<\/h1>\n\t\t\t\t<div class=\"elementor-post__excerpt\">\n\t\t\t<p>O ano de 2025 foi marcado por um cen\u00e1rio incomum no universo da cidadania italiana:incertezas jur\u00eddicas, decis\u00f5es em curso, debates p\u00fablicos intensos e uma avalanche<\/p>\n\t\t<\/div>\n\t\t\n\t\t<a class=\"elementor-post__read-more\" href=\"https:\/\/gioppoeconti.com.br\/blog\/esperar-maior-erro-cidadania-italiana-2026\/\" aria-label=\"Read more about Por que esperar pode ser o maior erro de quem quer a cidadania italiana em 2026\" tabindex=\"-1\" >\n\t\t\tSaiba mais\t\t<\/a>\n\n\t\t\t\t<\/div>\n\t\t\t\t\t<\/div>\n\t\t<\/article>\n\t\t\t\t<article class=\"elementor-post elementor-grid-item post-6760 post type-post status-publish format-standard has-post-thumbnail hentry category-cidadania-europeia\" role=\"listitem\">\n\t\t\t<div class=\"elementor-post__card\">\n\t\t\t\t<a class=\"elementor-post__thumbnail__link\" href=\"https:\/\/gioppoeconti.com.br\/blog\/cidadania-europeia-2026-direito-italia-portigal\/\" tabindex=\"-1\" ><div class=\"elementor-post__thumbnail\"><img loading=\"lazy\" decoding=\"async\" width=\"768\" height=\"459\" src=\"https:\/\/gioppoeconti.com.br\/blog\/wp-content\/uploads\/2026\/01\/buffer-1143485_1280-768x459.jpg\" class=\"attachment-medium_large size-medium_large wp-image-6761\" alt=\"\" srcset=\"https:\/\/gioppoeconti.com.br\/blog\/wp-content\/uploads\/2026\/01\/buffer-1143485_1280-768x459.jpg 768w, https:\/\/gioppoeconti.com.br\/blog\/wp-content\/uploads\/2026\/01\/buffer-1143485_1280-300x179.jpg 300w, https:\/\/gioppoeconti.com.br\/blog\/wp-content\/uploads\/2026\/01\/buffer-1143485_1280-1024x612.jpg 1024w, https:\/\/gioppoeconti.com.br\/blog\/wp-content\/uploads\/2026\/01\/buffer-1143485_1280.jpg 1280w\" sizes=\"(max-width: 768px) 100vw, 768px\" \/><\/div><\/a>\n\t\t\t\t<div class=\"elementor-post__badge\">Cidadania Europeia<\/div>\n\t\t\t\t<div class=\"elementor-post__text\">\n\t\t\t\t<h1 class=\"elementor-post__title\">\n\t\t\t<a href=\"https:\/\/gioppoeconti.com.br\/blog\/cidadania-europeia-2026-direito-italia-portigal\/\" >\n\t\t\t\tCidadania Europeia: o que esperar de 2026\t\t\t<\/a>\n\t\t<\/h1>\n\t\t\t\t<div class=\"elementor-post__excerpt\">\n\t\t\t<p>O direito \u00e0 cidadania europeia est\u00e1 amea\u00e7ado? N\u00e3o. O direito \u00e0 cidadania por descend\u00eancia continua existindo tanto na It\u00e1lia quanto em Portugal. O que vem<\/p>\n\t\t<\/div>\n\t\t\n\t\t<a class=\"elementor-post__read-more\" href=\"https:\/\/gioppoeconti.com.br\/blog\/cidadania-europeia-2026-direito-italia-portigal\/\" aria-label=\"Read more about Cidadania Europeia: o que esperar de 2026\" tabindex=\"-1\" >\n\t\t\tSaiba mais\t\t<\/a>\n\n\t\t\t\t<\/div>\n\t\t\t\t\t<\/div>\n\t\t<\/article>\n\t\t\t\t<article class=\"elementor-post elementor-grid-item post-6748 post type-post status-publish format-standard has-post-thumbnail hentry category-cidadania-portuguesa tag-centro-cultural tag-cidadania-europeia tag-cidadania-portuguesa tag-luso-brasileiro tag-santos\" role=\"listitem\">\n\t\t\t<div class=\"elementor-post__card\">\n\t\t\t\t<a class=\"elementor-post__thumbnail__link\" href=\"https:\/\/gioppoeconti.com.br\/blog\/centro-cultural-portugues-santos-identidade-luso-brasileira\/\" tabindex=\"-1\" ><div class=\"elementor-post__thumbnail\"><img loading=\"lazy\" decoding=\"async\" width=\"768\" height=\"539\" src=\"https:\/\/gioppoeconti.com.br\/blog\/wp-content\/uploads\/2025\/12\/portugal-1561936_1280-768x539.jpg\" class=\"attachment-medium_large size-medium_large wp-image-6749\" alt=\"\" srcset=\"https:\/\/gioppoeconti.com.br\/blog\/wp-content\/uploads\/2025\/12\/portugal-1561936_1280-768x539.jpg 768w, https:\/\/gioppoeconti.com.br\/blog\/wp-content\/uploads\/2025\/12\/portugal-1561936_1280-300x210.jpg 300w, https:\/\/gioppoeconti.com.br\/blog\/wp-content\/uploads\/2025\/12\/portugal-1561936_1280-1024x718.jpg 1024w, https:\/\/gioppoeconti.com.br\/blog\/wp-content\/uploads\/2025\/12\/portugal-1561936_1280.jpg 1280w\" sizes=\"(max-width: 768px) 100vw, 768px\" \/><\/div><\/a>\n\t\t\t\t<div class=\"elementor-post__badge\">Cidadania Portuguesa<\/div>\n\t\t\t\t<div class=\"elementor-post__text\">\n\t\t\t\t<h1 class=\"elementor-post__title\">\n\t\t\t<a href=\"https:\/\/gioppoeconti.com.br\/blog\/centro-cultural-portugues-santos-identidade-luso-brasileira\/\" >\n\t\t\t\tCentro Cultural Portugu\u00eas de Santos celebra 130 anos\t\t\t<\/a>\n\t\t<\/h1>\n\t\t\t\t<div class=\"elementor-post__excerpt\">\n\t\t\t<p>O Centro Cultural Portugu\u00eas de Santos celebrou, em novembro, seus 130 anos de hist\u00f3ria. A comemora\u00e7\u00e3o reuniu autoridades brasileiras e portuguesas, associados e representantes da<\/p>\n\t\t<\/div>\n\t\t\n\t\t<a class=\"elementor-post__read-more\" href=\"https:\/\/gioppoeconti.com.br\/blog\/centro-cultural-portugues-santos-identidade-luso-brasileira\/\" aria-label=\"Read more about Centro Cultural Portugu\u00eas de Santos celebra 130 anos\" tabindex=\"-1\" >\n\t\t\tSaiba mais\t\t<\/a>\n\n\t\t\t\t<\/div>\n\t\t\t\t\t<\/div>\n\t\t<\/article>\n\t\t\t\t<article class=\"elementor-post elementor-grid-item post-6745 post type-post status-publish format-standard has-post-thumbnail hentry category-cidadania-italiana tag-cidadania-italiana tag-decreto tag-decreto-da-vergonha tag-sentencas\" role=\"listitem\">\n\t\t\t<div class=\"elementor-post__card\">\n\t\t\t\t<a class=\"elementor-post__thumbnail__link\" href=\"https:\/\/gioppoeconti.com.br\/blog\/retroatividade-decreto-cidadania-italiana\/\" tabindex=\"-1\" ><div class=\"elementor-post__thumbnail\"><img loading=\"lazy\" decoding=\"async\" width=\"768\" height=\"512\" src=\"https:\/\/gioppoeconti.com.br\/blog\/wp-content\/uploads\/2025\/12\/verdict-9448861_1280-768x512.jpg\" class=\"attachment-medium_large size-medium_large wp-image-6746\" alt=\"\" srcset=\"https:\/\/gioppoeconti.com.br\/blog\/wp-content\/uploads\/2025\/12\/verdict-9448861_1280-768x512.jpg 768w, https:\/\/gioppoeconti.com.br\/blog\/wp-content\/uploads\/2025\/12\/verdict-9448861_1280-300x200.jpg 300w, https:\/\/gioppoeconti.com.br\/blog\/wp-content\/uploads\/2025\/12\/verdict-9448861_1280-1024x682.jpg 1024w, https:\/\/gioppoeconti.com.br\/blog\/wp-content\/uploads\/2025\/12\/verdict-9448861_1280-930x620.jpg 930w, https:\/\/gioppoeconti.com.br\/blog\/wp-content\/uploads\/2025\/12\/verdict-9448861_1280.jpg 1280w\" sizes=\"(max-width: 768px) 100vw, 768px\" \/><\/div><\/a>\n\t\t\t\t<div class=\"elementor-post__badge\">Cidadania Italiana<\/div>\n\t\t\t\t<div class=\"elementor-post__text\">\n\t\t\t\t<h1 class=\"elementor-post__title\">\n\t\t\t<a href=\"https:\/\/gioppoeconti.com.br\/blog\/retroatividade-decreto-cidadania-italiana\/\" >\n\t\t\t\tDuas senten\u00e7as italianas desmontam a retroatividade do \u2018Decreto da Vergonha&#8217;\t\t\t<\/a>\n\t\t<\/h1>\n\t\t\t\t<div class=\"elementor-post__excerpt\">\n\t\t\t<p>Recentes decis\u00f5es dos Tribunais de G\u00eanova e Mil\u00e3o refor\u00e7am um entendimento relevante sobre o chamado Decreto da Vergonha (Decreto-Lei 36\/2025).As cortes analisaram processos de cidadania<\/p>\n\t\t<\/div>\n\t\t\n\t\t<a class=\"elementor-post__read-more\" href=\"https:\/\/gioppoeconti.com.br\/blog\/retroatividade-decreto-cidadania-italiana\/\" aria-label=\"Read more about Duas senten\u00e7as italianas desmontam a retroatividade do \u2018Decreto da Vergonha&#8217;\" tabindex=\"-1\" >\n\t\t\tSaiba mais\t\t<\/a>\n\n\t\t\t\t<\/div>\n\t\t\t\t\t<\/div>\n\t\t<\/article>\n\t\t\t\t<article class=\"elementor-post elementor-grid-item post-6585 post type-post status-publish format-standard has-post-thumbnail hentry category-cidadania-italiana tag-cidadania tag-cidadania-italiana tag-decreto tag-novas-regras\" role=\"listitem\">\n\t\t\t<div class=\"elementor-post__card\">\n\t\t\t\t<a class=\"elementor-post__thumbnail__link\" href=\"https:\/\/gioppoeconti.com.br\/blog\/julgamento-marco-decreto-da-vergonha\/\" tabindex=\"-1\" ><div class=\"elementor-post__thumbnail\"><img loading=\"lazy\" decoding=\"async\" width=\"768\" height=\"768\" src=\"https:\/\/gioppoeconti.com.br\/blog\/wp-content\/uploads\/2025\/12\/signature-8803705_1280-768x768.png\" class=\"attachment-medium_large size-medium_large wp-image-6586\" alt=\"\" srcset=\"https:\/\/gioppoeconti.com.br\/blog\/wp-content\/uploads\/2025\/12\/signature-8803705_1280-768x768.png 768w, https:\/\/gioppoeconti.com.br\/blog\/wp-content\/uploads\/2025\/12\/signature-8803705_1280-300x300.png 300w, https:\/\/gioppoeconti.com.br\/blog\/wp-content\/uploads\/2025\/12\/signature-8803705_1280-1024x1024.png 1024w, https:\/\/gioppoeconti.com.br\/blog\/wp-content\/uploads\/2025\/12\/signature-8803705_1280-150x150.png 150w, https:\/\/gioppoeconti.com.br\/blog\/wp-content\/uploads\/2025\/12\/signature-8803705_1280.png 1280w\" sizes=\"(max-width: 768px) 100vw, 768px\" \/><\/div><\/a>\n\t\t\t\t<div class=\"elementor-post__badge\">Cidadania Italiana<\/div>\n\t\t\t\t<div class=\"elementor-post__text\">\n\t\t\t\t<h1 class=\"elementor-post__title\">\n\t\t\t<a href=\"https:\/\/gioppoeconti.com.br\/blog\/julgamento-marco-decreto-da-vergonha\/\" >\n\t\t\t\tCorte Constitucional surpreende e marca para 11 de mar\u00e7o o julgamento do \u201cDecreto da Vergonha\u201d\t\t\t<\/a>\n\t\t<\/h1>\n\t\t\t\t<div class=\"elementor-post__excerpt\">\n\t\t\t<p>A Corte Constitucional da It\u00e1lia marcou para o dia 11 de mar\u00e7o de 2026, \u00e0s 9h30, a audi\u00eancia p\u00fablica que analisar\u00e1 a constitucionalidade do artigo<\/p>\n\t\t<\/div>\n\t\t\n\t\t<a class=\"elementor-post__read-more\" href=\"https:\/\/gioppoeconti.com.br\/blog\/julgamento-marco-decreto-da-vergonha\/\" aria-label=\"Read more about Corte Constitucional surpreende e marca para 11 de mar\u00e7o o julgamento do \u201cDecreto da Vergonha\u201d\" tabindex=\"-1\" >\n\t\t\tSaiba mais\t\t<\/a>\n\n\t\t\t\t<\/div>\n\t\t\t\t\t<\/div>\n\t\t<\/article>\n\t\t\t\t<article class=\"elementor-post elementor-grid-item post-6579 post type-post status-publish format-standard has-post-thumbnail hentry category-cidadania-italiana category-noticias tag-cidadania-europeia tag-cidadania-italiana tag-julgamento tag-milao tag-roma\" role=\"listitem\">\n\t\t\t<div class=\"elementor-post__card\">\n\t\t\t\t<a class=\"elementor-post__thumbnail__link\" href=\"https:\/\/gioppoeconti.com.br\/blog\/retomada-julgamento-roma-milao-novo-capitulo-cidadania-italiana\/\" tabindex=\"-1\" ><div class=\"elementor-post__thumbnail\"><img loading=\"lazy\" decoding=\"async\" width=\"768\" height=\"432\" src=\"https:\/\/gioppoeconti.com.br\/blog\/wp-content\/uploads\/2025\/11\/ai-generated-8749987_1280-768x432.png\" class=\"attachment-medium_large size-medium_large wp-image-6580\" alt=\"\" srcset=\"https:\/\/gioppoeconti.com.br\/blog\/wp-content\/uploads\/2025\/11\/ai-generated-8749987_1280-768x432.png 768w, https:\/\/gioppoeconti.com.br\/blog\/wp-content\/uploads\/2025\/11\/ai-generated-8749987_1280-300x169.png 300w, https:\/\/gioppoeconti.com.br\/blog\/wp-content\/uploads\/2025\/11\/ai-generated-8749987_1280-1024x576.png 1024w, https:\/\/gioppoeconti.com.br\/blog\/wp-content\/uploads\/2025\/11\/ai-generated-8749987_1280.png 1280w\" sizes=\"(max-width: 768px) 100vw, 768px\" \/><\/div><\/a>\n\t\t\t\t<div class=\"elementor-post__badge\">Cidadania Italiana<\/div>\n\t\t\t\t<div class=\"elementor-post__text\">\n\t\t\t\t<h1 class=\"elementor-post__title\">\n\t\t\t<a href=\"https:\/\/gioppoeconti.com.br\/blog\/retomada-julgamento-roma-milao-novo-capitulo-cidadania-italiana\/\" >\n\t\t\t\tA retomada dos julgamentos em Roma e Mil\u00e3o: um novo cap\u00edtulo para a cidadania italiana\t\t\t<\/a>\n\t\t<\/h1>\n\t\t\t\t<div class=\"elementor-post__excerpt\">\n\t\t\t<p>Os tribunais de Roma e Mil\u00e3o retomaram os julgamentos relativos aos processos de cidadania italiana por via judicial, ap\u00f3s meses de paralisa\u00e7\u00e3o. Essa retomada abre<\/p>\n\t\t<\/div>\n\t\t\n\t\t<a class=\"elementor-post__read-more\" href=\"https:\/\/gioppoeconti.com.br\/blog\/retomada-julgamento-roma-milao-novo-capitulo-cidadania-italiana\/\" aria-label=\"Read more about A retomada dos julgamentos em Roma e Mil\u00e3o: um novo cap\u00edtulo para a cidadania italiana\" tabindex=\"-1\" >\n\t\t\tSaiba mais\t\t<\/a>\n\n\t\t\t\t<\/div>\n\t\t\t\t\t<\/div>\n\t\t<\/article>\n\t\t\t\t<article class=\"elementor-post elementor-grid-item post-6574 post type-post status-publish format-standard has-post-thumbnail hentry category-cidadania-italiana tag-cidadania-europeia tag-cidadania-italiana tag-legalidade tag-lei tag-roma\" role=\"listitem\">\n\t\t\t<div class=\"elementor-post__card\">\n\t\t\t\t<a class=\"elementor-post__thumbnail__link\" href=\"https:\/\/gioppoeconti.com.br\/blog\/tribunal-roma-analisa-legalidade-cidadania-beneficio-lei\/\" tabindex=\"-1\" ><div class=\"elementor-post__thumbnail\"><img loading=\"lazy\" decoding=\"async\" width=\"768\" height=\"467\" src=\"https:\/\/gioppoeconti.com.br\/blog\/wp-content\/uploads\/2025\/11\/ai-generated-8239428_1280-1-768x467.jpg\" class=\"attachment-medium_large size-medium_large wp-image-6575\" alt=\"\" srcset=\"https:\/\/gioppoeconti.com.br\/blog\/wp-content\/uploads\/2025\/11\/ai-generated-8239428_1280-1-768x467.jpg 768w, https:\/\/gioppoeconti.com.br\/blog\/wp-content\/uploads\/2025\/11\/ai-generated-8239428_1280-1-300x182.jpg 300w, https:\/\/gioppoeconti.com.br\/blog\/wp-content\/uploads\/2025\/11\/ai-generated-8239428_1280-1-1024x622.jpg 1024w, https:\/\/gioppoeconti.com.br\/blog\/wp-content\/uploads\/2025\/11\/ai-generated-8239428_1280-1.jpg 1280w\" sizes=\"(max-width: 768px) 100vw, 768px\" \/><\/div><\/a>\n\t\t\t\t<div class=\"elementor-post__badge\">Cidadania Italiana<\/div>\n\t\t\t\t<div class=\"elementor-post__text\">\n\t\t\t\t<h1 class=\"elementor-post__title\">\n\t\t\t<a href=\"https:\/\/gioppoeconti.com.br\/blog\/tribunal-roma-analisa-legalidade-cidadania-beneficio-lei\/\" >\n\t\t\t\tTribunal em Roma analisa legalidade da \u201ccidadania por benef\u00edcio de lei\u201d\t\t\t<\/a>\n\t\t<\/h1>\n\t\t\t\t<div class=\"elementor-post__excerpt\">\n\t\t\t<p>O Tribunal Administrativo Regional do L\u00e1cio (TAR Lazio), em Roma, realizou uma audi\u00eancia para analisar a legalidade da circular n\u00ba 26185, emitida pelo Minist\u00e9rio do<\/p>\n\t\t<\/div>\n\t\t\n\t\t<a class=\"elementor-post__read-more\" href=\"https:\/\/gioppoeconti.com.br\/blog\/tribunal-roma-analisa-legalidade-cidadania-beneficio-lei\/\" aria-label=\"Read more about Tribunal em Roma analisa legalidade da \u201ccidadania por benef\u00edcio de lei\u201d\" tabindex=\"-1\" >\n\t\t\tSaiba mais\t\t<\/a>\n\n\t\t\t\t<\/div>\n\t\t\t\t\t<\/div>\n\t\t<\/article>\n\t\t\t\t<article class=\"elementor-post elementor-grid-item post-6347 post type-post status-publish format-standard has-post-thumbnail hentry category-cidadania-portuguesa tag-cidadania tag-cidadania-portuguesa tag-duvida tag-lei tag-mudanca\" role=\"listitem\">\n\t\t\t<div class=\"elementor-post__card\">\n\t\t\t\t<a class=\"elementor-post__thumbnail__link\" href=\"https:\/\/gioppoeconti.com.br\/blog\/nova-lei-portuguesa-gera-duvida\/\" tabindex=\"-1\" ><div class=\"elementor-post__thumbnail\"><img loading=\"lazy\" decoding=\"async\" width=\"768\" height=\"511\" src=\"https:\/\/gioppoeconti.com.br\/blog\/wp-content\/uploads\/2025\/11\/flag-974482_1280-1-768x511.avif\" class=\"attachment-medium_large size-medium_large wp-image-6348\" alt=\"\" srcset=\"https:\/\/gioppoeconti.com.br\/blog\/wp-content\/uploads\/2025\/11\/flag-974482_1280-1-768x511.avif 768w, https:\/\/gioppoeconti.com.br\/blog\/wp-content\/uploads\/2025\/11\/flag-974482_1280-1-300x199.avif 300w, https:\/\/gioppoeconti.com.br\/blog\/wp-content\/uploads\/2025\/11\/flag-974482_1280-1-1024x681.avif 1024w, https:\/\/gioppoeconti.com.br\/blog\/wp-content\/uploads\/2025\/11\/flag-974482_1280-1.avif 1280w\" sizes=\"(max-width: 768px) 100vw, 768px\" \/><\/div><\/a>\n\t\t\t\t<div class=\"elementor-post__badge\">Cidadania Portuguesa<\/div>\n\t\t\t\t<div class=\"elementor-post__text\">\n\t\t\t\t<h1 class=\"elementor-post__title\">\n\t\t\t<a href=\"https:\/\/gioppoeconti.com.br\/blog\/nova-lei-portuguesa-gera-duvida\/\" >\n\t\t\t\tMudan\u00e7as na lei portuguesa geram d\u00favidas\t\t\t<\/a>\n\t\t<\/h1>\n\t\t\t\t<div class=\"elementor-post__excerpt\">\n\t\t\t<p>Mas nada muda para quem tem cidadania por sangue Nos \u00faltimos dias, o Parlamento de Portugal aprovou um conjunto de mudan\u00e7as que alteram as regras<\/p>\n\t\t<\/div>\n\t\t\n\t\t<a class=\"elementor-post__read-more\" href=\"https:\/\/gioppoeconti.com.br\/blog\/nova-lei-portuguesa-gera-duvida\/\" aria-label=\"Read more about Mudan\u00e7as na lei portuguesa geram d\u00favidas\" tabindex=\"-1\" >\n\t\t\tSaiba mais\t\t<\/a>\n\n\t\t\t\t<\/div>\n\t\t\t\t\t<\/div>\n\t\t<\/article>\n\t\t\t\t<article class=\"elementor-post elementor-grid-item post-6261 post type-post status-publish format-standard has-post-thumbnail hentry category-cidadania-europeia category-noticias tag-cidadania tag-cidadania-europeia tag-eslovenia tag-espanha tag-hungria tag-polonia tag-portugal tag-qualidade-de-vida tag-viagem\" role=\"listitem\">\n\t\t\t<div class=\"elementor-post__card\">\n\t\t\t\t<a class=\"elementor-post__thumbnail__link\" href=\"https:\/\/gioppoeconti.com.br\/blog\/cidade-europeia-qualidade-vida\/\" tabindex=\"-1\" ><div class=\"elementor-post__thumbnail\"><img loading=\"lazy\" decoding=\"async\" width=\"768\" height=\"493\" src=\"https:\/\/gioppoeconti.com.br\/blog\/wp-content\/uploads\/2025\/10\/merry-christmas-5219496_1280-768x493.avif\" class=\"attachment-medium_large size-medium_large wp-image-6262\" alt=\"\" srcset=\"https:\/\/gioppoeconti.com.br\/blog\/wp-content\/uploads\/2025\/10\/merry-christmas-5219496_1280-768x493.avif 768w, https:\/\/gioppoeconti.com.br\/blog\/wp-content\/uploads\/2025\/10\/merry-christmas-5219496_1280-300x192.avif 300w, https:\/\/gioppoeconti.com.br\/blog\/wp-content\/uploads\/2025\/10\/merry-christmas-5219496_1280-1024x657.avif 1024w, https:\/\/gioppoeconti.com.br\/blog\/wp-content\/uploads\/2025\/10\/merry-christmas-5219496_1280.avif 1280w\" sizes=\"(max-width: 768px) 100vw, 768px\" \/><\/div><\/a>\n\t\t\t\t<div class=\"elementor-post__badge\">Cidadania Europeia<\/div>\n\t\t\t\t<div class=\"elementor-post__text\">\n\t\t\t\t<h1 class=\"elementor-post__title\">\n\t\t\t<a href=\"https:\/\/gioppoeconti.com.br\/blog\/cidade-europeia-qualidade-vida\/\" >\n\t\t\t\tTop 7 cidades europeias com excelente qualidade de vida\t\t\t<\/a>\n\t\t<\/h1>\n\t\t\t\t<div class=\"elementor-post__excerpt\">\n\t\t\t<p>Morar na Europa \u00e9 o sonho de muitos brasileiros e, com a cidadania europeia em m\u00e3os, essa possibilidade se torna muito mais real. No entanto,<\/p>\n\t\t<\/div>\n\t\t\n\t\t<a class=\"elementor-post__read-more\" href=\"https:\/\/gioppoeconti.com.br\/blog\/cidade-europeia-qualidade-vida\/\" aria-label=\"Read more about Top 7 cidades europeias com excelente qualidade de vida\" tabindex=\"-1\" >\n\t\t\tSaiba mais\t\t<\/a>\n\n\t\t\t\t<\/div>\n\t\t\t\t\t<\/div>\n\t\t<\/article>\n\t\t\t\t<article class=\"elementor-post elementor-grid-item post-6188 post type-post status-publish format-standard has-post-thumbnail hentry category-cidadania-europeia tag-cidadania tag-cidadania-europeia tag-em-alta tag-profissoes\" role=\"listitem\">\n\t\t\t<div class=\"elementor-post__card\">\n\t\t\t\t<a class=\"elementor-post__thumbnail__link\" href=\"https:\/\/gioppoeconti.com.br\/blog\/emprego-europa-cidadania-2025-profissoes\/\" tabindex=\"-1\" ><div class=\"elementor-post__thumbnail\"><img loading=\"lazy\" decoding=\"async\" width=\"768\" height=\"526\" src=\"https:\/\/gioppoeconti.com.br\/blog\/wp-content\/uploads\/2025\/10\/ai-generated-8818857_1280-768x526.avif\" class=\"attachment-medium_large size-medium_large wp-image-6189\" alt=\"\" srcset=\"https:\/\/gioppoeconti.com.br\/blog\/wp-content\/uploads\/2025\/10\/ai-generated-8818857_1280-768x526.avif 768w, https:\/\/gioppoeconti.com.br\/blog\/wp-content\/uploads\/2025\/10\/ai-generated-8818857_1280-300x205.avif 300w, https:\/\/gioppoeconti.com.br\/blog\/wp-content\/uploads\/2025\/10\/ai-generated-8818857_1280-1024x701.avif 1024w, https:\/\/gioppoeconti.com.br\/blog\/wp-content\/uploads\/2025\/10\/ai-generated-8818857_1280.avif 1280w\" sizes=\"(max-width: 768px) 100vw, 768px\" \/><\/div><\/a>\n\t\t\t\t<div class=\"elementor-post__badge\">Cidadania Europeia<\/div>\n\t\t\t\t<div class=\"elementor-post__text\">\n\t\t\t\t<h1 class=\"elementor-post__title\">\n\t\t\t<a href=\"https:\/\/gioppoeconti.com.br\/blog\/emprego-europa-cidadania-2025-profissoes\/\" >\n\t\t\t\tEmpregos em alta na Europa para quem tem cidadania europeia\t\t\t<\/a>\n\t\t<\/h1>\n\t\t\t\t<div class=\"elementor-post__excerpt\">\n\t\t\t<p>A cidadania europeia \u00e9 muito mais do que um passaporte bonito ela \u00e9 uma porta aberta para o mercado de trabalho internacional, com acesso legal,<\/p>\n\t\t<\/div>\n\t\t\n\t\t<a class=\"elementor-post__read-more\" href=\"https:\/\/gioppoeconti.com.br\/blog\/emprego-europa-cidadania-2025-profissoes\/\" aria-label=\"Read more about Empregos em alta na Europa para quem tem cidadania europeia\" tabindex=\"-1\" >\n\t\t\tSaiba mais\t\t<\/a>\n\n\t\t\t\t<\/div>\n\t\t\t\t\t<\/div>\n\t\t<\/article>\n\t\t\t\t<article class=\"elementor-post elementor-grid-item post-6104 post type-post status-publish format-standard has-post-thumbnail hentry category-cidadania-europeia tag-cidadania-europeia tag-europa tag-passaporte tag-viagem\" role=\"listitem\">\n\t\t\t<div class=\"elementor-post__card\">\n\t\t\t\t<a class=\"elementor-post__thumbnail__link\" href=\"https:\/\/gioppoeconti.com.br\/blog\/passaporte-europeu-checklist-viagem-europa\/\" tabindex=\"-1\" ><div class=\"elementor-post__thumbnail\"><img loading=\"lazy\" decoding=\"async\" width=\"768\" height=\"512\" src=\"https:\/\/gioppoeconti.com.br\/blog\/wp-content\/uploads\/2025\/10\/airport-2373727_1280-1-768x512.avif\" class=\"attachment-medium_large size-medium_large wp-image-6106\" alt=\"\" srcset=\"https:\/\/gioppoeconti.com.br\/blog\/wp-content\/uploads\/2025\/10\/airport-2373727_1280-1-768x512.avif 768w, https:\/\/gioppoeconti.com.br\/blog\/wp-content\/uploads\/2025\/10\/airport-2373727_1280-1-300x200.avif 300w, https:\/\/gioppoeconti.com.br\/blog\/wp-content\/uploads\/2025\/10\/airport-2373727_1280-1-1024x682.avif 1024w, https:\/\/gioppoeconti.com.br\/blog\/wp-content\/uploads\/2025\/10\/airport-2373727_1280-1.avif 1280w\" sizes=\"(max-width: 768px) 100vw, 768px\" \/><\/div><\/a>\n\t\t\t\t<div class=\"elementor-post__badge\">Cidadania Europeia<\/div>\n\t\t\t\t<div class=\"elementor-post__text\">\n\t\t\t\t<h1 class=\"elementor-post__title\">\n\t\t\t<a href=\"https:\/\/gioppoeconti.com.br\/blog\/passaporte-europeu-checklist-viagem-europa\/\" >\n\t\t\t\tPassaporte europeu nas m\u00e3os: checklist para sua primeira viagem \u00e0 Europa como cidad\u00e3o\t\t\t<\/a>\n\t\t<\/h1>\n\t\t\t\t<div class=\"elementor-post__excerpt\">\n\t\t\t<p>Conquistar a cidadania europeia \u00e9 uma grande vit\u00f3ria e com ela, vem o t\u00e3o desejado passaporte europeu. Para muitos, o pr\u00f3ximo passo \u00e9 viajar para<\/p>\n\t\t<\/div>\n\t\t\n\t\t<a class=\"elementor-post__read-more\" href=\"https:\/\/gioppoeconti.com.br\/blog\/passaporte-europeu-checklist-viagem-europa\/\" aria-label=\"Read more about Passaporte europeu nas m\u00e3os: checklist para sua primeira viagem \u00e0 Europa como cidad\u00e3o\" tabindex=\"-1\" >\n\t\t\tSaiba mais\t\t<\/a>\n\n\t\t\t\t<\/div>\n\t\t\t\t\t<\/div>\n\t\t<\/article>\n\t\t\t\t<article class=\"elementor-post elementor-grid-item post-5974 post type-post status-publish format-standard has-post-thumbnail hentry category-cidadania-europeia category-noticias tag-cidadania-europeia tag-europa tag-passaporte tag-viajar\" role=\"listitem\">\n\t\t\t<div class=\"elementor-post__card\">\n\t\t\t\t<a class=\"elementor-post__thumbnail__link\" href=\"https:\/\/gioppoeconti.com.br\/blog\/lugares-viajar-passaporte-europeu\/\" tabindex=\"-1\" ><div class=\"elementor-post__thumbnail\"><img loading=\"lazy\" decoding=\"async\" width=\"768\" height=\"512\" src=\"https:\/\/gioppoeconti.com.br\/blog\/wp-content\/uploads\/2025\/10\/plane-6511877_1280-768x512.avif\" class=\"attachment-medium_large size-medium_large wp-image-5975\" alt=\"\" srcset=\"https:\/\/gioppoeconti.com.br\/blog\/wp-content\/uploads\/2025\/10\/plane-6511877_1280-768x512.avif 768w, https:\/\/gioppoeconti.com.br\/blog\/wp-content\/uploads\/2025\/10\/plane-6511877_1280-300x200.avif 300w, https:\/\/gioppoeconti.com.br\/blog\/wp-content\/uploads\/2025\/10\/plane-6511877_1280-1024x682.avif 1024w, https:\/\/gioppoeconti.com.br\/blog\/wp-content\/uploads\/2025\/10\/plane-6511877_1280.avif 1280w\" sizes=\"(max-width: 768px) 100vw, 768px\" \/><\/div><\/a>\n\t\t\t\t<div class=\"elementor-post__badge\">Cidadania Europeia<\/div>\n\t\t\t\t<div class=\"elementor-post__text\">\n\t\t\t\t<h1 class=\"elementor-post__title\">\n\t\t\t<a href=\"https:\/\/gioppoeconti.com.br\/blog\/lugares-viajar-passaporte-europeu\/\" >\n\t\t\t\t5 lugares incr\u00edveis para viajar com seu passaporte europeu\u00a0\t\t\t<\/a>\n\t\t<\/h1>\n\t\t\t\t<div class=\"elementor-post__excerpt\">\n\t\t\t<p>Conquistar a cidadania europeia \u00e9 mais do que ter um documento bonito na carteira \u00e9 abrir as portas para o mundo. Com um passaporte europeu,<\/p>\n\t\t<\/div>\n\t\t\n\t\t<a class=\"elementor-post__read-more\" href=\"https:\/\/gioppoeconti.com.br\/blog\/lugares-viajar-passaporte-europeu\/\" aria-label=\"Read more about 5 lugares incr\u00edveis para viajar com seu passaporte europeu\u00a0\" tabindex=\"-1\" >\n\t\t\tSaiba mais\t\t<\/a>\n\n\t\t\t\t<\/div>\n\t\t\t\t\t<\/div>\n\t\t<\/article>\n\t\t\t\t<article class=\"elementor-post elementor-grid-item post-5904 post type-post status-publish format-standard has-post-thumbnail hentry category-cidadania-europeia category-cidadania-italiana category-cidadania-portuguesa category-noticias tag-cidadanai-espanhola tag-cidadania-europeia tag-cidadania-italiana tag-cidadania-portuguesa tag-historia\" role=\"listitem\">\n\t\t\t<div class=\"elementor-post__card\">\n\t\t\t\t<a class=\"elementor-post__thumbnail__link\" href=\"https:\/\/gioppoeconti.com.br\/blog\/cidadania-europeia-mergulho-historia\/\" tabindex=\"-1\" ><div class=\"elementor-post__thumbnail\"><img loading=\"lazy\" decoding=\"async\" width=\"768\" height=\"512\" src=\"https:\/\/gioppoeconti.com.br\/blog\/wp-content\/uploads\/2025\/09\/christmas-wallpaper-2906458_1280-768x512.avif\" class=\"attachment-medium_large size-medium_large wp-image-5905\" alt=\"\" srcset=\"https:\/\/gioppoeconti.com.br\/blog\/wp-content\/uploads\/2025\/09\/christmas-wallpaper-2906458_1280-768x512.avif 768w, https:\/\/gioppoeconti.com.br\/blog\/wp-content\/uploads\/2025\/09\/christmas-wallpaper-2906458_1280-300x200.avif 300w, https:\/\/gioppoeconti.com.br\/blog\/wp-content\/uploads\/2025\/09\/christmas-wallpaper-2906458_1280-1024x682.avif 1024w, https:\/\/gioppoeconti.com.br\/blog\/wp-content\/uploads\/2025\/09\/christmas-wallpaper-2906458_1280.avif 1280w\" sizes=\"(max-width: 768px) 100vw, 768px\" \/><\/div><\/a>\n\t\t\t\t<div class=\"elementor-post__badge\">Cidadania Europeia<\/div>\n\t\t\t\t<div class=\"elementor-post__text\">\n\t\t\t\t<h1 class=\"elementor-post__title\">\n\t\t\t<a href=\"https:\/\/gioppoeconti.com.br\/blog\/cidadania-europeia-mergulho-historia\/\" >\n\t\t\t\tCidadania Europeia: um mergulho na sua hist\u00f3ria\t\t\t<\/a>\n\t\t<\/h1>\n\t\t\t\t<div class=\"elementor-post__excerpt\">\n\t\t\t<p>Mais que um direito, um reencontro com suas origens e novas possibilidades Obter a cidadania europeia \u00e9 muito mais do que um processo burocr\u00e1tico \u00e9<\/p>\n\t\t<\/div>\n\t\t\n\t\t<a class=\"elementor-post__read-more\" href=\"https:\/\/gioppoeconti.com.br\/blog\/cidadania-europeia-mergulho-historia\/\" aria-label=\"Read more about Cidadania Europeia: um mergulho na sua hist\u00f3ria\" tabindex=\"-1\" >\n\t\t\tSaiba mais\t\t<\/a>\n\n\t\t\t\t<\/div>\n\t\t\t\t\t<\/div>\n\t\t<\/article>\n\t\t\t\t<article class=\"elementor-post elementor-grid-item post-5405 post type-post status-publish format-standard has-post-thumbnail hentry category-cidadania-italiana category-noticias tag-cidadania-italiana tag-constitucional tag-corte tag-decreto tag-tajani\" role=\"listitem\">\n\t\t\t<div class=\"elementor-post__card\">\n\t\t\t\t<a class=\"elementor-post__thumbnail__link\" href=\"https:\/\/gioppoeconti.com.br\/blog\/julgamento-decreto-tajani-corte-constitucional\/\" tabindex=\"-1\" ><div class=\"elementor-post__thumbnail\"><img loading=\"lazy\" decoding=\"async\" width=\"768\" height=\"514\" src=\"https:\/\/gioppoeconti.com.br\/blog\/wp-content\/uploads\/2025\/09\/italian-flag-2517228_1280-768x514.avif\" class=\"attachment-medium_large size-medium_large wp-image-5419\" alt=\"\" srcset=\"https:\/\/gioppoeconti.com.br\/blog\/wp-content\/uploads\/2025\/09\/italian-flag-2517228_1280-768x514.avif 768w, https:\/\/gioppoeconti.com.br\/blog\/wp-content\/uploads\/2025\/09\/italian-flag-2517228_1280-300x201.avif 300w, https:\/\/gioppoeconti.com.br\/blog\/wp-content\/uploads\/2025\/09\/italian-flag-2517228_1280-1024x686.avif 1024w, https:\/\/gioppoeconti.com.br\/blog\/wp-content\/uploads\/2025\/09\/italian-flag-2517228_1280.avif 1280w\" sizes=\"(max-width: 768px) 100vw, 768px\" \/><\/div><\/a>\n\t\t\t\t<div class=\"elementor-post__badge\">Cidadania Italiana<\/div>\n\t\t\t\t<div class=\"elementor-post__text\">\n\t\t\t\t<h1 class=\"elementor-post__title\">\n\t\t\t<a href=\"https:\/\/gioppoeconti.com.br\/blog\/julgamento-decreto-tajani-corte-constitucional\/\" >\n\t\t\t\tCome\u00e7a o julgamento que pode derrubar o Decreto Tajani na Corte Constitucional\t\t\t<\/a>\n\t\t<\/h1>\n\t\t\t\t<div class=\"elementor-post__excerpt\">\n\t\t\t<p>Italianismo 18\/09\/2025 [\u2026]\u00a0A publica\u00e7\u00e3o da senten\u00e7a do Tribunal de Turim na Gazzetta Ufficiale, nesta quarta-feira (17), marca oficialmente o in\u00edcio do julgamento sobre a constitucionalidade<\/p>\n\t\t<\/div>\n\t\t\n\t\t<a class=\"elementor-post__read-more\" href=\"https:\/\/gioppoeconti.com.br\/blog\/julgamento-decreto-tajani-corte-constitucional\/\" aria-label=\"Read more about Come\u00e7a o julgamento que pode derrubar o Decreto Tajani na Corte Constitucional\" tabindex=\"-1\" >\n\t\t\tSaiba mais\t\t<\/a>\n\n\t\t\t\t<\/div>\n\t\t\t\t\t<\/div>\n\t\t<\/article>\n\t\t\t\t<article class=\"elementor-post elementor-grid-item post-5312 post type-post status-publish format-standard has-post-thumbnail hentry category-cidadania-europeia category-noticias tag-cidadania-europeia tag-diferentes tag-documentos tag-nomes\" role=\"listitem\">\n\t\t\t<div class=\"elementor-post__card\">\n\t\t\t\t<a class=\"elementor-post__thumbnail__link\" href=\"https:\/\/gioppoeconti.com.br\/blog\/tirar-cidadania-europeia-nome-diferente-documento\/\" tabindex=\"-1\" ><div class=\"elementor-post__thumbnail\"><img loading=\"lazy\" decoding=\"async\" width=\"768\" height=\"467\" src=\"https:\/\/gioppoeconti.com.br\/blog\/wp-content\/uploads\/2025\/09\/ai-generated-8239428_1280-768x467.avif\" class=\"attachment-medium_large size-medium_large wp-image-5318\" alt=\"\" srcset=\"https:\/\/gioppoeconti.com.br\/blog\/wp-content\/uploads\/2025\/09\/ai-generated-8239428_1280-768x467.avif 768w, https:\/\/gioppoeconti.com.br\/blog\/wp-content\/uploads\/2025\/09\/ai-generated-8239428_1280-300x182.avif 300w, https:\/\/gioppoeconti.com.br\/blog\/wp-content\/uploads\/2025\/09\/ai-generated-8239428_1280-1024x622.avif 1024w, https:\/\/gioppoeconti.com.br\/blog\/wp-content\/uploads\/2025\/09\/ai-generated-8239428_1280.avif 1280w\" sizes=\"(max-width: 768px) 100vw, 768px\" \/><\/div><\/a>\n\t\t\t\t<div class=\"elementor-post__badge\">Cidadania Europeia<\/div>\n\t\t\t\t<div class=\"elementor-post__text\">\n\t\t\t\t<h1 class=\"elementor-post__title\">\n\t\t\t<a href=\"https:\/\/gioppoeconti.com.br\/blog\/tirar-cidadania-europeia-nome-diferente-documento\/\" >\n\t\t\t\tD\u00e1 para tirar cidadania europeia com nome diferente nos documentos?\t\t\t<\/a>\n\t\t<\/h1>\n\t\t\t\t<div class=\"elementor-post__excerpt\">\n\t\t\t<p>Entenda como diverg\u00eancias em nomes e datas podem impactar seu processo de cidadania Se voc\u00ea j\u00e1 iniciou a organiza\u00e7\u00e3o dos documentos para seu processo de<\/p>\n\t\t<\/div>\n\t\t\n\t\t<a class=\"elementor-post__read-more\" href=\"https:\/\/gioppoeconti.com.br\/blog\/tirar-cidadania-europeia-nome-diferente-documento\/\" aria-label=\"Read more about D\u00e1 para tirar cidadania europeia com nome diferente nos documentos?\" tabindex=\"-1\" >\n\t\t\tSaiba mais\t\t<\/a>\n\n\t\t\t\t<\/div>\n\t\t\t\t\t<\/div>\n\t\t<\/article>\n\t\t\t\t<article class=\"elementor-post elementor-grid-item post-5031 post type-post status-publish format-standard has-post-thumbnail hentry category-cidadania-europeia category-noticias tag-cidadania-europeia tag-cidadania-italiana tag-direitos tag-documentos tag-nomes\" role=\"listitem\">\n\t\t\t<div class=\"elementor-post__card\">\n\t\t\t\t<a class=\"elementor-post__thumbnail__link\" href=\"https:\/\/gioppoeconti.com.br\/blog\/cidadania-europeia-descubra-origem-direitos\/\" tabindex=\"-1\" ><div class=\"elementor-post__thumbnail\"><img loading=\"lazy\" decoding=\"async\" width=\"768\" height=\"470\" src=\"https:\/\/gioppoeconti.com.br\/blog\/wp-content\/uploads\/2025\/09\/paper-623167_1280-768x470.avif\" class=\"attachment-medium_large size-medium_large wp-image-5032\" alt=\"\" srcset=\"https:\/\/gioppoeconti.com.br\/blog\/wp-content\/uploads\/2025\/09\/paper-623167_1280-768x470.avif 768w, https:\/\/gioppoeconti.com.br\/blog\/wp-content\/uploads\/2025\/09\/paper-623167_1280-300x184.avif 300w, https:\/\/gioppoeconti.com.br\/blog\/wp-content\/uploads\/2025\/09\/paper-623167_1280-1024x626.avif 1024w, https:\/\/gioppoeconti.com.br\/blog\/wp-content\/uploads\/2025\/09\/paper-623167_1280.avif 1280w\" sizes=\"(max-width: 768px) 100vw, 768px\" \/><\/div><\/a>\n\t\t\t\t<div class=\"elementor-post__badge\">Cidadania Europeia<\/div>\n\t\t\t\t<div class=\"elementor-post__text\">\n\t\t\t\t<h1 class=\"elementor-post__title\">\n\t\t\t<a href=\"https:\/\/gioppoeconti.com.br\/blog\/cidadania-europeia-descubra-origem-direitos\/\" >\n\t\t\t\tD\u00e1 para tirar cidadania europeia com nome diferente nos documentos?\t\t\t<\/a>\n\t\t<\/h1>\n\t\t\t\t<div class=\"elementor-post__excerpt\">\n\t\t\t<p>Entenda como diverg\u00eancias em nomes e datas podem impactar seu processo de cidadania Se voc\u00ea j\u00e1 iniciou a organiza\u00e7\u00e3o dos documentos para seu processo de<\/p>\n\t\t<\/div>\n\t\t\n\t\t<a class=\"elementor-post__read-more\" href=\"https:\/\/gioppoeconti.com.br\/blog\/cidadania-europeia-descubra-origem-direitos\/\" aria-label=\"Read more about D\u00e1 para tirar cidadania europeia com nome diferente nos documentos?\" tabindex=\"-1\" >\n\t\t\tSaiba mais\t\t<\/a>\n\n\t\t\t\t<\/div>\n\t\t\t\t\t<\/div>\n\t\t<\/article>\n\t\t\t\t<article class=\"elementor-post elementor-grid-item post-4805 post type-post status-publish format-standard has-post-thumbnail hentry category-cidadania-europeia category-noticias tag-cidadania-europeia tag-custo tag-sonho tag-viagem\" role=\"listitem\">\n\t\t\t<div class=\"elementor-post__card\">\n\t\t\t\t<a class=\"elementor-post__thumbnail__link\" href=\"https:\/\/gioppoeconti.com.br\/blog\/sonho-cidadania-europeia\/\" tabindex=\"-1\" ><div class=\"elementor-post__thumbnail\"><img loading=\"lazy\" decoding=\"async\" width=\"768\" height=\"576\" src=\"https:\/\/gioppoeconti.com.br\/blog\/wp-content\/uploads\/2025\/09\/business-861325_1280-768x576.avif\" class=\"attachment-medium_large size-medium_large wp-image-4807\" alt=\"\" srcset=\"https:\/\/gioppoeconti.com.br\/blog\/wp-content\/uploads\/2025\/09\/business-861325_1280-768x576.avif 768w, https:\/\/gioppoeconti.com.br\/blog\/wp-content\/uploads\/2025\/09\/business-861325_1280-300x225.avif 300w, https:\/\/gioppoeconti.com.br\/blog\/wp-content\/uploads\/2025\/09\/business-861325_1280-1024x768.avif 1024w, https:\/\/gioppoeconti.com.br\/blog\/wp-content\/uploads\/2025\/09\/business-861325_1280.avif 1280w\" sizes=\"(max-width: 768px) 100vw, 768px\" \/><\/div><\/a>\n\t\t\t\t<div class=\"elementor-post__badge\">Cidadania Europeia<\/div>\n\t\t\t\t<div class=\"elementor-post__text\">\n\t\t\t\t<h1 class=\"elementor-post__title\">\n\t\t\t<a href=\"https:\/\/gioppoeconti.com.br\/blog\/sonho-cidadania-europeia\/\" >\n\t\t\t\tQuanto custa realizar o sonho da cidadania europeia?\t\t\t<\/a>\n\t\t<\/h1>\n\t\t\t\t<div class=\"elementor-post__excerpt\">\n\t\t\t<p>Entenda os custos e valores envolvidos no processo de cidadania europeia Talvez o seu sonho de obter a cidadania europeia tenha come\u00e7ado com uma hist\u00f3ria<\/p>\n\t\t<\/div>\n\t\t\n\t\t<a class=\"elementor-post__read-more\" href=\"https:\/\/gioppoeconti.com.br\/blog\/sonho-cidadania-europeia\/\" aria-label=\"Read more about Quanto custa realizar o sonho da cidadania europeia?\" tabindex=\"-1\" >\n\t\t\tSaiba mais\t\t<\/a>\n\n\t\t\t\t<\/div>\n\t\t\t\t\t<\/div>\n\t\t<\/article>\n\t\t\t\t<article class=\"elementor-post elementor-grid-item post-4513 post type-post status-publish format-standard has-post-thumbnail hentry category-cidadania-europeia tag-beneficios tag-cidadania-europeia tag-dupla-cidadania tag-educacao tag-trabalho tag-viagem\" role=\"listitem\">\n\t\t\t<div class=\"elementor-post__card\">\n\t\t\t\t<a class=\"elementor-post__thumbnail__link\" href=\"https:\/\/gioppoeconti.com.br\/blog\/cidadania-europeia-beneficios-transformam-vida\/\" tabindex=\"-1\" ><div class=\"elementor-post__thumbnail\"><img loading=\"lazy\" decoding=\"async\" width=\"768\" height=\"527\" src=\"https:\/\/gioppoeconti.com.br\/blog\/wp-content\/uploads\/2025\/08\/airport-1822133_1280-768x527.jpg\" class=\"attachment-medium_large size-medium_large wp-image-4514\" alt=\"\" srcset=\"https:\/\/gioppoeconti.com.br\/blog\/wp-content\/uploads\/2025\/08\/airport-1822133_1280-768x527.jpg 768w, https:\/\/gioppoeconti.com.br\/blog\/wp-content\/uploads\/2025\/08\/airport-1822133_1280-300x206.jpg 300w, https:\/\/gioppoeconti.com.br\/blog\/wp-content\/uploads\/2025\/08\/airport-1822133_1280-1024x702.jpg 1024w, https:\/\/gioppoeconti.com.br\/blog\/wp-content\/uploads\/2025\/08\/airport-1822133_1280.jpg 1280w\" sizes=\"(max-width: 768px) 100vw, 768px\" \/><\/div><\/a>\n\t\t\t\t<div class=\"elementor-post__badge\">Cidadania Europeia<\/div>\n\t\t\t\t<div class=\"elementor-post__text\">\n\t\t\t\t<h1 class=\"elementor-post__title\">\n\t\t\t<a href=\"https:\/\/gioppoeconti.com.br\/blog\/cidadania-europeia-beneficios-transformam-vida\/\" >\n\t\t\t\t\u00a0Por que ter uma cidadania europeia? Benef\u00edcios que transformam sua vida\t\t\t<\/a>\n\t\t<\/h1>\n\t\t\t\t<div class=\"elementor-post__excerpt\">\n\t\t\t<p>Ter uma cidadania europeia vai muito al\u00e9m de um passaporte diferente. Ela representa liberdade, oportunidades e seguran\u00e7a para voc\u00ea e sua fam\u00edlia. Com a cidadania<\/p>\n\t\t<\/div>\n\t\t\n\t\t<a class=\"elementor-post__read-more\" href=\"https:\/\/gioppoeconti.com.br\/blog\/cidadania-europeia-beneficios-transformam-vida\/\" aria-label=\"Read more about \u00a0Por que ter uma cidadania europeia? Benef\u00edcios que transformam sua vida\" tabindex=\"-1\" >\n\t\t\tSaiba mais\t\t<\/a>\n\n\t\t\t\t<\/div>\n\t\t\t\t\t<\/div>\n\t\t<\/article>\n\t\t\t\t<article class=\"elementor-post elementor-grid-item post-4505 post type-post status-publish format-standard has-post-thumbnail hentry category-cidadania-europeia tag-cidadania tag-cidadania-europeia tag-cidadania-italiana tag-direito tag-italia\" role=\"listitem\">\n\t\t\t<div class=\"elementor-post__card\">\n\t\t\t\t<a class=\"elementor-post__thumbnail__link\" href=\"https:\/\/gioppoeconti.com.br\/blog\/cidadania-italiana-direito-como-solicitar\/\" tabindex=\"-1\" ><div class=\"elementor-post__thumbnail\"><img loading=\"lazy\" decoding=\"async\" width=\"768\" height=\"512\" src=\"https:\/\/gioppoeconti.com.br\/blog\/wp-content\/uploads\/2025\/08\/man-5806013_1280-768x512.jpg\" class=\"attachment-medium_large size-medium_large wp-image-4509\" alt=\"\" srcset=\"https:\/\/gioppoeconti.com.br\/blog\/wp-content\/uploads\/2025\/08\/man-5806013_1280-768x512.jpg 768w, https:\/\/gioppoeconti.com.br\/blog\/wp-content\/uploads\/2025\/08\/man-5806013_1280-300x200.jpg 300w, https:\/\/gioppoeconti.com.br\/blog\/wp-content\/uploads\/2025\/08\/man-5806013_1280-1024x682.jpg 1024w, https:\/\/gioppoeconti.com.br\/blog\/wp-content\/uploads\/2025\/08\/man-5806013_1280.jpg 1280w\" sizes=\"(max-width: 768px) 100vw, 768px\" \/><\/div><\/a>\n\t\t\t\t<div class=\"elementor-post__badge\">Cidadania Europeia<\/div>\n\t\t\t\t<div class=\"elementor-post__text\">\n\t\t\t\t<h1 class=\"elementor-post__title\">\n\t\t\t<a href=\"https:\/\/gioppoeconti.com.br\/blog\/cidadania-italiana-direito-como-solicitar\/\" >\n\t\t\t\t\u00a0Cidadania Italiana, quem tem direito e como solicitar\t\t\t<\/a>\n\t\t<\/h1>\n\t\t\t\t<div class=\"elementor-post__excerpt\">\n\t\t\t<p>&nbsp;Descubra se voc\u00ea tem direito \u00e0 cidadania italiana e saiba como iniciar seu processo. Entenda os caminhos poss\u00edveis e os documentos necess\u00e1rios. Conte\u00fado: Voc\u00ea sabia<\/p>\n\t\t<\/div>\n\t\t\n\t\t<a class=\"elementor-post__read-more\" href=\"https:\/\/gioppoeconti.com.br\/blog\/cidadania-italiana-direito-como-solicitar\/\" aria-label=\"Read more about \u00a0Cidadania Italiana, quem tem direito e como solicitar\" tabindex=\"-1\" >\n\t\t\tSaiba mais\t\t<\/a>\n\n\t\t\t\t<\/div>\n\t\t\t\t\t<\/div>\n\t\t<\/article>\n\t\t\t\t<article class=\"elementor-post elementor-grid-item post-3999 post type-post status-publish format-standard has-post-thumbnail hentry category-cidadania-italiana tag-cidadania-italiana tag-decreto tag-tarjani\" role=\"listitem\">\n\t\t\t<div class=\"elementor-post__card\">\n\t\t\t\t<a class=\"elementor-post__thumbnail__link\" href=\"https:\/\/gioppoeconti.com.br\/blog\/o-que-muda-com-decreto\/\" tabindex=\"-1\" ><div class=\"elementor-post__thumbnail\"><img loading=\"lazy\" decoding=\"async\" width=\"768\" height=\"512\" src=\"https:\/\/gioppoeconti.com.br\/blog\/wp-content\/uploads\/2025\/08\/000-1jn32u-768x512.webp\" class=\"attachment-medium_large size-medium_large wp-image-6199\" alt=\"\" srcset=\"https:\/\/gioppoeconti.com.br\/blog\/wp-content\/uploads\/2025\/08\/000-1jn32u-768x512.webp 768w, https:\/\/gioppoeconti.com.br\/blog\/wp-content\/uploads\/2025\/08\/000-1jn32u-300x200.webp 300w, https:\/\/gioppoeconti.com.br\/blog\/wp-content\/uploads\/2025\/08\/000-1jn32u.webp 1008w\" sizes=\"(max-width: 768px) 100vw, 768px\" \/><\/div><\/a>\n\t\t\t\t<div class=\"elementor-post__badge\">Cidadania Italiana<\/div>\n\t\t\t\t<div class=\"elementor-post__text\">\n\t\t\t\t<h1 class=\"elementor-post__title\">\n\t\t\t<a href=\"https:\/\/gioppoeconti.com.br\/blog\/o-que-muda-com-decreto\/\" >\n\t\t\t\tO que muda na cidadania italiana com o Decreto 36\/25?\t\t\t<\/a>\n\t\t<\/h1>\n\t\t\t\t<div class=\"elementor-post__excerpt\">\n\t\t\t<p>A aprova\u00e7\u00e3o do Decreto-Lei 36\/25 na It\u00e1lia gerou muitas d\u00favidas entre os descendentes de italianos que sonham com o reconhecimento da cidadania italiana. Apesar do<\/p>\n\t\t<\/div>\n\t\t\n\t\t<a class=\"elementor-post__read-more\" href=\"https:\/\/gioppoeconti.com.br\/blog\/o-que-muda-com-decreto\/\" aria-label=\"Read more about O que muda na cidadania italiana com o Decreto 36\/25?\" tabindex=\"-1\" >\n\t\t\tSaiba mais\t\t<\/a>\n\n\t\t\t\t<\/div>\n\t\t\t\t\t<\/div>\n\t\t<\/article>\n\t\t\t\t<article class=\"elementor-post elementor-grid-item post-3996 post type-post status-publish format-standard has-post-thumbnail hentry category-cidadania-europeia tag-cidadania-europeia tag-europa tag-viagens\" role=\"listitem\">\n\t\t\t<div class=\"elementor-post__card\">\n\t\t\t\t<a class=\"elementor-post__thumbnail__link\" href=\"https:\/\/gioppoeconti.com.br\/blog\/beneficios-cidadania-europeia\/\" tabindex=\"-1\" ><div class=\"elementor-post__thumbnail\"><img loading=\"lazy\" decoding=\"async\" width=\"768\" height=\"513\" src=\"https:\/\/gioppoeconti.com.br\/blog\/wp-content\/uploads\/2025\/08\/woman-traveling-in-antwerpen-city-belgium-2025-03-13-08-19-05-utc-scaled-1-768x513.jpg\" class=\"attachment-medium_large size-medium_large wp-image-3997\" alt=\"\" srcset=\"https:\/\/gioppoeconti.com.br\/blog\/wp-content\/uploads\/2025\/08\/woman-traveling-in-antwerpen-city-belgium-2025-03-13-08-19-05-utc-scaled-1-768x513.jpg 768w, https:\/\/gioppoeconti.com.br\/blog\/wp-content\/uploads\/2025\/08\/woman-traveling-in-antwerpen-city-belgium-2025-03-13-08-19-05-utc-scaled-1-300x200.jpg 300w, https:\/\/gioppoeconti.com.br\/blog\/wp-content\/uploads\/2025\/08\/woman-traveling-in-antwerpen-city-belgium-2025-03-13-08-19-05-utc-scaled-1-1024x684.jpg 1024w, https:\/\/gioppoeconti.com.br\/blog\/wp-content\/uploads\/2025\/08\/woman-traveling-in-antwerpen-city-belgium-2025-03-13-08-19-05-utc-scaled-1-1536x1025.jpg 1536w, https:\/\/gioppoeconti.com.br\/blog\/wp-content\/uploads\/2025\/08\/woman-traveling-in-antwerpen-city-belgium-2025-03-13-08-19-05-utc-scaled-1-2048x1367.jpg 2048w\" sizes=\"(max-width: 768px) 100vw, 768px\" \/><\/div><\/a>\n\t\t\t\t<div class=\"elementor-post__badge\">Cidadania Europeia<\/div>\n\t\t\t\t<div class=\"elementor-post__text\">\n\t\t\t\t<h1 class=\"elementor-post__title\">\n\t\t\t<a href=\"https:\/\/gioppoeconti.com.br\/blog\/beneficios-cidadania-europeia\/\" >\n\t\t\t\tBenef\u00edcios da cidadania europeia: conhe\u00e7a todas as vantagens\t\t\t<\/a>\n\t\t<\/h1>\n\t\t\t\t<div class=\"elementor-post__excerpt\">\n\t\t\t<p>Ter uma cidadania europeia vai muito al\u00e9m de um passaporte diferente. Ela representa liberdade, oportunidades e seguran\u00e7a para voc\u00ea e sua fam\u00edlia. Com a cidadania<\/p>\n\t\t<\/div>\n\t\t\n\t\t<a class=\"elementor-post__read-more\" href=\"https:\/\/gioppoeconti.com.br\/blog\/beneficios-cidadania-europeia\/\" aria-label=\"Read more about Benef\u00edcios da cidadania europeia: conhe\u00e7a todas as vantagens\" tabindex=\"-1\" >\n\t\t\tSaiba mais\t\t<\/a>\n\n\t\t\t\t<\/div>\n\t\t\t\t\t<\/div>\n\t\t<\/article>\n\t\t\t\t<article class=\"elementor-post elementor-grid-item post-3992 post type-post status-publish format-standard has-post-thumbnail hentry category-cidadania-portuguesa tag-cidadania-portuguesa tag-portugal\" role=\"listitem\">\n\t\t\t<div class=\"elementor-post__card\">\n\t\t\t\t<a class=\"elementor-post__thumbnail__link\" href=\"https:\/\/gioppoeconti.com.br\/blog\/cidadania-portuguesa-quem-tem-direito-2\/\" tabindex=\"-1\" ><div class=\"elementor-post__thumbnail\"><img loading=\"lazy\" decoding=\"async\" width=\"768\" height=\"513\" src=\"https:\/\/gioppoeconti.com.br\/blog\/wp-content\/uploads\/2025\/08\/woman-traveling-in-lisbon-portugal-2025-03-13-02-10-04-utc-scaled-1-768x513.jpg\" class=\"attachment-medium_large size-medium_large wp-image-3993\" alt=\"\" srcset=\"https:\/\/gioppoeconti.com.br\/blog\/wp-content\/uploads\/2025\/08\/woman-traveling-in-lisbon-portugal-2025-03-13-02-10-04-utc-scaled-1-768x513.jpg 768w, https:\/\/gioppoeconti.com.br\/blog\/wp-content\/uploads\/2025\/08\/woman-traveling-in-lisbon-portugal-2025-03-13-02-10-04-utc-scaled-1-300x200.jpg 300w, https:\/\/gioppoeconti.com.br\/blog\/wp-content\/uploads\/2025\/08\/woman-traveling-in-lisbon-portugal-2025-03-13-02-10-04-utc-scaled-1-1024x684.jpg 1024w, https:\/\/gioppoeconti.com.br\/blog\/wp-content\/uploads\/2025\/08\/woman-traveling-in-lisbon-portugal-2025-03-13-02-10-04-utc-scaled-1-1536x1025.jpg 1536w, https:\/\/gioppoeconti.com.br\/blog\/wp-content\/uploads\/2025\/08\/woman-traveling-in-lisbon-portugal-2025-03-13-02-10-04-utc-scaled-1-2048x1367.jpg 2048w\" sizes=\"(max-width: 768px) 100vw, 768px\" \/><\/div><\/a>\n\t\t\t\t<div class=\"elementor-post__badge\">Cidadania Portuguesa<\/div>\n\t\t\t\t<div class=\"elementor-post__text\">\n\t\t\t\t<h1 class=\"elementor-post__title\">\n\t\t\t<a href=\"https:\/\/gioppoeconti.com.br\/blog\/cidadania-portuguesa-quem-tem-direito-2\/\" >\n\t\t\t\tCidadania Portuguesa: saiba quem tem direito e como conseguir\t\t\t<\/a>\n\t\t<\/h1>\n\t\t\t\t<div class=\"elementor-post__excerpt\">\n\t\t\t<p>A cidadania portuguesa tem se tornado uma das mais procuradas por brasileiros, e se voc\u00ea tem um ascendente portugu\u00eas, voc\u00ea pode conquistar sua cidadania. A<\/p>\n\t\t<\/div>\n\t\t\n\t\t<a class=\"elementor-post__read-more\" href=\"https:\/\/gioppoeconti.com.br\/blog\/cidadania-portuguesa-quem-tem-direito-2\/\" aria-label=\"Read more about Cidadania Portuguesa: saiba quem tem direito e como conseguir\" tabindex=\"-1\" >\n\t\t\tSaiba mais\t\t<\/a>\n\n\t\t\t\t<\/div>\n\t\t\t\t\t<\/div>\n\t\t<\/article>\n\t\t\t\t<\/div>\n\t\t\n\t\t\t\t\t\t<\/div>\n\t\t\t\t<\/div>\n\t\t\t\t\t<\/div>\n\t\t\t\t<\/div>\n\t\t\t\t<\/div>\n\t\t","protected":false},"excerpt":{"rendered":"","protected":false},"author":1,"featured_media":0,"parent":0,"menu_order":0,"comment_status":"closed","ping_status":"closed","template":"page-templates\/template-pagebuilder-full-width.php","meta":{"neve_meta_sidebar":"","neve_meta_container":"","neve_meta_enable_content_width":"","neve_meta_content_width":0,"neve_meta_title_alignment":"","neve_meta_author_avatar":"","neve_post_elements_order":"","neve_meta_disable_header":"","neve_meta_disable_footer":"","neve_meta_disable_title":"","footnotes":""},"class_list":["post-6665","page","type-page","status-publish","hentry"],"yoast_head":"<!-- This site is optimized with the Yoast SEO plugin v27.4 - https:\/\/yoast.com\/product\/yoast-seo-wordpress\/ -->\n<title>Institucional | Blog | Gioppo &amp; Conti - Blog<\/title>\n<meta name=\"robots\" content=\"index, follow, max-snippet:-1, max-image-preview:large, max-video-preview:-1\" \/>\n<link rel=\"canonical\" href=\"https:\/\/gioppoeconti.com.br\/blog\/\" \/>\n<meta property=\"og:locale\" content=\"pt_BR\" \/>\n<meta property=\"og:type\" content=\"article\" \/>\n<meta property=\"og:title\" content=\"Institucional | Blog | Gioppo &amp; Conti - Blog\" \/>\n<meta property=\"og:url\" content=\"https:\/\/gioppoeconti.com.br\/blog\/\" \/>\n<meta property=\"og:site_name\" content=\"Blog\" \/>\n<meta property=\"article:modified_time\" content=\"2026-03-16T15:11:13+00:00\" \/>\n<meta name=\"twitter:card\" content=\"summary_large_image\" \/>\n<meta name=\"twitter:label1\" content=\"Est. tempo de leitura\" \/>\n\t<meta name=\"twitter:data1\" content=\"26 minutos\" \/>\n<script type=\"application\/ld+json\" class=\"yoast-schema-graph\">{\"@context\":\"https:\\\/\\\/schema.org\",\"@graph\":[{\"@type\":\"WebPage\",\"@id\":\"https:\\\/\\\/gioppoeconti.com.br\\\/blog\\\/\",\"url\":\"https:\\\/\\\/gioppoeconti.com.br\\\/blog\\\/\",\"name\":\"Institucional | Blog | Gioppo & Conti - Blog\",\"isPartOf\":{\"@id\":\"https:\\\/\\\/gioppoeconti.com.br\\\/blog\\\/#website\"},\"datePublished\":\"2025-12-05T13:27:42+00:00\",\"dateModified\":\"2026-03-16T15:11:13+00:00\",\"breadcrumb\":{\"@id\":\"https:\\\/\\\/gioppoeconti.com.br\\\/blog\\\/#breadcrumb\"},\"inLanguage\":\"pt-BR\",\"potentialAction\":[{\"@type\":\"ReadAction\",\"target\":[\"https:\\\/\\\/gioppoeconti.com.br\\\/blog\\\/\"]}]},{\"@type\":\"BreadcrumbList\",\"@id\":\"https:\\\/\\\/gioppoeconti.com.br\\\/blog\\\/#breadcrumb\",\"itemListElement\":[{\"@type\":\"ListItem\",\"position\":1,\"name\":\"In\u00edcio\",\"item\":\"https:\\\/\\\/gioppoeconti.com.br\\\/blog\\\/\"},{\"@type\":\"ListItem\",\"position\":2,\"name\":\"Institucional | Blog | Gioppo &#038; Conti\"}]},{\"@type\":\"WebSite\",\"@id\":\"https:\\\/\\\/gioppoeconti.com.br\\\/blog\\\/#website\",\"url\":\"https:\\\/\\\/gioppoeconti.com.br\\\/blog\\\/\",\"name\":\"Blog\",\"description\":\"\",\"potentialAction\":[{\"@type\":\"SearchAction\",\"target\":{\"@type\":\"EntryPoint\",\"urlTemplate\":\"https:\\\/\\\/gioppoeconti.com.br\\\/blog\\\/?s={search_term_string}\"},\"query-input\":{\"@type\":\"PropertyValueSpecification\",\"valueRequired\":true,\"valueName\":\"search_term_string\"}}],\"inLanguage\":\"pt-BR\"}]}<\/script>\n<!-- \/ Yoast SEO plugin. -->","yoast_head_json":{"title":"Institucional | Blog | Gioppo & Conti - Blog","robots":{"index":"index","follow":"follow","max-snippet":"max-snippet:-1","max-image-preview":"max-image-preview:large","max-video-preview":"max-video-preview:-1"},"canonical":"https:\/\/gioppoeconti.com.br\/blog\/","og_locale":"pt_BR","og_type":"article","og_title":"Institucional | Blog | Gioppo & Conti - Blog","og_url":"https:\/\/gioppoeconti.com.br\/blog\/","og_site_name":"Blog","article_modified_time":"2026-03-16T15:11:13+00:00","twitter_card":"summary_large_image","twitter_misc":{"Est. tempo de leitura":"26 minutos"},"schema":{"@context":"https:\/\/schema.org","@graph":[{"@type":"WebPage","@id":"https:\/\/gioppoeconti.com.br\/blog\/","url":"https:\/\/gioppoeconti.com.br\/blog\/","name":"Institucional | Blog | Gioppo & Conti - Blog","isPartOf":{"@id":"https:\/\/gioppoeconti.com.br\/blog\/#website"},"datePublished":"2025-12-05T13:27:42+00:00","dateModified":"2026-03-16T15:11:13+00:00","breadcrumb":{"@id":"https:\/\/gioppoeconti.com.br\/blog\/#breadcrumb"},"inLanguage":"pt-BR","potentialAction":[{"@type":"ReadAction","target":["https:\/\/gioppoeconti.com.br\/blog\/"]}]},{"@type":"BreadcrumbList","@id":"https:\/\/gioppoeconti.com.br\/blog\/#breadcrumb","itemListElement":[{"@type":"ListItem","position":1,"name":"In\u00edcio","item":"https:\/\/gioppoeconti.com.br\/blog\/"},{"@type":"ListItem","position":2,"name":"Institucional | Blog | Gioppo &#038; Conti"}]},{"@type":"WebSite","@id":"https:\/\/gioppoeconti.com.br\/blog\/#website","url":"https:\/\/gioppoeconti.com.br\/blog\/","name":"Blog","description":"","potentialAction":[{"@type":"SearchAction","target":{"@type":"EntryPoint","urlTemplate":"https:\/\/gioppoeconti.com.br\/blog\/?s={search_term_string}"},"query-input":{"@type":"PropertyValueSpecification","valueRequired":true,"valueName":"search_term_string"}}],"inLanguage":"pt-BR"}]}},"_hostinger_reach_plugin_has_subscription_block":false,"_hostinger_reach_plugin_is_elementor":false,"_links":{"self":[{"href":"https:\/\/gioppoeconti.com.br\/blog\/wp-json\/wp\/v2\/pages\/6665","targetHints":{"allow":["GET"]}}],"collection":[{"href":"https:\/\/gioppoeconti.com.br\/blog\/wp-json\/wp\/v2\/pages"}],"about":[{"href":"https:\/\/gioppoeconti.com.br\/blog\/wp-json\/wp\/v2\/types\/page"}],"author":[{"embeddable":true,"href":"https:\/\/gioppoeconti.com.br\/blog\/wp-json\/wp\/v2\/users\/1"}],"replies":[{"embeddable":true,"href":"https:\/\/gioppoeconti.com.br\/blog\/wp-json\/wp\/v2\/comments?post=6665"}],"version-history":[{"count":18,"href":"https:\/\/gioppoeconti.com.br\/blog\/wp-json\/wp\/v2\/pages\/6665\/revisions"}],"predecessor-version":[{"id":6851,"href":"https:\/\/gioppoeconti.com.br\/blog\/wp-json\/wp\/v2\/pages\/6665\/revisions\/6851"}],"wp:attachment":[{"href":"https:\/\/gioppoeconti.com.br\/blog\/wp-json\/wp\/v2\/media?parent=6665"}],"curies":[{"name":"wp","href":"https:\/\/api.w.org\/{rel}","templated":true}]}}